{"id":5222,"date":"2022-08-29T18:24:19","date_gmt":"2022-08-29T18:24:19","guid":{"rendered":"http:\/\/www.sacs.gob.ve\/site\/?page_id=5222"},"modified":"2026-03-29T19:56:38","modified_gmt":"2026-03-29T19:56:38","slug":"noticias-2","status":"publish","type":"page","link":"http:\/\/www.sacs.gob.ve\/site\/noticias-2\/","title":{"rendered":"Noticias"},"content":{"rendered":"\t\t<div data-elementor-type=\"wp-page\" data-elementor-id=\"5222\" class=\"elementor elementor-5222\">\n\t\t\t\t\t\t<section class=\"elementor-section elementor-top-section elementor-element elementor-element-ead1ac4 elementor-section-full_width elementor-section-height-default elementor-section-height-default\" data-id=\"ead1ac4\" data-element_type=\"section\">\n\t\t\t\t\t\t<div class=\"elementor-container elementor-column-gap-default\">\n\t\t\t\t\t<div class=\"elementor-column elementor-col-100 elementor-top-column elementor-element elementor-element-cf8ee0b\" data-id=\"cf8ee0b\" data-element_type=\"column\">\n\t\t\t<div class=\"elementor-widget-wrap elementor-element-populated\">\n\t\t\t\t\t\t<div class=\"elementor-element elementor-element-a953525 elementor-widget elementor-widget-image\" data-id=\"a953525\" data-element_type=\"widget\" data-widget_type=\"image.default\">\n\t\t\t\t<div class=\"elementor-widget-container\">\n\t\t\t\t\t\t\t\t\t\t\t\t\t<img fetchpriority=\"high\" decoding=\"async\" width=\"1024\" height=\"180\" src=\"http:\/\/www.sacs.gob.ve\/site\/wp-content\/uploads\/2022\/11\/NOTICIASsss.jpg\" class=\"attachment-full size-full wp-image-10979\" alt=\"\" srcset=\"http:\/\/www.sacs.gob.ve\/site\/wp-content\/uploads\/2022\/11\/NOTICIASsss.jpg 1024w, http:\/\/www.sacs.gob.ve\/site\/wp-content\/uploads\/2022\/11\/NOTICIASsss-300x53.jpg 300w, http:\/\/www.sacs.gob.ve\/site\/wp-content\/uploads\/2022\/11\/NOTICIASsss-768x135.jpg 768w\" sizes=\"(max-width: 1024px) 100vw, 1024px\" \/>\t\t\t\t\t\t\t\t\t\t\t\t\t<\/div>\n\t\t\t\t<\/div>\n\t\t<div class=\"elementor-element elementor-element-e81657b e-con-full e-flex e-con e-parent\" data-id=\"e81657b\" data-element_type=\"container\">\n\t\t<div class=\"elementor-element elementor-element-5f674de e-con-full e-flex e-con e-child\" data-id=\"5f674de\" data-element_type=\"container\">\n\t\t\t\t<div class=\"elementor-element elementor-element-4d28a3d elementor-widget elementor-widget-heading\" data-id=\"4d28a3d\" data-element_type=\"widget\" data-widget_type=\"heading.default\">\n\t\t\t\t<div class=\"elementor-widget-container\">\n\t\t\t<h3 class=\"elementor-heading-title elementor-size-default\"><span style=\"font-size: 24px;\">SACS EXPRESA CONDOLENCIAS POR EL FALLECIMIENTO DE NANCY ELENA BRICE\u00d1O DE FERN\u00c1NDEZ\n\n<\/span><\/h3>\t\t<\/div>\n\t\t\t\t<\/div>\n\t\t\t\t<div class=\"elementor-element elementor-element-b7aad47 elementor-widget elementor-widget-text-editor\" data-id=\"b7aad47\" data-element_type=\"widget\" data-widget_type=\"text-editor.default\">\n\t\t\t\t<div class=\"elementor-widget-container\">\n\t\t\t\t\t\t\t<p>(Caracas, 29 de marzo de 2026).\u2013 El Servicio Aut\u00f3nomo de Contralor\u00eda Sanitaria (SACS) emiti\u00f3 este domingo un comunicado oficial para expresar su profundo pesar ante el fallecimiento de la ciudadana Nancy Elena Brice\u00f1o de Fern\u00e1ndez, hermana de la Dra. Esperanza Brice\u00f1o Godoy, actualmente la Contralora General de nuestro Sevicio.<\/p><p>En nombre de todo el equipo de trabajo y las autoridades del SACS, se extiende un mensaje de solidaridad y apoyo fraterno a la familia Brice\u00f1o Godoy y sus allegados.<\/p><p>&#8220;Acompa\u00f1amos a nuestra Contralora en este momento de profunda tristeza y elevamos una oraci\u00f3n por el descanso eterno de su hermana&#8221;, cita parte del pronunciamiento institucional.<\/p><p>Desde el SACS, se hace votos por el consuelo y la paz de toda la familia ante tan dolorosa p\u00e9rdida f\u00edsica.<\/p><p>El servicio funerario y sepelio, se realizar\u00e1 en el Estado Trujillo, paz a su alma.<\/p>\t\t\t\t\t\t<\/div>\n\t\t\t\t<\/div>\n\t\t\t\t<\/div>\n\t\t<div class=\"elementor-element elementor-element-82bd79a e-con-full e-flex e-con e-child\" data-id=\"82bd79a\" data-element_type=\"container\">\n\t\t\t\t<div class=\"elementor-element elementor-element-a5316fa elementor-widget elementor-widget-image\" data-id=\"a5316fa\" data-element_type=\"widget\" data-widget_type=\"image.default\">\n\t\t\t\t<div class=\"elementor-widget-container\">\n\t\t\t\t\t\t\t\t\t\t\t\t\t<img decoding=\"async\" width=\"768\" height=\"768\" src=\"http:\/\/www.sacs.gob.ve\/site\/wp-content\/uploads\/2026\/03\/noticias_2026-03-29-768x768.jpeg\" class=\"attachment-medium_large size-medium_large wp-image-17932\" alt=\"\" srcset=\"http:\/\/www.sacs.gob.ve\/site\/wp-content\/uploads\/2026\/03\/noticias_2026-03-29-768x768.jpeg 768w, http:\/\/www.sacs.gob.ve\/site\/wp-content\/uploads\/2026\/03\/noticias_2026-03-29-300x300.jpeg 300w, http:\/\/www.sacs.gob.ve\/site\/wp-content\/uploads\/2026\/03\/noticias_2026-03-29-150x150.jpeg 150w, http:\/\/www.sacs.gob.ve\/site\/wp-content\/uploads\/2026\/03\/noticias_2026-03-29.jpeg 1024w\" sizes=\"(max-width: 768px) 100vw, 768px\" \/>\t\t\t\t\t\t\t\t\t\t\t\t\t<\/div>\n\t\t\t\t<\/div>\n\t\t\t\t<\/div>\n\t\t\t\t<\/div>\n\t\t\t\t\t<\/div>\n\t\t<\/div>\n\t\t\t\t\t<\/div>\n\t\t<\/section>\n\t\t<div class=\"elementor-element elementor-element-cbe173d e-con-full e-flex e-con e-parent\" data-id=\"cbe173d\" data-element_type=\"container\">\n\t\t\t\t<div class=\"elementor-element elementor-element-b9ecd92 elementor-widget__width-inherit elementor-widget-divider--view-line elementor-widget elementor-widget-divider\" data-id=\"b9ecd92\" data-element_type=\"widget\" data-widget_type=\"divider.default\">\n\t\t\t\t<div class=\"elementor-widget-container\">\n\t\t\t\t\t<div class=\"elementor-divider\">\n\t\t\t<span class=\"elementor-divider-separator\">\n\t\t\t\t\t\t<\/span>\n\t\t<\/div>\n\t\t\t\t<\/div>\n\t\t\t\t<\/div>\n\t\t\t\t<\/div>\n\t\t<div class=\"elementor-element elementor-element-aba3fca e-con-full e-flex e-con e-parent\" data-id=\"aba3fca\" data-element_type=\"container\">\n\t\t<div class=\"elementor-element elementor-element-0f260b3 e-con-full e-flex e-con e-child\" data-id=\"0f260b3\" data-element_type=\"container\">\n\t\t\t\t<div class=\"elementor-element elementor-element-ecdba4c elementor-widget elementor-widget-heading\" data-id=\"ecdba4c\" data-element_type=\"widget\" data-widget_type=\"heading.default\">\n\t\t\t\t<div class=\"elementor-widget-container\">\n\t\t\t<h3 class=\"elementor-heading-title elementor-size-default\"><span style=\"font-size: 24px;\">SACS y CAVEFAR fortalecen lazos estrat\u00e9gicos para optimizar la gesti\u00f3n de medicamentos en el pa\u00eds\n<\/span><\/h3>\t\t<\/div>\n\t\t\t\t<\/div>\n\t\t\t\t<div class=\"elementor-element elementor-element-25cb4e3 elementor-widget elementor-widget-text-editor\" data-id=\"25cb4e3\" data-element_type=\"widget\" data-widget_type=\"text-editor.default\">\n\t\t\t\t<div class=\"elementor-widget-container\">\n\t\t\t\t\t\t\t<p align=\"justify\"><span style=\"font-family: Roboto, serif;\"><span style=\"font-size: medium;\">Caracas, 25 de marzo de 2026. <\/span><\/span><\/p><p><span style=\"font-family: Roboto, serif;\"><span style=\"font-size: medium;\">En el marco de las pol\u00edticas de vigilancia y control sanitario, la <\/span><\/span><span style=\"font-family: Roboto, serif;\"><span style=\"font-size: medium;\"><b>Dra. Esperanza Brice\u00f1o Godoy<\/b><\/span><\/span><span style=\"font-family: Roboto, serif;\"><span style=\"font-size: medium;\">, contralora y m\u00e1xima autoridad del Servicio Aut\u00f3nomo de Contralor\u00eda Sanitaria (<\/span><\/span><span style=\"font-family: Roboto, serif;\"><span style=\"font-size: medium;\"><b>SACS<\/b><\/span><\/span><span style=\"font-family: Roboto, serif;\"><span style=\"font-size: medium;\">) sostuvo un encuentro institucional con representantes de la C\u00e1mara Venezolana de Farmacia (<\/span><\/span><span style=\"font-family: Roboto, serif;\"><span style=\"font-size: medium;\"><b>CAVEFAR<\/b><\/span><\/span><span style=\"font-family: Roboto, serif;\"><span style=\"font-size: medium;\">), con el prop\u00f3sito de dar seguimiento a las acciones en materia de gesti\u00f3n y control de medicamentos.<\/span><\/span><\/p><p><span style=\"font-family: Roboto, serif;\"><span style=\"font-size: medium;\">Esta reuni\u00f3n tuvo como objetivo principal realizar el seguimiento detallado a diversas actividades y proyectos conjuntos que se ejecutan actualmente en materia de gesti\u00f3n de <\/span><\/span><span style=\"font-family: Roboto, serif;\"><span style=\"font-size: medium;\"><b>medicamentos<\/b><\/span><\/span><span style=\"font-family: Roboto, serif;\"><span style=\"font-size: medium;\">. <\/span><\/span><\/p><p><span style=\"font-family: Roboto, serif;\"><span style=\"font-size: medium;\">Durante el encuentro, se evaluaron los avances en los protocolos de control que competen directamente al sector farmac\u00e9utico nacional, reafirmando el compromiso mutuo de garantizar la seguridad y eficacia de los productos que llegan al consumidor final.<\/span><\/span><\/p>\t\t\t\t\t\t<\/div>\n\t\t\t\t<\/div>\n\t\t\t\t<div class=\"elementor-element elementor-element-2d87705 elementor-widget elementor-widget-eael-adv-accordion\" data-id=\"2d87705\" data-element_type=\"widget\" data-widget_type=\"eael-adv-accordion.default\">\n\t\t\t\t<div class=\"elementor-widget-container\">\n\t\t\t        <div class=\"eael-adv-accordion\" id=\"eael-adv-accordion-2d87705\" data-scroll-on-click=\"no\" data-scroll-speed=\"300\" data-accordion-id=\"2d87705\" data-accordion-type=\"accordion\" data-toogle-speed=\"300\">\n    <div class=\"eael-accordion-list\">\n                <div id=\"leer-ms\" class=\"elementor-tab-title eael-accordion-header\" tabindex=\"0\" data-tab=\"1\" aria-controls=\"elementor-tab-content-4771\"><span class=\"eael-advanced-accordion-icon-closed\"><svg aria-hidden=\"true\" class=\"fa-accordion-icon e-font-icon-svg e-fas-plus\" viewBox=\"0 0 448 512\" xmlns=\"http:\/\/www.w3.org\/2000\/svg\"><path d=\"M416 208H272V64c0-17.67-14.33-32-32-32h-32c-17.67 0-32 14.33-32 32v144H32c-17.67 0-32 14.33-32 32v32c0 17.67 14.33 32 32 32h144v144c0 17.67 14.33 32 32 32h32c17.67 0 32-14.33 32-32V304h144c17.67 0 32-14.33 32-32v-32c0-17.67-14.33-32-32-32z\"><\/path><\/svg><\/span><span class=\"eael-advanced-accordion-icon-opened\"><svg aria-hidden=\"true\" class=\"fa-accordion-icon e-font-icon-svg e-fas-minus\" viewBox=\"0 0 448 512\" xmlns=\"http:\/\/www.w3.org\/2000\/svg\"><path d=\"M416 208H32c-17.67 0-32 14.33-32 32v32c0 17.67 14.33 32 32 32h384c17.67 0 32-14.33 32-32v-32c0-17.67-14.33-32-32-32z\"><\/path><\/svg><\/span><span class=\"eael-accordion-tab-title\">Leer m\u00e1s<\/span><\/div><div id=\"elementor-tab-content-4771\" class=\"eael-accordion-content clearfix\" data-tab=\"1\" aria-labelledby=\"leer-ms\"><p align=\"justify\"><span style=\"font-family: Roboto, serif;\"><span style=\"font-size: medium;\">En este sentido, el Servicio Aut\u00f3nomo de Contralor\u00eda Sanitaria (<\/span><\/span><span style=\"font-family: Roboto, serif;\"><span style=\"font-size: medium;\"><b>SACS<\/b><\/span><\/span><span style=\"font-family: Roboto, serif;\"><span style=\"font-size: medium;\">) contin\u00faa trabajando de la mano con los actores del sector privado para fortalecer el <\/span><\/span><span style=\"font-family: Roboto, serif;\"><span style=\"font-size: medium;\"><b>Sistema Nacional de Salud<\/b><\/span><\/span><span style=\"font-family: Roboto, serif;\"><span style=\"font-size: medium;\"> y asegurar el cumplimiento de la normativa legal vigente en beneficio de toda la poblaci\u00f3n venezolana.<\/span><\/span><\/p><\/div>\n                <\/div><\/div>\t\t<\/div>\n\t\t\t\t<\/div>\n\t\t\t\t<\/div>\n\t\t<div class=\"elementor-element elementor-element-957e6c6 e-con-full e-flex e-con e-child\" data-id=\"957e6c6\" data-element_type=\"container\">\n\t\t\t\t<div class=\"elementor-element elementor-element-8335ec8 elementor-widget elementor-widget-image\" data-id=\"8335ec8\" data-element_type=\"widget\" data-widget_type=\"image.default\">\n\t\t\t\t<div class=\"elementor-widget-container\">\n\t\t\t\t\t\t\t\t\t\t\t\t\t<img decoding=\"async\" width=\"1080\" height=\"1080\" src=\"http:\/\/www.sacs.gob.ve\/site\/wp-content\/uploads\/2026\/03\/WhatsApp-Image-2026-03-26-at-2.52.50-PM.jpeg\" class=\"attachment-2048x2048 size-2048x2048 wp-image-17923\" alt=\"\" srcset=\"http:\/\/www.sacs.gob.ve\/site\/wp-content\/uploads\/2026\/03\/WhatsApp-Image-2026-03-26-at-2.52.50-PM.jpeg 1080w, http:\/\/www.sacs.gob.ve\/site\/wp-content\/uploads\/2026\/03\/WhatsApp-Image-2026-03-26-at-2.52.50-PM-300x300.jpeg 300w, http:\/\/www.sacs.gob.ve\/site\/wp-content\/uploads\/2026\/03\/WhatsApp-Image-2026-03-26-at-2.52.50-PM-1024x1024.jpeg 1024w, http:\/\/www.sacs.gob.ve\/site\/wp-content\/uploads\/2026\/03\/WhatsApp-Image-2026-03-26-at-2.52.50-PM-150x150.jpeg 150w, http:\/\/www.sacs.gob.ve\/site\/wp-content\/uploads\/2026\/03\/WhatsApp-Image-2026-03-26-at-2.52.50-PM-768x768.jpeg 768w\" sizes=\"(max-width: 1080px) 100vw, 1080px\" \/>\t\t\t\t\t\t\t\t\t\t\t\t\t<\/div>\n\t\t\t\t<\/div>\n\t\t\t\t<\/div>\n\t\t\t\t<\/div>\n\t\t<div class=\"elementor-element elementor-element-74d2900 e-con-full e-flex e-con e-parent\" data-id=\"74d2900\" data-element_type=\"container\">\n\t\t\t\t<div class=\"elementor-element elementor-element-cae2604 elementor-widget-divider--view-line elementor-widget elementor-widget-divider\" data-id=\"cae2604\" data-element_type=\"widget\" data-widget_type=\"divider.default\">\n\t\t\t\t<div class=\"elementor-widget-container\">\n\t\t\t\t\t<div class=\"elementor-divider\">\n\t\t\t<span class=\"elementor-divider-separator\">\n\t\t\t\t\t\t<\/span>\n\t\t<\/div>\n\t\t\t\t<\/div>\n\t\t\t\t<\/div>\n\t\t\t\t<\/div>\n\t\t<div class=\"elementor-element elementor-element-a21be72 e-con-full e-flex e-con e-parent\" data-id=\"a21be72\" data-element_type=\"container\">\n\t\t<div class=\"elementor-element elementor-element-361a985 e-con-full e-flex e-con e-child\" data-id=\"361a985\" data-element_type=\"container\">\n\t\t\t\t<div class=\"elementor-element elementor-element-10aa610 elementor-widget elementor-widget-heading\" data-id=\"10aa610\" data-element_type=\"widget\" data-widget_type=\"heading.default\">\n\t\t\t\t<div class=\"elementor-widget-container\">\n\t\t\t<h3 class=\"elementor-heading-title elementor-size-default\"><span style=\"font-size: 24px;\">SACS y CAVIDEA consolidan alianzas: El sector agroalimentario alcanza 37 meses de crecimiento sostenido\n<\/span><\/h3>\t\t<\/div>\n\t\t\t\t<\/div>\n\t\t\t\t<div class=\"elementor-element elementor-element-dfbda3f elementor-widget elementor-widget-text-editor\" data-id=\"dfbda3f\" data-element_type=\"widget\" data-widget_type=\"text-editor.default\">\n\t\t\t\t<div class=\"elementor-widget-container\">\n\t\t\t\t\t\t\t<p><span style=\"font-family: Roboto, serif;\"><span style=\"font-size: medium;\">En un encuentro estrat\u00e9gico orientado a fortalecer la soberan\u00eda alimentaria, el <\/span><\/span><span style=\"font-family: Roboto, serif;\"><span style=\"font-size: medium;\"><b>Servicio Aut\u00f3nomo de Contralor\u00eda Sanitaria (SACS)<\/b><\/span><\/span><span style=\"font-family: Roboto, serif;\"><span style=\"font-size: medium;\"> y la <\/span><\/span><span style=\"font-family: Roboto, serif;\"><span style=\"font-size: medium;\"><b>C\u00e1mara Venezolana de la Industria de Alimentos (CAVIDEA)<\/b><\/span><\/span><span style=\"font-family: Roboto, serif;\"><span style=\"font-size: medium;\"> presentaron un balance que ratifica el dinamismo de la producci\u00f3n nacional. <\/span><\/span><\/p><p><span style=\"font-family: Roboto, serif;\"><span style=\"font-size: medium;\">La reuni\u00f3n <\/span><\/span><span style=\"font-family: Roboto, serif;\"><span style=\"font-size: medium;\"><b>subray\u00f3<\/b><\/span><\/span><span style=\"font-family: Roboto, serif;\"><span style=\"font-size: medium;\"> la importancia de la articulaci\u00f3n institucional para mantener la continuidad operativa de un sector que, hasta enero de 2026, suma <\/span><\/span><span style=\"font-family: Roboto, serif;\"><span style=\"font-size: medium;\"><b>37 meses consecutivos de incremento<\/b><\/span><\/span><span style=\"font-family: Roboto, serif;\"><span style=\"font-size: medium;\"> en su producci\u00f3n.<\/span><\/span><\/p><p align=\"justify\"><a name=\"_heading=h.g16unzmcl0rh\"><\/a><strong>Un motor clave para la econom\u00eda nacional<\/strong><\/p><p><span style=\"font-family: Roboto, serif;\"><span style=\"font-size: medium;\">La industria de alimentos se ha consolidado como el pilar fundamental de la manufactura privada en Venezuela, representando actualmente el 47% del Producto Interno Bruto (PIB) de este sector. Este crecimiento se refleja directamente en los anaqueles del pa\u00eds, donde m\u00e1s del 90% de los productos son de fabricaci\u00f3n nacional, logrando una reducci\u00f3n dr\u00e1stica de la dependencia de importaciones en rubros terminados.<\/span><\/span><\/p><p><a name=\"_heading=h.et56vyi81eil\"><\/a><strong>Rubros estrat\u00e9gicos y soberan\u00eda alimentaria<\/strong><\/p><p><span style=\"font-family: Roboto, serif;\"><span style=\"font-size: medium;\">Durante la mesa de trabajo, se analizaron rubros de alto impacto en la dieta del venezolano:<\/span><\/span><\/p><p><span style=\"font-family: Roboto, serif;\"><span style=\"font-size: medium;\"><b>Cereales:<\/b><\/span><\/span><span style=\"font-family: Roboto, serif;\"><span style=\"font-size: medium;\"> Seguimiento continuo a la producci\u00f3n de <\/span><\/span><span style=\"font-family: Roboto, serif;\"><span style=\"font-size: medium;\"><b>arroz<\/b><\/span><\/span><span style=\"font-family: Roboto, serif;\"><span style=\"font-size: medium;\"> y <\/span><\/span><span style=\"font-family: Roboto, serif;\"><span style=\"font-size: medium;\"><b>ma\u00edz blanco<\/b><\/span><\/span><span style=\"font-family: Roboto, serif;\"><span style=\"font-size: medium;\">.<\/span><\/span><\/p><p><span style=\"font-family: Roboto, serif;\"><span style=\"font-size: medium;\"><b>Prote\u00edna Animal: <\/b><\/span><\/span><span style=\"font-family: Roboto, serif;\"><span style=\"font-size: medium;\">Se destac\u00f3 el crecimiento extraordinario del <\/span><\/span><span style=\"font-family: Roboto, serif;\"><span style=\"font-size: medium;\"><b>pollo<\/b><\/span><\/span><span style=\"font-family: Roboto, serif;\"><span style=\"font-size: medium;\"> (50%), alcanzando las 824 mil toneladas anuales, y una producci\u00f3n de <\/span><\/span><span style=\"font-family: Roboto, serif;\"><span style=\"font-size: medium;\"><b>huevos<\/b><\/span><\/span><span style=\"font-family: Roboto, serif;\"><span style=\"font-size: medium;\"> que super\u00f3 las 12.6 millones de cajas.<\/span><\/span><\/p>\t\t\t\t\t\t<\/div>\n\t\t\t\t<\/div>\n\t\t\t\t<div class=\"elementor-element elementor-element-7d9b1d6 elementor-widget elementor-widget-eael-adv-accordion\" data-id=\"7d9b1d6\" data-element_type=\"widget\" data-widget_type=\"eael-adv-accordion.default\">\n\t\t\t\t<div class=\"elementor-widget-container\">\n\t\t\t        <div class=\"eael-adv-accordion\" id=\"eael-adv-accordion-7d9b1d6\" data-scroll-on-click=\"no\" data-scroll-speed=\"300\" data-accordion-id=\"7d9b1d6\" data-accordion-type=\"accordion\" data-toogle-speed=\"300\">\n    <div class=\"eael-accordion-list\">\n                <div id=\"leer-ms\" class=\"elementor-tab-title eael-accordion-header\" tabindex=\"0\" data-tab=\"1\" aria-controls=\"elementor-tab-content-1311\"><span class=\"eael-advanced-accordion-icon-closed\"><svg aria-hidden=\"true\" class=\"fa-accordion-icon e-font-icon-svg e-fas-plus\" viewBox=\"0 0 448 512\" xmlns=\"http:\/\/www.w3.org\/2000\/svg\"><path d=\"M416 208H272V64c0-17.67-14.33-32-32-32h-32c-17.67 0-32 14.33-32 32v144H32c-17.67 0-32 14.33-32 32v32c0 17.67 14.33 32 32 32h144v144c0 17.67 14.33 32 32 32h32c17.67 0 32-14.33 32-32V304h144c17.67 0 32-14.33 32-32v-32c0-17.67-14.33-32-32-32z\"><\/path><\/svg><\/span><span class=\"eael-advanced-accordion-icon-opened\"><svg aria-hidden=\"true\" class=\"fa-accordion-icon e-font-icon-svg e-fas-minus\" viewBox=\"0 0 448 512\" xmlns=\"http:\/\/www.w3.org\/2000\/svg\"><path d=\"M416 208H32c-17.67 0-32 14.33-32 32v32c0 17.67 14.33 32 32 32h384c17.67 0 32-14.33 32-32v-32c0-17.67-14.33-32-32-32z\"><\/path><\/svg><\/span><span class=\"eael-accordion-tab-title\">Leer m\u00e1s<\/span><\/div><div id=\"elementor-tab-content-1311\" class=\"eael-accordion-content clearfix\" data-tab=\"1\" aria-labelledby=\"leer-ms\"><pre><span style=\"font-family: Roboto, serif;\"><span style=\"font-size: medium;\"><b>Consumo Masivo:<\/b><\/span><\/span><span style=\"font-family: Roboto, serif;\"><span style=\"font-size: medium;\"> Incrementos significativos en el consumo de <\/span><\/span><span style=\"font-family: Roboto, serif;\"><span style=\"font-size: medium;\"><b>sal<\/b><\/span><\/span><span style=\"font-family: Roboto, serif;\"><span style=\"font-size: medium;\"> (18%), as\u00ed como un repunte en sectores de especialidad como el <\/span><\/span><span style=\"font-family: Roboto, serif;\"><span style=\"font-size: medium;\"><b>caf\u00e9<\/b><\/span><\/span><span style=\"font-family: Roboto, serif;\"><span style=\"font-size: medium;\">, el <\/span><\/span><span style=\"font-family: Roboto, serif;\"><span style=\"font-size: medium;\"><b>cacao<\/b><\/span><\/span><span style=\"font-family: Roboto, serif;\"><span style=\"font-size: medium;\"> y el <\/span><\/span><span style=\"font-family: Roboto, serif;\"><span style=\"font-size: medium;\"><b>az\u00facar<\/b><\/span><\/span><span style=\"font-family: Roboto, serif;\"><span style=\"font-size: medium;\">, impulsados por ferias internacionales y subastas.<\/span><\/span><br \/><br \/><a name=\"_heading=h.ecf2m4aiwl3z\"><\/a>Articulaci\u00f3n con PyMEs y cumplimiento de ODS.<br \/><br \/><span style=\"font-family: Roboto, serif;\"><span style=\"font-size: medium;\">El <\/span><\/span><span style=\"font-family: Roboto, serif;\"><span style=\"font-size: medium;\"><b>SACS <\/b><\/span><\/span><span style=\"font-family: Roboto, serif;\"><span style=\"font-size: medium;\">reafirm\u00f3 su compromiso de trabajar no solo con la gran industria, sino tambi\u00e9n con <\/span><\/span><span style=\"font-family: Roboto, serif;\"><span style=\"font-size: medium;\"><b>PyMEs, Empresas Comunales y Emprendedores Artesanales<\/b><\/span><\/span><span style=\"font-family: Roboto, serif;\"><span style=\"font-size: medium;\">. Esta colaboraci\u00f3n busca optimizar la producci\u00f3n de concentrados para animales y alimentos procesados bajo los enfoques de los Objetivos de Desarrollo Sostenible (ODS).<\/span><\/span><br \/><br \/><span style=\"font-family: Roboto, serif;\"><span style=\"font-size: medium;\">\"La meta es clara: potenciar la producci\u00f3n nacional para asegurar el abastecimiento total, <\/span><\/span><span style=\"font-family: Roboto, serif;\"><span style=\"font-size: medium;\"><b>maximizar las exportaciones<\/b><\/span><\/span><span style=\"font-family: Roboto, serif;\"><span style=\"font-size: medium;\"> y <\/span><\/span><span style=\"font-family: Roboto, serif;\"><span style=\"font-size: medium;\"><b>minimizar las importaciones<\/b><\/span><\/span><span style=\"font-family: Roboto, serif;\"><span style=\"font-size: medium;\">, convirtiendo la contralor\u00eda sanitaria en un aliado del productor\", se\u00f1alaron las autoridades durante el encuentro.<\/span><\/span><\/pre><\/div>\n                <\/div><\/div>\t\t<\/div>\n\t\t\t\t<\/div>\n\t\t\t\t<\/div>\n\t\t<div class=\"elementor-element elementor-element-356c1b2 e-con-full e-flex e-con e-child\" data-id=\"356c1b2\" data-element_type=\"container\">\n\t\t\t\t<div class=\"elementor-element elementor-element-079ae29 elementor-widget elementor-widget-image\" data-id=\"079ae29\" data-element_type=\"widget\" data-widget_type=\"image.default\">\n\t\t\t\t<div class=\"elementor-widget-container\">\n\t\t\t\t\t\t\t\t\t\t\t\t\t<img loading=\"lazy\" decoding=\"async\" width=\"1600\" height=\"1600\" src=\"http:\/\/www.sacs.gob.ve\/site\/wp-content\/uploads\/2026\/03\/noticias26marzo.jpeg\" class=\"attachment-2048x2048 size-2048x2048 wp-image-17928\" alt=\"\" srcset=\"http:\/\/www.sacs.gob.ve\/site\/wp-content\/uploads\/2026\/03\/noticias26marzo.jpeg 1600w, http:\/\/www.sacs.gob.ve\/site\/wp-content\/uploads\/2026\/03\/noticias26marzo-300x300.jpeg 300w, http:\/\/www.sacs.gob.ve\/site\/wp-content\/uploads\/2026\/03\/noticias26marzo-1024x1024.jpeg 1024w, http:\/\/www.sacs.gob.ve\/site\/wp-content\/uploads\/2026\/03\/noticias26marzo-150x150.jpeg 150w, http:\/\/www.sacs.gob.ve\/site\/wp-content\/uploads\/2026\/03\/noticias26marzo-768x768.jpeg 768w, http:\/\/www.sacs.gob.ve\/site\/wp-content\/uploads\/2026\/03\/noticias26marzo-1536x1536.jpeg 1536w\" sizes=\"(max-width: 1600px) 100vw, 1600px\" \/>\t\t\t\t\t\t\t\t\t\t\t\t\t<\/div>\n\t\t\t\t<\/div>\n\t\t\t\t<\/div>\n\t\t\t\t<\/div>\n\t\t<div class=\"elementor-element elementor-element-43097a6 e-con-full e-flex e-con e-parent\" data-id=\"43097a6\" data-element_type=\"container\">\n\t\t<div class=\"elementor-element elementor-element-366a34c e-con-full e-flex e-con e-child\" data-id=\"366a34c\" data-element_type=\"container\">\n\t\t\t\t<div class=\"elementor-element elementor-element-060e24e elementor-widget elementor-widget-heading\" data-id=\"060e24e\" data-element_type=\"widget\" data-widget_type=\"heading.default\">\n\t\t\t\t<div class=\"elementor-widget-container\">\n\t\t\t<h3 class=\"elementor-heading-title elementor-size-default\"><span style=\"font-size: 24px;\">Dra. Esperanza Brice\u00f1o asume la Direcci\u00f3n General del Servicio Aut\u00f3nomo de Contralor\u00eda Sanitaria (SACS)\nCARACAS, VENEZUELA.\n<\/span><\/h3>\t\t<\/div>\n\t\t\t\t<\/div>\n\t\t\t\t<div class=\"elementor-element elementor-element-b7962d0 elementor-widget elementor-widget-text-editor\" data-id=\"b7962d0\" data-element_type=\"widget\" data-widget_type=\"text-editor.default\">\n\t\t\t\t<div class=\"elementor-widget-container\">\n\t\t\t\t\t\t\t<p>En cumplimiento con el decreto Presidencial, la Dra. Esperanza Brice\u00f1o Godoy ha sido designada como la nueva Directora General del Servicio Aut\u00f3nomo de Contralor\u00eda Sanitaria (SACS), ente adscrito al Ministerio del Poder Popular para la Salud (MPPS).<\/p>\n<p>La Dra. Brice\u00f1o asume el liderazgo del SACS con una trayectoria de excelencia en la vigilancia sanitaria y el control de calidad tras su destacada gesti\u00f3n como Presidenta del Instituto Nacional de Higiene \u00abRafael Rangel\u00bb (INHRR), con el firme compromiso de fortalecer la seguridad sanitaria en el pa\u00eds.<br>Ejes estrat\u00e9gicos de la nueva gesti\u00f3n:<\/p>\n<p>La administraci\u00f3n de la Dra. Brice\u00f1o se enfocar\u00e1 en tres pilares fundamentales para el desarrollo del sector:<\/p>\n<p>Modernizaci\u00f3n tecnol\u00f3gica: Optimizaci\u00f3n de las plataformas digitales para el registro y control sanitario que permita un trabajo efectivo, transparente y oportuno.<\/p>\n<p>Trabajo mancomunado con: las comunas, academias, c\u00e1maras de industriales y colegios de profesionales para crear pol\u00edticas tendientes a la precauci\u00f3n y control de riesgos sanitarios relacionados con el consumo de alimentos y tabaco.<\/p>\t\t\t\t\t\t<\/div>\n\t\t\t\t<\/div>\n\t\t\t\t<div class=\"elementor-element elementor-element-0e5fa37 elementor-widget elementor-widget-eael-adv-accordion\" data-id=\"0e5fa37\" data-element_type=\"widget\" data-widget_type=\"eael-adv-accordion.default\">\n\t\t\t\t<div class=\"elementor-widget-container\">\n\t\t\t        <div class=\"eael-adv-accordion\" id=\"eael-adv-accordion-0e5fa37\" data-scroll-on-click=\"no\" data-scroll-speed=\"300\" data-accordion-id=\"0e5fa37\" data-accordion-type=\"accordion\" data-toogle-speed=\"300\">\n    <div class=\"eael-accordion-list\">\n                <div id=\"leer-ms\" class=\"elementor-tab-title eael-accordion-header\" tabindex=\"0\" data-tab=\"1\" aria-controls=\"elementor-tab-content-1501\"><span class=\"eael-advanced-accordion-icon-closed\"><svg aria-hidden=\"true\" class=\"fa-accordion-icon e-font-icon-svg e-fas-plus\" viewBox=\"0 0 448 512\" xmlns=\"http:\/\/www.w3.org\/2000\/svg\"><path d=\"M416 208H272V64c0-17.67-14.33-32-32-32h-32c-17.67 0-32 14.33-32 32v144H32c-17.67 0-32 14.33-32 32v32c0 17.67 14.33 32 32 32h144v144c0 17.67 14.33 32 32 32h32c17.67 0 32-14.33 32-32V304h144c17.67 0 32-14.33 32-32v-32c0-17.67-14.33-32-32-32z\"><\/path><\/svg><\/span><span class=\"eael-advanced-accordion-icon-opened\"><svg aria-hidden=\"true\" class=\"fa-accordion-icon e-font-icon-svg e-fas-minus\" viewBox=\"0 0 448 512\" xmlns=\"http:\/\/www.w3.org\/2000\/svg\"><path d=\"M416 208H32c-17.67 0-32 14.33-32 32v32c0 17.67 14.33 32 32 32h384c17.67 0 32-14.33 32-32v-32c0-17.67-14.33-32-32-32z\"><\/path><\/svg><\/span><span class=\"eael-accordion-tab-title\">Leer m\u00e1s<\/span><\/div><div id=\"elementor-tab-content-1501\" class=\"eael-accordion-content clearfix\" data-tab=\"1\" aria-labelledby=\"leer-ms\"><p>Vigilancia Activa: Refuerzo de la inspecci\u00f3n y fiscalizaci\u00f3n en establecimientos de salud y productos de consumo humano a nivel nacional.<\/p><p>\u00a0<\/p><p>&#8220;Nuestra meta es consolidar un SACS eficiente que sea garante de la salud del pueblo venezolano, a trav\u00e9s de procesos transparentes y una autoridad regulatoria robusta&#8221;, afirm\u00f3 la Dra. Brice\u00f1o durante su toma de posesi\u00f3n.<\/p><p>Con este nombramiento, el SACS reafirma su rol como pilar fundamental en la regulaci\u00f3n y certificaci\u00f3n de productos y procesos esenciales para la vida.<\/p><\/div>\n                <\/div><\/div>\t\t<\/div>\n\t\t\t\t<\/div>\n\t\t\t\t<\/div>\n\t\t<div class=\"elementor-element elementor-element-94d1d45 e-con-full e-flex e-con e-child\" data-id=\"94d1d45\" data-element_type=\"container\">\n\t\t\t\t<div class=\"elementor-element elementor-element-531d259 elementor-widget elementor-widget-image\" data-id=\"531d259\" data-element_type=\"widget\" data-widget_type=\"image.default\">\n\t\t\t\t<div class=\"elementor-widget-container\">\n\t\t\t\t\t\t\t\t\t\t\t\t\t<img loading=\"lazy\" decoding=\"async\" width=\"1200\" height=\"1600\" src=\"http:\/\/www.sacs.gob.ve\/site\/wp-content\/uploads\/2026\/02\/Dra.Esperanza.jpeg\" class=\"attachment-2048x2048 size-2048x2048 wp-image-17828\" alt=\"\" srcset=\"http:\/\/www.sacs.gob.ve\/site\/wp-content\/uploads\/2026\/02\/Dra.Esperanza.jpeg 1200w, http:\/\/www.sacs.gob.ve\/site\/wp-content\/uploads\/2026\/02\/Dra.Esperanza-225x300.jpeg 225w, http:\/\/www.sacs.gob.ve\/site\/wp-content\/uploads\/2026\/02\/Dra.Esperanza-768x1024.jpeg 768w, http:\/\/www.sacs.gob.ve\/site\/wp-content\/uploads\/2026\/02\/Dra.Esperanza-1152x1536.jpeg 1152w\" sizes=\"(max-width: 1200px) 100vw, 1200px\" \/>\t\t\t\t\t\t\t\t\t\t\t\t\t<\/div>\n\t\t\t\t<\/div>\n\t\t\t\t<\/div>\n\t\t\t\t<\/div>\n\t\t<div class=\"elementor-element elementor-element-dd74e22 e-con-full e-flex e-con e-parent\" data-id=\"dd74e22\" data-element_type=\"container\">\n\t\t<div class=\"elementor-element elementor-element-2a2f213 e-con-full e-flex e-con e-child\" data-id=\"2a2f213\" data-element_type=\"container\">\n\t\t\t\t<div class=\"elementor-element elementor-element-48d4537 elementor-widget elementor-widget-heading\" data-id=\"48d4537\" data-element_type=\"widget\" data-widget_type=\"heading.default\">\n\t\t\t\t<div class=\"elementor-widget-container\">\n\t\t\t<h3 class=\"elementor-heading-title elementor-size-default\"><span style=\"font-size: 24px;\">El SACS celebra el D\u00eda del Servidor P\u00fablico con orgullo revolucionario\n<\/span><\/h3>\t\t<\/div>\n\t\t\t\t<\/div>\n\t\t\t\t<div class=\"elementor-element elementor-element-5e72ea7 elementor-widget elementor-widget-text-editor\" data-id=\"5e72ea7\" data-element_type=\"widget\" data-widget_type=\"text-editor.default\">\n\t\t\t\t<div class=\"elementor-widget-container\">\n\t\t\t\t\t\t\t<p>Cada 4 de septiembre, Venezuela rinde homenaje a quienes, con vocaci\u00f3n, \u00e9tica y entrega, sostienen el pulso de nuestras instituciones: los servidores p\u00fablicos.<\/p><p>Esta fecha emblem\u00e1tica conmemora la promulgaci\u00f3n de la Ley de Carrera Administrativa en 1970, hito que marc\u00f3 el inicio de una pol\u00edtica de profesionalizaci\u00f3n y dignificaci\u00f3n del trabajo en la administraci\u00f3n p\u00fablica nacional.<\/p>\t\t\t\t\t\t<\/div>\n\t\t\t\t<\/div>\n\t\t\t\t<div class=\"elementor-element elementor-element-81d7fd2 elementor-widget elementor-widget-eael-adv-accordion\" data-id=\"81d7fd2\" data-element_type=\"widget\" data-widget_type=\"eael-adv-accordion.default\">\n\t\t\t\t<div class=\"elementor-widget-container\">\n\t\t\t        <div class=\"eael-adv-accordion\" id=\"eael-adv-accordion-81d7fd2\" data-scroll-on-click=\"no\" data-scroll-speed=\"300\" data-accordion-id=\"81d7fd2\" data-accordion-type=\"accordion\" data-toogle-speed=\"300\">\n    <div class=\"eael-accordion-list\">\n                <div id=\"leer-ms\" class=\"elementor-tab-title eael-accordion-header\" tabindex=\"0\" data-tab=\"1\" aria-controls=\"elementor-tab-content-1361\"><span class=\"eael-advanced-accordion-icon-closed\"><svg aria-hidden=\"true\" class=\"fa-accordion-icon e-font-icon-svg e-fas-plus\" viewBox=\"0 0 448 512\" xmlns=\"http:\/\/www.w3.org\/2000\/svg\"><path d=\"M416 208H272V64c0-17.67-14.33-32-32-32h-32c-17.67 0-32 14.33-32 32v144H32c-17.67 0-32 14.33-32 32v32c0 17.67 14.33 32 32 32h144v144c0 17.67 14.33 32 32 32h32c17.67 0 32-14.33 32-32V304h144c17.67 0 32-14.33 32-32v-32c0-17.67-14.33-32-32-32z\"><\/path><\/svg><\/span><span class=\"eael-advanced-accordion-icon-opened\"><svg aria-hidden=\"true\" class=\"fa-accordion-icon e-font-icon-svg e-fas-minus\" viewBox=\"0 0 448 512\" xmlns=\"http:\/\/www.w3.org\/2000\/svg\"><path d=\"M416 208H32c-17.67 0-32 14.33-32 32v32c0 17.67 14.33 32 32 32h384c17.67 0 32-14.33 32-32v-32c0-17.67-14.33-32-32-32z\"><\/path><\/svg><\/span><span class=\"eael-accordion-tab-title\">Leer m\u00e1s<\/span><\/div><div id=\"elementor-tab-content-1361\" class=\"eael-accordion-content clearfix\" data-tab=\"1\" aria-labelledby=\"leer-ms\"><p>Desde el Servicio Aut\u00f3nomo de Contralor\u00eda Sanitaria (SACS), ente adscrito al Ministerio del Poder Popular para la Salud, extendemos nuestras m\u00e1s sinceras felicitaciones a los hombres y mujeres que, desde cada oficina, ambulatorio, laboratorio y punto de control sanitario, hacen posible el resguardo de la salud colectiva y el cumplimiento de las normativas que protegen al pueblo.<\/p><p>\u00a0<\/p><p>Los servidores p\u00fablicos son el rostro del Estado ante la ciudadan\u00eda. Su labor, silenciosa pero esencial, garantiza el acceso a derechos fundamentales como la salud, la educaci\u00f3n, la alimentaci\u00f3n y la justicia. Son ellos quienes, con esfuerzo diario y compromiso profundo, construyen una Venezuela m\u00e1s justa, solidaria y eficiente.<\/p><p>\u00a0<\/p><p>La ministra del Poder Popular para la Salud, Dra. Magaly Guti\u00e9rrez, ha reiterado que \u201cel servidor p\u00fablico no solo cumple funciones administrativas: encarna el esp\u00edritu de la Revoluci\u00f3n Bolivariana, con sensibilidad social, vocaci\u00f3n de servicio y amor por el pueblo\u201d. Bajo su liderazgo, el SACS contin\u00faa fortaleciendo sus capacidades t\u00e9cnicas y humanas, reconociendo que cada trabajador es un pilar de la transformaci\u00f3n institucional.<\/p><p>\u00a0<\/p><p>Desde el Gobierno Bolivariano, encabezado por el presidente Nicol\u00e1s Maduro, se reafirma el compromiso con la dignificaci\u00f3n del trabajo p\u00fablico y la defensa de los derechos laborales. En cada servidor y servidora, se reconoce a un soldado de la Revoluci\u00f3n, guiado por el legado de Bol\u00edvar, la visi\u00f3n de Ch\u00e1vez y la firme conducci\u00f3n del presidente obrero.<\/p><p>\u00a0<\/p><p>A todos los trabajadores y trabajadoras del SACS y de la administraci\u00f3n p\u00fablica nacional, les decimos<br \/>con el coraz\u00f3n revolucionario:<\/p><p>\u00a1Gracias por su lealtad, por su constancia y por su amor al pueblo!<br \/>\u00a1Con ustedes, seguimos venciendo!<br \/>\u00a1Juntos por Cada Latido!<\/p><\/div>\n                <\/div><\/div>\t\t<\/div>\n\t\t\t\t<\/div>\n\t\t\t\t<\/div>\n\t\t<div class=\"elementor-element elementor-element-e148087 e-con-full e-flex e-con e-child\" data-id=\"e148087\" data-element_type=\"container\">\n\t\t\t\t<div class=\"elementor-element elementor-element-3e7f72b elementor-widget elementor-widget-image\" data-id=\"3e7f72b\" data-element_type=\"widget\" data-widget_type=\"image.default\">\n\t\t\t\t<div class=\"elementor-widget-container\">\n\t\t\t\t\t\t\t\t\t\t\t\t\t<img loading=\"lazy\" decoding=\"async\" width=\"1280\" height=\"960\" src=\"http:\/\/www.sacs.gob.ve\/site\/wp-content\/uploads\/2025\/09\/noticiA04092025-1.jpeg\" class=\"attachment-2048x2048 size-2048x2048 wp-image-16747\" alt=\"\" srcset=\"http:\/\/www.sacs.gob.ve\/site\/wp-content\/uploads\/2025\/09\/noticiA04092025-1.jpeg 1280w, http:\/\/www.sacs.gob.ve\/site\/wp-content\/uploads\/2025\/09\/noticiA04092025-1-300x225.jpeg 300w, http:\/\/www.sacs.gob.ve\/site\/wp-content\/uploads\/2025\/09\/noticiA04092025-1-1024x768.jpeg 1024w, http:\/\/www.sacs.gob.ve\/site\/wp-content\/uploads\/2025\/09\/noticiA04092025-1-768x576.jpeg 768w\" sizes=\"(max-width: 1280px) 100vw, 1280px\" \/>\t\t\t\t\t\t\t\t\t\t\t\t\t<\/div>\n\t\t\t\t<\/div>\n\t\t\t\t<\/div>\n\t\t\t\t<\/div>\n\t\t<div class=\"elementor-element elementor-element-205538d e-con-full e-flex e-con e-parent\" data-id=\"205538d\" data-element_type=\"container\">\n\t\t<div class=\"elementor-element elementor-element-9c39f3d e-con-full e-flex e-con e-child\" data-id=\"9c39f3d\" data-element_type=\"container\">\n\t\t\t\t<div class=\"elementor-element elementor-element-c5603af elementor-widget elementor-widget-heading\" data-id=\"c5603af\" data-element_type=\"widget\" data-widget_type=\"heading.default\">\n\t\t\t\t<div class=\"elementor-widget-container\">\n\t\t\t<h3 class=\"elementor-heading-title elementor-size-default\"><span style=\"font-size: 24px;\">El SACS conmemora con profunda admiraci\u00f3n el natalicio del Comandante Hugo Ch\u00e1vez\n<\/span><\/h3>\t\t<\/div>\n\t\t\t\t<\/div>\n\t\t\t\t<div class=\"elementor-element elementor-element-1060669 elementor-widget elementor-widget-text-editor\" data-id=\"1060669\" data-element_type=\"widget\" data-widget_type=\"text-editor.default\">\n\t\t\t\t<div class=\"elementor-widget-container\">\n\t\t\t\t\t\t\t<p>Cada 28 de julio, Venezuela entera revive con orgullo el nacimiento de uno de sus hijos m\u00e1s emblem\u00e1ticos: Hugo Rafael Ch\u00e1vez Fr\u00edas, nacido en 1954 en la humilde localidad de Sabaneta, estado Barinas. Aquel joven apasionado por la historia, el pueblo y la justicia social se transform\u00f3 en un l\u00edder que marc\u00f3 un antes y un despu\u00e9s en la vida de millones de venezolanos.<\/p><p>Desde sus primeros pasos como cadete en la Academia Militar en 1971, Ch\u00e1vez inici\u00f3 un camino que lo llevar\u00eda a conquistar no solo los corazones de su pueblo, sino tambi\u00e9n el respeto internacional como defensor incansable de la soberan\u00eda y la dignidad venezolana.<\/p>\t\t\t\t\t\t<\/div>\n\t\t\t\t<\/div>\n\t\t\t\t<div class=\"elementor-element elementor-element-211dafe elementor-widget elementor-widget-eael-adv-accordion\" data-id=\"211dafe\" data-element_type=\"widget\" data-widget_type=\"eael-adv-accordion.default\">\n\t\t\t\t<div class=\"elementor-widget-container\">\n\t\t\t        <div class=\"eael-adv-accordion\" id=\"eael-adv-accordion-211dafe\" data-scroll-on-click=\"no\" data-scroll-speed=\"300\" data-accordion-id=\"211dafe\" data-accordion-type=\"accordion\" data-toogle-speed=\"300\">\n    <div class=\"eael-accordion-list\">\n                <div id=\"leer-ms\" class=\"elementor-tab-title eael-accordion-header\" tabindex=\"0\" data-tab=\"1\" aria-controls=\"elementor-tab-content-3471\"><span class=\"eael-advanced-accordion-icon-closed\"><svg aria-hidden=\"true\" class=\"fa-accordion-icon e-font-icon-svg e-fas-plus\" viewBox=\"0 0 448 512\" xmlns=\"http:\/\/www.w3.org\/2000\/svg\"><path d=\"M416 208H272V64c0-17.67-14.33-32-32-32h-32c-17.67 0-32 14.33-32 32v144H32c-17.67 0-32 14.33-32 32v32c0 17.67 14.33 32 32 32h144v144c0 17.67 14.33 32 32 32h32c17.67 0 32-14.33 32-32V304h144c17.67 0 32-14.33 32-32v-32c0-17.67-14.33-32-32-32z\"><\/path><\/svg><\/span><span class=\"eael-advanced-accordion-icon-opened\"><svg aria-hidden=\"true\" class=\"fa-accordion-icon e-font-icon-svg e-fas-minus\" viewBox=\"0 0 448 512\" xmlns=\"http:\/\/www.w3.org\/2000\/svg\"><path d=\"M416 208H32c-17.67 0-32 14.33-32 32v32c0 17.67 14.33 32 32 32h384c17.67 0 32-14.33 32-32v-32c0-17.67-14.33-32-32-32z\"><\/path><\/svg><\/span><span class=\"eael-accordion-tab-title\">Leer m\u00e1s<\/span><\/div><div id=\"elementor-tab-content-3471\" class=\"eael-accordion-content clearfix\" data-tab=\"1\" aria-labelledby=\"leer-ms\"><p>Su primera victoria electoral en 1998 dio inicio a una era donde la justicia social se convirti\u00f3 en pol\u00edtica de Estado.<\/p><p>Las misiones sociales que impuls\u00f3, orientadas a atender a nuestros j\u00f3venes, abuelos, madres, trabajadores y hasta nuestras mascotas, son reflejo de su amor profundo por el pueblo. Cada decreto, cada programa, cada palabra fue parte de una obra humana e hist\u00f3rica que puso al ser humano en el centro del proyecto nacional.<\/p><p>En los escenarios internacionales, Ch\u00e1vez alz\u00f3 la voz con valent\u00eda frente a quienes intentaron apagar la llama de la libertad venezolana. Su liderazgo trascendi\u00f3 fronteras, siendo faro para los pueblos que luchan por su derecho a ser libres.<\/p><p>Hoy, ese legado vive y se proyecta gracias a la firme conducci\u00f3n del presidente Nicol\u00e1s Maduro Moros, quien ha sabido resistir con temple y convicci\u00f3n las adversidades que pretenden socavar la dignidad de nuestra Patria.<\/p><p>Desde el Servicio Aut\u00f3nomo de Contralor\u00eda Sanitaria, rendimos homenaje al Comandante Eterno, cuya fuerza, visi\u00f3n y amor por Venezuela nos inspiran a seguir construyendo un pa\u00eds m\u00e1s justo, saludable y unido.<\/p><p>Su recuerdo no se borra: late en cada rinc\u00f3n, en cada trabajador, en cada sonrisa de la Venezuela que \u00e9l so\u00f1\u00f3.<\/p><p>\u00a1Juntos por cada latido, juntos por Ch\u00e1vez!<\/p><\/div>\n                <\/div><\/div>\t\t<\/div>\n\t\t\t\t<\/div>\n\t\t\t\t<\/div>\n\t\t<div class=\"elementor-element elementor-element-a2b98d2 e-con-full e-flex e-con e-child\" data-id=\"a2b98d2\" data-element_type=\"container\">\n\t\t\t\t<div class=\"elementor-element elementor-element-9d5a1a3 elementor-widget elementor-widget-image\" data-id=\"9d5a1a3\" data-element_type=\"widget\" data-widget_type=\"image.default\">\n\t\t\t\t<div class=\"elementor-widget-container\">\n\t\t\t\t\t\t\t\t\t\t\t\t\t<img loading=\"lazy\" decoding=\"async\" width=\"1280\" height=\"1280\" src=\"http:\/\/www.sacs.gob.ve\/site\/wp-content\/uploads\/2025\/07\/noticia.jpeg\" class=\"attachment-2048x2048 size-2048x2048 wp-image-16716\" alt=\"\" srcset=\"http:\/\/www.sacs.gob.ve\/site\/wp-content\/uploads\/2025\/07\/noticia.jpeg 1280w, http:\/\/www.sacs.gob.ve\/site\/wp-content\/uploads\/2025\/07\/noticia-300x300.jpeg 300w, http:\/\/www.sacs.gob.ve\/site\/wp-content\/uploads\/2025\/07\/noticia-1024x1024.jpeg 1024w, http:\/\/www.sacs.gob.ve\/site\/wp-content\/uploads\/2025\/07\/noticia-150x150.jpeg 150w, http:\/\/www.sacs.gob.ve\/site\/wp-content\/uploads\/2025\/07\/noticia-768x768.jpeg 768w\" sizes=\"(max-width: 1280px) 100vw, 1280px\" \/>\t\t\t\t\t\t\t\t\t\t\t\t\t<\/div>\n\t\t\t\t<\/div>\n\t\t\t\t<\/div>\n\t\t\t\t<\/div>\n\t\t<div class=\"elementor-element elementor-element-9a890ce e-con-full e-flex e-con e-parent\" data-id=\"9a890ce\" data-element_type=\"container\">\n\t\t<div class=\"elementor-element elementor-element-2ac648d e-con-full e-flex e-con e-child\" data-id=\"2ac648d\" data-element_type=\"container\">\n\t\t\t\t<div class=\"elementor-element elementor-element-adbf703 elementor-widget elementor-widget-heading\" data-id=\"adbf703\" data-element_type=\"widget\" data-widget_type=\"heading.default\">\n\t\t\t\t<div class=\"elementor-widget-container\">\n\t\t\t<h3 class=\"elementor-heading-title elementor-size-default\"><span style=\"font-size: 24px;\">D\u00eda Mundial de la Salud: Comprometidos con una salud accesible y de calidad para todos\n<\/span><\/h3>\t\t<\/div>\n\t\t\t\t<\/div>\n\t\t\t\t<div class=\"elementor-element elementor-element-0bedcf1 elementor-widget elementor-widget-text-editor\" data-id=\"0bedcf1\" data-element_type=\"widget\" data-widget_type=\"text-editor.default\">\n\t\t\t\t<div class=\"elementor-widget-container\">\n\t\t\t\t\t\t\t<p>Un d\u00eda como hoy, 5 de marzo de 2013, nuestra patria y nuestra revoluci\u00f3n enfrentaron una de las noticias m\u00e1s dolorosas de su historia: la partida f\u00edsica del Comandante Hugo Rafael Ch\u00e1vez Fr\u00edas, tras una valiente lucha contra el c\u00e1ncer.<\/p><p>Cada 7 de abril, desde 1948, la Organizaci\u00f3n Mundial de la Salud (OMS) nos invita a conmemorar el D\u00eda Mundial de la Salud, una fecha dedicada a fomentar la conciencia sobre los retos y avances en materia de salud p\u00fablica a nivel global.<br \/>Este d\u00eda se ha convertido en un llamado universal a la reflexi\u00f3n sobre la importancia de garantizar una salud p\u00fablica gratuita, accesible y equitativa para cada persona, sin importar su ubicaci\u00f3n. Adem\u00e1s, es una oportunidad para destacar la salud como un derecho fundamental y promover la adopci\u00f3n de h\u00e1bitos saludables, tanto de manera colectiva como individual.<\/p>\t\t\t\t\t\t<\/div>\n\t\t\t\t<\/div>\n\t\t\t\t<div class=\"elementor-element elementor-element-5f7fcff elementor-widget elementor-widget-eael-adv-accordion\" data-id=\"5f7fcff\" data-element_type=\"widget\" data-widget_type=\"eael-adv-accordion.default\">\n\t\t\t\t<div class=\"elementor-widget-container\">\n\t\t\t        <div class=\"eael-adv-accordion\" id=\"eael-adv-accordion-5f7fcff\" data-scroll-on-click=\"no\" data-scroll-speed=\"300\" data-accordion-id=\"5f7fcff\" data-accordion-type=\"accordion\" data-toogle-speed=\"300\">\n    <div class=\"eael-accordion-list\">\n                <div id=\"leer-ms\" class=\"elementor-tab-title eael-accordion-header\" tabindex=\"0\" data-tab=\"1\" aria-controls=\"elementor-tab-content-1001\"><span class=\"eael-advanced-accordion-icon-closed\"><svg aria-hidden=\"true\" class=\"fa-accordion-icon e-font-icon-svg e-fas-plus\" viewBox=\"0 0 448 512\" xmlns=\"http:\/\/www.w3.org\/2000\/svg\"><path d=\"M416 208H272V64c0-17.67-14.33-32-32-32h-32c-17.67 0-32 14.33-32 32v144H32c-17.67 0-32 14.33-32 32v32c0 17.67 14.33 32 32 32h144v144c0 17.67 14.33 32 32 32h32c17.67 0 32-14.33 32-32V304h144c17.67 0 32-14.33 32-32v-32c0-17.67-14.33-32-32-32z\"><\/path><\/svg><\/span><span class=\"eael-advanced-accordion-icon-opened\"><svg aria-hidden=\"true\" class=\"fa-accordion-icon e-font-icon-svg e-fas-minus\" viewBox=\"0 0 448 512\" xmlns=\"http:\/\/www.w3.org\/2000\/svg\"><path d=\"M416 208H32c-17.67 0-32 14.33-32 32v32c0 17.67 14.33 32 32 32h384c17.67 0 32-14.33 32-32v-32c0-17.67-14.33-32-32-32z\"><\/path><\/svg><\/span><span class=\"eael-accordion-tab-title\">Leer m\u00e1s<\/span><\/div><div id=\"elementor-tab-content-1001\" class=\"eael-accordion-content clearfix\" data-tab=\"1\" aria-labelledby=\"leer-ms\"><p>En Venezuela, la Revoluci\u00f3n Bolivariana ha colocado la salud p\u00fablica como un pilar esencial, siguiendo el legado del Presidente Hugo Ch\u00e1vez, quien impuls\u00f3 las Misiones Sociales para proteger el bienestar de nuestro pueblo. Este compromiso ha sido reforzado por el Presidente Nicol\u00e1s Maduro Moros y la ministra del Poder Popular para la Salud, Dra. Magaly Guti\u00e9rrez, quienes contin\u00faan trabajando incansablemente para garantizar una salud de calidad al servicio de toda la poblaci\u00f3n.<\/p><p>\u00a0<\/p><p>Desde el Servicio Aut\u00f3nomo de Contralor\u00eda Sanitaria, queremos rendir homenaje a nuestros m\u00e9dicos y personal sanitario, quienes, con dedicaci\u00f3n y entrega, velan cada d\u00eda por la salud de esta noble patria. Reafirmamos nuestra misi\u00f3n de garantizar un cuidado sanitario de excelencia y al alcance de todos.<\/p><p>\u00a0<\/p><p>\u00a1Juntos por Cada Latido!<\/p><\/div>\n                <\/div><\/div>\t\t<\/div>\n\t\t\t\t<\/div>\n\t\t\t\t<\/div>\n\t\t<div class=\"elementor-element elementor-element-8a17e9b e-con-full e-flex e-con e-child\" data-id=\"8a17e9b\" data-element_type=\"container\">\n\t\t\t\t<div class=\"elementor-element elementor-element-65dd676 elementor-widget elementor-widget-image\" data-id=\"65dd676\" data-element_type=\"widget\" data-widget_type=\"image.default\">\n\t\t\t\t<div class=\"elementor-widget-container\">\n\t\t\t\t\t\t\t\t\t\t\t\t\t<img loading=\"lazy\" decoding=\"async\" width=\"1280\" height=\"721\" src=\"http:\/\/www.sacs.gob.ve\/site\/wp-content\/uploads\/2025\/04\/noticia7042025.jpeg\" class=\"attachment-2048x2048 size-2048x2048 wp-image-16503\" alt=\"\" srcset=\"http:\/\/www.sacs.gob.ve\/site\/wp-content\/uploads\/2025\/04\/noticia7042025.jpeg 1280w, http:\/\/www.sacs.gob.ve\/site\/wp-content\/uploads\/2025\/04\/noticia7042025-300x169.jpeg 300w, http:\/\/www.sacs.gob.ve\/site\/wp-content\/uploads\/2025\/04\/noticia7042025-1024x577.jpeg 1024w, http:\/\/www.sacs.gob.ve\/site\/wp-content\/uploads\/2025\/04\/noticia7042025-768x433.jpeg 768w\" sizes=\"(max-width: 1280px) 100vw, 1280px\" \/>\t\t\t\t\t\t\t\t\t\t\t\t\t<\/div>\n\t\t\t\t<\/div>\n\t\t\t\t<\/div>\n\t\t\t\t<\/div>\n\t\t<div class=\"elementor-element elementor-element-316c104 e-con-full e-flex e-con e-parent\" data-id=\"316c104\" data-element_type=\"container\">\n\t\t<div class=\"elementor-element elementor-element-0197ab7 e-con-full e-flex e-con e-child\" data-id=\"0197ab7\" data-element_type=\"container\">\n\t\t\t\t<div class=\"elementor-element elementor-element-364a140 elementor-widget elementor-widget-heading\" data-id=\"364a140\" data-element_type=\"widget\" data-widget_type=\"heading.default\">\n\t\t\t\t<div class=\"elementor-widget-container\">\n\t\t\t<h3 class=\"elementor-heading-title elementor-size-default\"><span style=\"font-size: 24px;\">Hugo Ch\u00e1vez: Un Legado que Trasciende el Tiempo\n<\/span><\/h3>\t\t<\/div>\n\t\t\t\t<\/div>\n\t\t\t\t<div class=\"elementor-element elementor-element-7524d28 elementor-widget elementor-widget-text-editor\" data-id=\"7524d28\" data-element_type=\"widget\" data-widget_type=\"text-editor.default\">\n\t\t\t\t<div class=\"elementor-widget-container\">\n\t\t\t\t\t\t\t<p>Un d\u00eda como hoy, 5 de marzo de 2013, nuestra patria y nuestra revoluci\u00f3n enfrentaron una de las noticias m\u00e1s dolorosas de su historia: la partida f\u00edsica del Comandante Hugo Rafael Ch\u00e1vez Fr\u00edas, tras una valiente lucha contra el c\u00e1ncer.<\/p><p>El liderazgo del Comandante Ch\u00e1vez marc\u00f3 un antes y un despu\u00e9s en la historia de Venezuela. Su compromiso inquebrantable con los m\u00e1s humildes y su lucha por proteger a la naci\u00f3n de la opresi\u00f3n y el capitalismo desmedido dejaron una huella imborrable. Durante su mandato, nacieron misiones sociales como Barrio Adentro, Misi\u00f3n Robinson, Misi\u00f3n Sucre y Misi\u00f3n Vivienda Venezuela, transformando la vida de millones de venezolanos al garantizar acceso a la salud, la educaci\u00f3n y la vivienda.<\/p>\t\t\t\t\t\t<\/div>\n\t\t\t\t<\/div>\n\t\t\t\t<div class=\"elementor-element elementor-element-064fb48 elementor-widget elementor-widget-eael-adv-accordion\" data-id=\"064fb48\" data-element_type=\"widget\" data-widget_type=\"eael-adv-accordion.default\">\n\t\t\t\t<div class=\"elementor-widget-container\">\n\t\t\t        <div class=\"eael-adv-accordion\" id=\"eael-adv-accordion-064fb48\" data-scroll-on-click=\"no\" data-scroll-speed=\"300\" data-accordion-id=\"064fb48\" data-accordion-type=\"accordion\" data-toogle-speed=\"300\">\n    <div class=\"eael-accordion-list\">\n                <div id=\"leer-ms\" class=\"elementor-tab-title eael-accordion-header\" tabindex=\"0\" data-tab=\"1\" aria-controls=\"elementor-tab-content-6611\"><span class=\"eael-advanced-accordion-icon-closed\"><svg aria-hidden=\"true\" class=\"fa-accordion-icon e-font-icon-svg e-fas-plus\" viewBox=\"0 0 448 512\" xmlns=\"http:\/\/www.w3.org\/2000\/svg\"><path d=\"M416 208H272V64c0-17.67-14.33-32-32-32h-32c-17.67 0-32 14.33-32 32v144H32c-17.67 0-32 14.33-32 32v32c0 17.67 14.33 32 32 32h144v144c0 17.67 14.33 32 32 32h32c17.67 0 32-14.33 32-32V304h144c17.67 0 32-14.33 32-32v-32c0-17.67-14.33-32-32-32z\"><\/path><\/svg><\/span><span class=\"eael-advanced-accordion-icon-opened\"><svg aria-hidden=\"true\" class=\"fa-accordion-icon e-font-icon-svg e-fas-minus\" viewBox=\"0 0 448 512\" xmlns=\"http:\/\/www.w3.org\/2000\/svg\"><path d=\"M416 208H32c-17.67 0-32 14.33-32 32v32c0 17.67 14.33 32 32 32h384c17.67 0 32-14.33 32-32v-32c0-17.67-14.33-32-32-32z\"><\/path><\/svg><\/span><span class=\"eael-accordion-tab-title\">Leer m\u00e1s<\/span><\/div><div id=\"elementor-tab-content-6611\" class=\"eael-accordion-content clearfix\" data-tab=\"1\" aria-labelledby=\"leer-ms\"><p>Su visi\u00f3n antiimperialista y su liderazgo lo convirtieron en un faro para los movimientos sociales y progresistas a nivel mundial. Adem\u00e1s, su impulso a la creaci\u00f3n de la Alianza Bolivariana para los Pueblos de Nuestra Am\u00e9rica (ALBA) consolid\u00f3 un espacio de integraci\u00f3n regional que desafi\u00f3 los paradigmas neoliberales.<\/p><p>Hoy, el Servicio Aut\u00f3nomo de Contralor\u00eda Sanitaria se une al homenaje nacional, recordando con profundo respeto y admiraci\u00f3n al Comandante Eterno. Su legado vive en cada rinc\u00f3n de nuestra patria y en el coraz\u00f3n de todos los venezolanos, gui\u00e1ndonos hacia un futuro de justicia, dignidad y soberan\u00eda.<\/p><\/div>\n                <\/div><\/div>\t\t<\/div>\n\t\t\t\t<\/div>\n\t\t\t\t<\/div>\n\t\t<div class=\"elementor-element elementor-element-4a8ee27 e-con-full e-flex e-con e-child\" data-id=\"4a8ee27\" data-element_type=\"container\">\n\t\t\t\t<div class=\"elementor-element elementor-element-6c27a04 elementor-widget elementor-widget-image\" data-id=\"6c27a04\" data-element_type=\"widget\" data-widget_type=\"image.default\">\n\t\t\t\t<div class=\"elementor-widget-container\">\n\t\t\t\t\t\t\t\t\t\t\t\t\t<img loading=\"lazy\" decoding=\"async\" width=\"1280\" height=\"853\" src=\"http:\/\/www.sacs.gob.ve\/site\/wp-content\/uploads\/2025\/03\/noticia5marzo.jpeg\" class=\"attachment-2048x2048 size-2048x2048 wp-image-16494\" alt=\"\" srcset=\"http:\/\/www.sacs.gob.ve\/site\/wp-content\/uploads\/2025\/03\/noticia5marzo.jpeg 1280w, http:\/\/www.sacs.gob.ve\/site\/wp-content\/uploads\/2025\/03\/noticia5marzo-300x200.jpeg 300w, http:\/\/www.sacs.gob.ve\/site\/wp-content\/uploads\/2025\/03\/noticia5marzo-1024x682.jpeg 1024w, http:\/\/www.sacs.gob.ve\/site\/wp-content\/uploads\/2025\/03\/noticia5marzo-768x512.jpeg 768w\" sizes=\"(max-width: 1280px) 100vw, 1280px\" \/>\t\t\t\t\t\t\t\t\t\t\t\t\t<\/div>\n\t\t\t\t<\/div>\n\t\t\t\t<\/div>\n\t\t\t\t<\/div>\n\t\t<div class=\"elementor-element elementor-element-f793e6d e-con-full e-flex e-con e-parent\" data-id=\"f793e6d\" data-element_type=\"container\">\n\t\t<div class=\"elementor-element elementor-element-a09154b e-con-full e-flex e-con e-child\" data-id=\"a09154b\" data-element_type=\"container\">\n\t\t\t\t<div class=\"elementor-element elementor-element-f21d6d4 elementor-widget elementor-widget-heading\" data-id=\"f21d6d4\" data-element_type=\"widget\" data-widget_type=\"heading.default\">\n\t\t\t\t<div class=\"elementor-widget-container\">\n\t\t\t<h3 class=\"elementor-heading-title elementor-size-default\"><span style=\"font-size: 24px;\">El SACS se suma a la conmemoraci\u00f3n del D\u00eda Mundial de la Justicia Social: Un compromiso con la equidad y los derechos humanos\n<\/span><\/h3>\t\t<\/div>\n\t\t\t\t<\/div>\n\t\t\t\t<div class=\"elementor-element elementor-element-cfce473 elementor-widget elementor-widget-text-editor\" data-id=\"cfce473\" data-element_type=\"widget\" data-widget_type=\"text-editor.default\">\n\t\t\t\t<div class=\"elementor-widget-container\">\n\t\t\t\t\t\t\t<p>Proclamada el 24 de enero de 2019 por la Organizaci\u00f3n de las Naciones Unidas (ONU), el D\u00eda Internacional de la Educaci\u00f3n se conmemora anualmente para reconocer la importancia de la educaci\u00f3n en la formaci\u00f3n y el crecimiento de la poblaci\u00f3n en todo el mundo.<\/p><p>En el a\u00f1o 2007, la Asamblea General de las Naciones Unidas estableci\u00f3 el D\u00eda Mundial de la Justicia Social, con el prop\u00f3sito de fomentar este principio como base fundamental para construir una sociedad m\u00e1s equitativa, inclusiva y cohesionada.<\/p>\t\t\t\t\t\t<\/div>\n\t\t\t\t<\/div>\n\t\t\t\t<div class=\"elementor-element elementor-element-dcdd35c elementor-widget elementor-widget-eael-adv-accordion\" data-id=\"dcdd35c\" data-element_type=\"widget\" data-widget_type=\"eael-adv-accordion.default\">\n\t\t\t\t<div class=\"elementor-widget-container\">\n\t\t\t        <div class=\"eael-adv-accordion\" id=\"eael-adv-accordion-dcdd35c\" data-scroll-on-click=\"no\" data-scroll-speed=\"300\" data-accordion-id=\"dcdd35c\" data-accordion-type=\"accordion\" data-toogle-speed=\"300\">\n    <div class=\"eael-accordion-list\">\n                <div id=\"leer-ms\" class=\"elementor-tab-title eael-accordion-header\" tabindex=\"0\" data-tab=\"1\" aria-controls=\"elementor-tab-content-2311\"><span class=\"eael-advanced-accordion-icon-closed\"><svg aria-hidden=\"true\" class=\"fa-accordion-icon e-font-icon-svg e-fas-plus\" viewBox=\"0 0 448 512\" xmlns=\"http:\/\/www.w3.org\/2000\/svg\"><path d=\"M416 208H272V64c0-17.67-14.33-32-32-32h-32c-17.67 0-32 14.33-32 32v144H32c-17.67 0-32 14.33-32 32v32c0 17.67 14.33 32 32 32h144v144c0 17.67 14.33 32 32 32h32c17.67 0 32-14.33 32-32V304h144c17.67 0 32-14.33 32-32v-32c0-17.67-14.33-32-32-32z\"><\/path><\/svg><\/span><span class=\"eael-advanced-accordion-icon-opened\"><svg aria-hidden=\"true\" class=\"fa-accordion-icon e-font-icon-svg e-fas-minus\" viewBox=\"0 0 448 512\" xmlns=\"http:\/\/www.w3.org\/2000\/svg\"><path d=\"M416 208H32c-17.67 0-32 14.33-32 32v32c0 17.67 14.33 32 32 32h384c17.67 0 32-14.33 32-32v-32c0-17.67-14.33-32-32-32z\"><\/path><\/svg><\/span><span class=\"eael-accordion-tab-title\">Leer m\u00e1s<\/span><\/div><div id=\"elementor-tab-content-2311\" class=\"eael-accordion-content clearfix\" data-tab=\"1\" aria-labelledby=\"leer-ms\"><p>La justicia social trasciende el concepto tradicional de justicia legal, ya que se fundamenta en la igualdad de oportunidades y el respeto irrestricto a los derechos humanos. Su enfoque principal es eliminar las barreras y desigualdades que afectan a diversos grupos sociales, promoviendo la igualdad de g\u00e9nero y brindando apoyo a las comunidades m\u00e1s vulnerables.<\/p><p>\u00a0<\/p><p>En Venezuela, el Gobierno Nacional, bajo el liderazgo del presidente Nicol\u00e1s Maduro Moros y siguiendo el legado del Comandante Eterno, Hugo Ch\u00e1vez, ha asumido la justicia social como un lineamiento intr\u00ednseco y prioritario. Este compromiso se traduce en el respeto a todos los venezolanos por igual, garantizando sus derechos y responsabilidades sociales en el marco de una sociedad inclusiva y solidaria.<\/p><p>\u00a0<\/p><p>Para el Servicio Aut\u00f3nomo de Contralor\u00eda Sanitaria (SACS), este d\u00eda reviste especial importancia, ya que refleja el valor que cada trabajador de la instituci\u00f3n aporta en igualdad de condiciones. Adem\u00e1s, el SACS se compromete a impulsar la justicia social en todos sus espacios de acci\u00f3n, contribuyendo as\u00ed a la construcci\u00f3n de un pa\u00eds m\u00e1s justo y equitativo.<\/p><p>\u00a0<\/p><p>En este sentido, el SACS reafirma su dedicaci\u00f3n a promover pr\u00e1cticas que garanticen la igualdad y el bienestar colectivo, aline\u00e1ndose con los principios de justicia social que inspiran esta conmemoraci\u00f3n mundial.<\/p><\/div>\n                <\/div><\/div>\t\t<\/div>\n\t\t\t\t<\/div>\n\t\t\t\t<\/div>\n\t\t<div class=\"elementor-element elementor-element-43a25aa e-con-full e-flex e-con e-child\" data-id=\"43a25aa\" data-element_type=\"container\">\n\t\t\t\t<div class=\"elementor-element elementor-element-9463381 elementor-widget elementor-widget-image\" data-id=\"9463381\" data-element_type=\"widget\" data-widget_type=\"image.default\">\n\t\t\t\t<div class=\"elementor-widget-container\">\n\t\t\t\t\t\t\t\t\t\t\t\t\t<img loading=\"lazy\" decoding=\"async\" width=\"1280\" height=\"853\" src=\"http:\/\/www.sacs.gob.ve\/site\/wp-content\/uploads\/2025\/02\/NOTICIA20FEBRERO.jpeg\" class=\"attachment-2048x2048 size-2048x2048 wp-image-16477\" alt=\"\" srcset=\"http:\/\/www.sacs.gob.ve\/site\/wp-content\/uploads\/2025\/02\/NOTICIA20FEBRERO.jpeg 1280w, http:\/\/www.sacs.gob.ve\/site\/wp-content\/uploads\/2025\/02\/NOTICIA20FEBRERO-300x200.jpeg 300w, http:\/\/www.sacs.gob.ve\/site\/wp-content\/uploads\/2025\/02\/NOTICIA20FEBRERO-1024x682.jpeg 1024w, http:\/\/www.sacs.gob.ve\/site\/wp-content\/uploads\/2025\/02\/NOTICIA20FEBRERO-768x512.jpeg 768w\" sizes=\"(max-width: 1280px) 100vw, 1280px\" \/>\t\t\t\t\t\t\t\t\t\t\t\t\t<\/div>\n\t\t\t\t<\/div>\n\t\t\t\t<\/div>\n\t\t\t\t<\/div>\n\t\t<div class=\"elementor-element elementor-element-7098319 e-con-full e-flex e-con e-parent\" data-id=\"7098319\" data-element_type=\"container\">\n\t\t<div class=\"elementor-element elementor-element-678127b e-con-full e-flex e-con e-child\" data-id=\"678127b\" data-element_type=\"container\">\n\t\t\t\t<div class=\"elementor-element elementor-element-952e9d0 elementor-widget elementor-widget-heading\" data-id=\"952e9d0\" data-element_type=\"widget\" data-widget_type=\"heading.default\">\n\t\t\t\t<div class=\"elementor-widget-container\">\n\t\t\t<h3 class=\"elementor-heading-title elementor-size-default\"><span style=\"font-size: 24px;\">13 de febrero: D\u00eda Mundial de la Radio, un homenaje a la voz del pueblo<\/span><\/h3>\t\t<\/div>\n\t\t\t\t<\/div>\n\t\t\t\t<div class=\"elementor-element elementor-element-d376ca4 elementor-widget elementor-widget-text-editor\" data-id=\"d376ca4\" data-element_type=\"widget\" data-widget_type=\"text-editor.default\">\n\t\t\t\t<div class=\"elementor-widget-container\">\n\t\t\t\t\t\t\t<p>Proclamada el 24 de enero de 2019 por la Organizaci\u00f3n de las Naciones Unidas (ONU), el D\u00eda Internacional de la Educaci\u00f3n se conmemora anualmente para reconocer la importancia de la educaci\u00f3n en la formaci\u00f3n y el crecimiento de la poblaci\u00f3n en todo el mundo.<\/p><p>La Asamblea General de las Naciones Unidas (UNESCO), en el a\u00f1o 2012, proclam\u00f3 el 13 de febrero como el D\u00eda Mundial de la Radio, en conmemoraci\u00f3n del establecimiento de la Radio de las Naciones Unidas en 1946. Esta fecha celebra no solo la importancia de la radio como medio de comunicaci\u00f3n, sino tambi\u00e9n su invaluable rol como herramienta educativa, cultural y emocional que fomenta la uni\u00f3n entre los pueblos y promueve la diversidad de voces en el mundo.<\/p>\t\t\t\t\t\t<\/div>\n\t\t\t\t<\/div>\n\t\t\t\t<div class=\"elementor-element elementor-element-b6a5f3e elementor-widget elementor-widget-eael-adv-accordion\" data-id=\"b6a5f3e\" data-element_type=\"widget\" data-widget_type=\"eael-adv-accordion.default\">\n\t\t\t\t<div class=\"elementor-widget-container\">\n\t\t\t        <div class=\"eael-adv-accordion\" id=\"eael-adv-accordion-b6a5f3e\" data-scroll-on-click=\"no\" data-scroll-speed=\"300\" data-accordion-id=\"b6a5f3e\" data-accordion-type=\"accordion\" data-toogle-speed=\"300\">\n    <div class=\"eael-accordion-list\">\n                <div id=\"leer-ms\" class=\"elementor-tab-title eael-accordion-header\" tabindex=\"0\" data-tab=\"1\" aria-controls=\"elementor-tab-content-1911\"><span class=\"eael-advanced-accordion-icon-closed\"><svg aria-hidden=\"true\" class=\"fa-accordion-icon e-font-icon-svg e-fas-plus\" viewBox=\"0 0 448 512\" xmlns=\"http:\/\/www.w3.org\/2000\/svg\"><path d=\"M416 208H272V64c0-17.67-14.33-32-32-32h-32c-17.67 0-32 14.33-32 32v144H32c-17.67 0-32 14.33-32 32v32c0 17.67 14.33 32 32 32h144v144c0 17.67 14.33 32 32 32h32c17.67 0 32-14.33 32-32V304h144c17.67 0 32-14.33 32-32v-32c0-17.67-14.33-32-32-32z\"><\/path><\/svg><\/span><span class=\"eael-advanced-accordion-icon-opened\"><svg aria-hidden=\"true\" class=\"fa-accordion-icon e-font-icon-svg e-fas-minus\" viewBox=\"0 0 448 512\" xmlns=\"http:\/\/www.w3.org\/2000\/svg\"><path d=\"M416 208H32c-17.67 0-32 14.33-32 32v32c0 17.67 14.33 32 32 32h384c17.67 0 32-14.33 32-32v-32c0-17.67-14.33-32-32-32z\"><\/path><\/svg><\/span><span class=\"eael-accordion-tab-title\">Leer m\u00e1s<\/span><\/div><div id=\"elementor-tab-content-1911\" class=\"eael-accordion-content clearfix\" data-tab=\"1\" aria-labelledby=\"leer-ms\"><p>En Venezuela, la radio ha sido un pilar fundamental en la difusi\u00f3n de los valores democr\u00e1ticos, la soberan\u00eda nacional y el mensaje de amor y unidad que impulsa el Gobierno Bolivariano, liderado por el Presidente de la Rep\u00fablica, Nicol\u00e1s Maduro Moros. Circuitos como Radio Miraflores, YVKE Mundial y Radio del Sur han llevado a cada rinc\u00f3n de la Patria la voz de la Revoluci\u00f3n, consolid\u00e1ndose como espacios de encuentro, informaci\u00f3n y formaci\u00f3n para el pueblo venezolano.<\/p><p>\u00a0<\/p><p>Estas emisoras, alineadas con los principios de la Revoluci\u00f3n Bolivariana, han sido instrumentos clave para la defensa de la verdad, la promoci\u00f3n de la justicia social y la difusi\u00f3n de los logros alcanzados en materia de salud, educaci\u00f3n, cultura y bienestar social bajo el mandato del Comandante Eterno, Hugo Ch\u00e1vez, y continuado por el Presidente Nicol\u00e1s Maduro.<\/p><p>\u00a0<\/p><p>Desde el Servicio Aut\u00f3nomo de Contralor\u00eda Sanitaria (SACS), nos unimos a esta celebraci\u00f3n mundial, reconociendo la labor incansable de locutores, periodistas y trabajadores de la radio, quienes, a trav\u00e9s de las ondas hertzianas, informan, educan y entretienen a millones de venezolanos. Su compromiso y dedicaci\u00f3n son un ejemplo de servicio a la Patria y contribuyen a fortalecer la identidad nacional y la unidad del pueblo.<\/p><p>\u00a0<\/p><p>En este D\u00eda Mundial de la Radio, reafirmamos nuestro compromiso con la democratizaci\u00f3n de la comunicaci\u00f3n y el derecho a la informaci\u00f3n veraz, en sinton\u00eda con los principios de la Revoluci\u00f3n Bolivariana y el legado de nuestro Comandante Ch\u00e1vez.<\/p><p>\u00a0<\/p><p>\u00a1Felicidades a todos los hacedores de la radio venezolana!<br \/>\u00a1Juntos por cada latido!<\/p><\/div>\n                <\/div><\/div>\t\t<\/div>\n\t\t\t\t<\/div>\n\t\t\t\t<\/div>\n\t\t<div class=\"elementor-element elementor-element-38f522b e-con-full e-flex e-con e-child\" data-id=\"38f522b\" data-element_type=\"container\">\n\t\t\t\t<div class=\"elementor-element elementor-element-1245833 elementor-widget elementor-widget-image\" data-id=\"1245833\" data-element_type=\"widget\" data-widget_type=\"image.default\">\n\t\t\t\t<div class=\"elementor-widget-container\">\n\t\t\t\t\t\t\t\t\t\t\t\t\t<img loading=\"lazy\" decoding=\"async\" width=\"1280\" height=\"854\" src=\"http:\/\/www.sacs.gob.ve\/site\/wp-content\/uploads\/2025\/02\/NOTICIA13FEB.jpeg\" class=\"attachment-2048x2048 size-2048x2048 wp-image-16470\" alt=\"\" srcset=\"http:\/\/www.sacs.gob.ve\/site\/wp-content\/uploads\/2025\/02\/NOTICIA13FEB.jpeg 1280w, http:\/\/www.sacs.gob.ve\/site\/wp-content\/uploads\/2025\/02\/NOTICIA13FEB-300x200.jpeg 300w, http:\/\/www.sacs.gob.ve\/site\/wp-content\/uploads\/2025\/02\/NOTICIA13FEB-1024x683.jpeg 1024w, http:\/\/www.sacs.gob.ve\/site\/wp-content\/uploads\/2025\/02\/NOTICIA13FEB-768x512.jpeg 768w\" sizes=\"(max-width: 1280px) 100vw, 1280px\" \/>\t\t\t\t\t\t\t\t\t\t\t\t\t<\/div>\n\t\t\t\t<\/div>\n\t\t\t\t<\/div>\n\t\t\t\t<\/div>\n\t\t<div class=\"elementor-element elementor-element-64a3281 e-con-full e-flex e-con e-parent\" data-id=\"64a3281\" data-element_type=\"container\">\n\t\t<div class=\"elementor-element elementor-element-ad2b82c e-con-full e-flex e-con e-child\" data-id=\"ad2b82c\" data-element_type=\"container\">\n\t\t\t\t<div class=\"elementor-element elementor-element-2b4cb3c elementor-widget elementor-widget-heading\" data-id=\"2b4cb3c\" data-element_type=\"widget\" data-widget_type=\"heading.default\">\n\t\t\t\t<div class=\"elementor-widget-container\">\n\t\t\t<h3 class=\"elementor-heading-title elementor-size-default\"><span style=\"font-size: 24px;\">Venezuela celebra el D\u00eda Internacional de la Educaci\u00f3n <\/span><\/h3>\t\t<\/div>\n\t\t\t\t<\/div>\n\t\t\t\t<div class=\"elementor-element elementor-element-0508c70 elementor-widget elementor-widget-text-editor\" data-id=\"0508c70\" data-element_type=\"widget\" data-widget_type=\"text-editor.default\">\n\t\t\t\t<div class=\"elementor-widget-container\">\n\t\t\t\t\t\t\t<p>Proclamada el 24 de enero de 2019 por la Organizaci\u00f3n de las Naciones Unidas (ONU), el D\u00eda Internacional de la Educaci\u00f3n se conmemora anualmente para reconocer la importancia de la educaci\u00f3n en la formaci\u00f3n y el crecimiento de la poblaci\u00f3n en todo el mundo.<\/p><p>La educaci\u00f3n es considerada la base para una sociedad justa, igualitaria y autosuficiente. La celebraci\u00f3n de este d\u00eda tiene como objetivo incentivar la igualdad de acceso a la formaci\u00f3n profesional, eliminar las desigualdades de g\u00e9nero y riqueza, y lograr el acceso universal a una educaci\u00f3n superior de calidad.<\/p>\t\t\t\t\t\t<\/div>\n\t\t\t\t<\/div>\n\t\t\t\t<div class=\"elementor-element elementor-element-c8610bc elementor-widget elementor-widget-eael-adv-accordion\" data-id=\"c8610bc\" data-element_type=\"widget\" data-widget_type=\"eael-adv-accordion.default\">\n\t\t\t\t<div class=\"elementor-widget-container\">\n\t\t\t        <div class=\"eael-adv-accordion\" id=\"eael-adv-accordion-c8610bc\" data-scroll-on-click=\"no\" data-scroll-speed=\"300\" data-accordion-id=\"c8610bc\" data-accordion-type=\"accordion\" data-toogle-speed=\"300\">\n    <div class=\"eael-accordion-list\">\n                <div id=\"leer-ms\" class=\"elementor-tab-title eael-accordion-header\" tabindex=\"0\" data-tab=\"1\" aria-controls=\"elementor-tab-content-2101\"><span class=\"eael-advanced-accordion-icon-closed\"><svg aria-hidden=\"true\" class=\"fa-accordion-icon e-font-icon-svg e-fas-plus\" viewBox=\"0 0 448 512\" xmlns=\"http:\/\/www.w3.org\/2000\/svg\"><path d=\"M416 208H272V64c0-17.67-14.33-32-32-32h-32c-17.67 0-32 14.33-32 32v144H32c-17.67 0-32 14.33-32 32v32c0 17.67 14.33 32 32 32h144v144c0 17.67 14.33 32 32 32h32c17.67 0 32-14.33 32-32V304h144c17.67 0 32-14.33 32-32v-32c0-17.67-14.33-32-32-32z\"><\/path><\/svg><\/span><span class=\"eael-advanced-accordion-icon-opened\"><svg aria-hidden=\"true\" class=\"fa-accordion-icon e-font-icon-svg e-fas-minus\" viewBox=\"0 0 448 512\" xmlns=\"http:\/\/www.w3.org\/2000\/svg\"><path d=\"M416 208H32c-17.67 0-32 14.33-32 32v32c0 17.67 14.33 32 32 32h384c17.67 0 32-14.33 32-32v-32c0-17.67-14.33-32-32-32z\"><\/path><\/svg><\/span><span class=\"eael-accordion-tab-title\">Leer m\u00e1s<\/span><\/div><div id=\"elementor-tab-content-2101\" class=\"eael-accordion-content clearfix\" data-tab=\"1\" aria-labelledby=\"leer-ms\"><p>En Venezuela, siguiendo la l\u00ednea establecida por el Comandante Hugo Ch\u00e1vez, el Presidente Nicol\u00e1s Maduro Moros ha destacado la educaci\u00f3n venezolana como un pilar fundamental en su agenda social. Durante su mandato, ha resaltado el valor de la educaci\u00f3n en el crecimiento del estado venezolano.<\/p><p>\u00a0<\/p><p>Desde el Servicio Aut\u00f3nomo de Contralor\u00eda Sanitaria, reconocemos y felicitamos a todos los educadores venezolanos que, d\u00eda a d\u00eda, realizan un excelente trabajo para fomentar la educaci\u00f3n en cada rinc\u00f3n de nuestra patria.<\/p><p>\u00a1Felicidades para todos! \u00a1Juntos por Cada Latido!<\/p><\/div>\n                <\/div><\/div>\t\t<\/div>\n\t\t\t\t<\/div>\n\t\t\t\t<\/div>\n\t\t<div class=\"elementor-element elementor-element-51c2453 e-con-full e-flex e-con e-child\" data-id=\"51c2453\" data-element_type=\"container\">\n\t\t\t\t<div class=\"elementor-element elementor-element-636001f elementor-widget elementor-widget-image\" data-id=\"636001f\" data-element_type=\"widget\" data-widget_type=\"image.default\">\n\t\t\t\t<div class=\"elementor-widget-container\">\n\t\t\t\t\t\t\t\t\t\t\t\t\t<img loading=\"lazy\" decoding=\"async\" width=\"900\" height=\"506\" src=\"http:\/\/www.sacs.gob.ve\/site\/wp-content\/uploads\/2025\/01\/NOTICIA24.jpeg\" class=\"attachment-2048x2048 size-2048x2048 wp-image-16322\" alt=\"\" srcset=\"http:\/\/www.sacs.gob.ve\/site\/wp-content\/uploads\/2025\/01\/NOTICIA24.jpeg 900w, http:\/\/www.sacs.gob.ve\/site\/wp-content\/uploads\/2025\/01\/NOTICIA24-300x169.jpeg 300w, http:\/\/www.sacs.gob.ve\/site\/wp-content\/uploads\/2025\/01\/NOTICIA24-768x432.jpeg 768w\" sizes=\"(max-width: 900px) 100vw, 900px\" \/>\t\t\t\t\t\t\t\t\t\t\t\t\t<\/div>\n\t\t\t\t<\/div>\n\t\t\t\t<\/div>\n\t\t\t\t<\/div>\n\t\t<div class=\"elementor-element elementor-element-689f120 e-con-full e-flex e-con e-parent\" data-id=\"689f120\" data-element_type=\"container\">\n\t\t<div class=\"elementor-element elementor-element-099461e e-con-full e-flex e-con e-child\" data-id=\"099461e\" data-element_type=\"container\">\n\t\t\t\t<div class=\"elementor-element elementor-element-f9a6d93 elementor-widget elementor-widget-heading\" data-id=\"f9a6d93\" data-element_type=\"widget\" data-widget_type=\"heading.default\">\n\t\t\t\t<div class=\"elementor-widget-container\">\n\t\t\t<h3 class=\"elementor-heading-title elementor-size-default\"><span style=\"font-size: 24px;\">Celebramos el D\u00eda del Pediatra: Homenaje a los guardianes de la Salud Infantil <\/span><\/h3>\t\t<\/div>\n\t\t\t\t<\/div>\n\t\t\t\t<div class=\"elementor-element elementor-element-c3d3c46 elementor-widget elementor-widget-text-editor\" data-id=\"c3d3c46\" data-element_type=\"widget\" data-widget_type=\"text-editor.default\">\n\t\t\t\t<div class=\"elementor-widget-container\">\n\t\t\t\t\t\t\t<p>Este lunes 20 de enero, celebramos a lo largo del territorio nacional el D\u00eda del Pediatra, una especialidad vital en el cuidado de la salud de los m\u00e1s peque\u00f1os de la patria. En esta fecha tan significativa, extendemos nuestras m\u00e1s sinceras felicitaciones a estos profesionales de la salud, quienes con dedicaci\u00f3n y compromiso velan por el bienestar infantil los 365 d\u00edas del a\u00f1o.<\/p><p>Para el pueblo venezolano, la Pediatr\u00eda representa una rama fundamental de la medicina, esencial para garantizar la salud y el desarrollo integral de nuestros infantes. Los pediatras, con su inquebrantable sentido de responsabilidad y vocaci\u00f3n de servicio, se han convertido en pilares indispensables en la construcci\u00f3n de un futuro saludable para nuestra naci\u00f3n.<\/p>\t\t\t\t\t\t<\/div>\n\t\t\t\t<\/div>\n\t\t\t\t<div class=\"elementor-element elementor-element-aaf4b12 elementor-widget elementor-widget-eael-adv-accordion\" data-id=\"aaf4b12\" data-element_type=\"widget\" data-widget_type=\"eael-adv-accordion.default\">\n\t\t\t\t<div class=\"elementor-widget-container\">\n\t\t\t        <div class=\"eael-adv-accordion\" id=\"eael-adv-accordion-aaf4b12\" data-scroll-on-click=\"no\" data-scroll-speed=\"300\" data-accordion-id=\"aaf4b12\" data-accordion-type=\"accordion\" data-toogle-speed=\"300\">\n    <div class=\"eael-accordion-list\">\n                <div id=\"leer-ms\" class=\"elementor-tab-title eael-accordion-header\" tabindex=\"0\" data-tab=\"1\" aria-controls=\"elementor-tab-content-1791\"><span class=\"eael-advanced-accordion-icon-closed\"><svg aria-hidden=\"true\" class=\"fa-accordion-icon e-font-icon-svg e-fas-plus\" viewBox=\"0 0 448 512\" xmlns=\"http:\/\/www.w3.org\/2000\/svg\"><path d=\"M416 208H272V64c0-17.67-14.33-32-32-32h-32c-17.67 0-32 14.33-32 32v144H32c-17.67 0-32 14.33-32 32v32c0 17.67 14.33 32 32 32h144v144c0 17.67 14.33 32 32 32h32c17.67 0 32-14.33 32-32V304h144c17.67 0 32-14.33 32-32v-32c0-17.67-14.33-32-32-32z\"><\/path><\/svg><\/span><span class=\"eael-advanced-accordion-icon-opened\"><svg aria-hidden=\"true\" class=\"fa-accordion-icon e-font-icon-svg e-fas-minus\" viewBox=\"0 0 448 512\" xmlns=\"http:\/\/www.w3.org\/2000\/svg\"><path d=\"M416 208H32c-17.67 0-32 14.33-32 32v32c0 17.67 14.33 32 32 32h384c17.67 0 32-14.33 32-32v-32c0-17.67-14.33-32-32-32z\"><\/path><\/svg><\/span><span class=\"eael-accordion-tab-title\">Leer m\u00e1s<\/span><\/div><div id=\"elementor-tab-content-1791\" class=\"eael-accordion-content clearfix\" data-tab=\"1\" aria-labelledby=\"leer-ms\"><p>Siguiendo la l\u00ednea trazada por el Presidente Nicol\u00e1s Maduro Moros, y la ministra del Poder Popular para la Salud, Magaly Guti\u00e9rrez, desde el Servicio Aut\u00f3nomo de Contralor\u00eda Sanitaria, reconocemos y felicitamos a todos los pediatras en su d\u00eda. Agradecemos profundamente su labor incansable y su vocaci\u00f3n por cuidar la salud de nuestros ni\u00f1os, quienes son el futuro de la patria.<\/p><p>\u00a0<\/p><p>Nuestra ministra de salud vela por el cumplimiento del debido ejercicio de esta profesi\u00f3n, asegurando que nuestros pediatras cuenten con los insumos de calidad necesarios para brindar una atenci\u00f3n \u00f3ptima a los m\u00e1s peque\u00f1os de la patria. En este D\u00eda del Pediatra, reafirmamos nuestro compromiso de seguir trabajando juntos por cada latido, fortaleciendo el sistema de salud y garantizando el acceso a servicios m\u00e9dicos de calidad para todos los ni\u00f1os y ni\u00f1as de Venezuela.<\/p><p>\u00a0<\/p><p>En este d\u00eda tan especial, queremos resaltar el invaluable aporte de nuestros educadores, quienes d\u00eda a d\u00eda, con su vocaci\u00f3n y compromiso, moldean el futuro de nuestra naci\u00f3n. La educaci\u00f3n es la base del progreso, y nuestros maestros son los art\u00edfices de este noble proceso.<\/p><p>\u00a0<\/p><p>Desde el Servicio Aut\u00f3nomo de Contralor\u00eda Sanitaria, extendemos nuestras m\u00e1s sinceras felicitaciones a todos los maestros a lo largo del territorio nacional. Agradecemos profundamente su inquebrantable vocaci\u00f3n y dedicaci\u00f3n diaria, que inspiran y transforman vidas.<\/p><p>\u00a0<\/p><p>Reiteramos nuestro compromiso de seguir apoyando y fortaleciendo el sistema educativo, asegurando que nuestros maestros cuenten con los recursos y el reconocimiento que merecen.<\/p><p>\u00a0<\/p><p>\u00a1Juntos por Cada Latido!<\/p><\/div>\n                <\/div><\/div>\t\t<\/div>\n\t\t\t\t<\/div>\n\t\t\t\t<\/div>\n\t\t<div class=\"elementor-element elementor-element-8b49ddc e-con-full e-flex e-con e-child\" data-id=\"8b49ddc\" data-element_type=\"container\">\n\t\t\t\t<div class=\"elementor-element elementor-element-641a2c8 elementor-widget elementor-widget-image\" data-id=\"641a2c8\" data-element_type=\"widget\" data-widget_type=\"image.default\">\n\t\t\t\t<div class=\"elementor-widget-container\">\n\t\t\t\t\t\t\t\t\t\t\t\t\t<img loading=\"lazy\" decoding=\"async\" width=\"1280\" height=\"960\" src=\"http:\/\/www.sacs.gob.ve\/site\/wp-content\/uploads\/2025\/01\/NOTICIA20ENEERO.jpeg\" class=\"attachment-1536x1536 size-1536x1536 wp-image-16318\" alt=\"\" srcset=\"http:\/\/www.sacs.gob.ve\/site\/wp-content\/uploads\/2025\/01\/NOTICIA20ENEERO.jpeg 1280w, http:\/\/www.sacs.gob.ve\/site\/wp-content\/uploads\/2025\/01\/NOTICIA20ENEERO-300x225.jpeg 300w, http:\/\/www.sacs.gob.ve\/site\/wp-content\/uploads\/2025\/01\/NOTICIA20ENEERO-1024x768.jpeg 1024w, http:\/\/www.sacs.gob.ve\/site\/wp-content\/uploads\/2025\/01\/NOTICIA20ENEERO-768x576.jpeg 768w\" sizes=\"(max-width: 1280px) 100vw, 1280px\" \/>\t\t\t\t\t\t\t\t\t\t\t\t\t<\/div>\n\t\t\t\t<\/div>\n\t\t\t\t<\/div>\n\t\t\t\t<\/div>\n\t\t<div class=\"elementor-element elementor-element-73f3a76 e-con-full e-flex e-con e-parent\" data-id=\"73f3a76\" data-element_type=\"container\">\n\t\t<div class=\"elementor-element elementor-element-e1d6c35 e-con-full e-flex e-con e-child\" data-id=\"e1d6c35\" data-element_type=\"container\">\n\t\t\t\t<div class=\"elementor-element elementor-element-b2fbbe4 elementor-widget elementor-widget-heading\" data-id=\"b2fbbe4\" data-element_type=\"widget\" data-widget_type=\"heading.default\">\n\t\t\t\t<div class=\"elementor-widget-container\">\n\t\t\t<h3 class=\"elementor-heading-title elementor-size-default\"><span style=\"font-size: 24px;\">Venezuela Celebra el D\u00eda del Maestro: Honrando a los Constructores del Futuro de la Patria <\/span><\/h3>\t\t<\/div>\n\t\t\t\t<\/div>\n\t\t\t\t<div class=\"elementor-element elementor-element-dcd7af1 elementor-widget elementor-widget-text-editor\" data-id=\"dcd7af1\" data-element_type=\"widget\" data-widget_type=\"text-editor.default\">\n\t\t\t\t<div class=\"elementor-widget-container\">\n\t\t\t\t\t\t\t<p>El 15 de enero, Venezuela celebra con orgullo el D\u00eda del Maestro, una fecha significativa que conmemora la fundaci\u00f3n de la Sociedad de Maestros de Instrucci\u00f3n Primaria el 15 de enero de 1932. En este evento hist\u00f3rico, el maestro Luis Beltr\u00e1n Prieto Figueroa tuvo una destacada participaci\u00f3n, sentando las bases para la dignificaci\u00f3n de la labor docente en nuestro pa\u00eds.<\/p><p>Esta sociedad fue creada con el noble prop\u00f3sito de elevar y reconocer la labor de los educadores de la \u00e9poca, promoviendo la primera convenci\u00f3n de maestros, realizada cuatro a\u00f1os m\u00e1s tarde, en 1936. Desde entonces, los maestros han sido los pilares fundamentales en la construcci\u00f3n de una sociedad educada y consciente.<\/p>\t\t\t\t\t\t<\/div>\n\t\t\t\t<\/div>\n\t\t\t\t<div class=\"elementor-element elementor-element-399be4a elementor-widget elementor-widget-eael-adv-accordion\" data-id=\"399be4a\" data-element_type=\"widget\" data-widget_type=\"eael-adv-accordion.default\">\n\t\t\t\t<div class=\"elementor-widget-container\">\n\t\t\t        <div class=\"eael-adv-accordion\" id=\"eael-adv-accordion-399be4a\" data-scroll-on-click=\"no\" data-scroll-speed=\"300\" data-accordion-id=\"399be4a\" data-accordion-type=\"accordion\" data-toogle-speed=\"300\">\n    <div class=\"eael-accordion-list\">\n                <div id=\"leer-ms\" class=\"elementor-tab-title eael-accordion-header\" tabindex=\"0\" data-tab=\"1\" aria-controls=\"elementor-tab-content-6041\"><span class=\"eael-advanced-accordion-icon-closed\"><svg aria-hidden=\"true\" class=\"fa-accordion-icon e-font-icon-svg e-fas-plus\" viewBox=\"0 0 448 512\" xmlns=\"http:\/\/www.w3.org\/2000\/svg\"><path d=\"M416 208H272V64c0-17.67-14.33-32-32-32h-32c-17.67 0-32 14.33-32 32v144H32c-17.67 0-32 14.33-32 32v32c0 17.67 14.33 32 32 32h144v144c0 17.67 14.33 32 32 32h32c17.67 0 32-14.33 32-32V304h144c17.67 0 32-14.33 32-32v-32c0-17.67-14.33-32-32-32z\"><\/path><\/svg><\/span><span class=\"eael-advanced-accordion-icon-opened\"><svg aria-hidden=\"true\" class=\"fa-accordion-icon e-font-icon-svg e-fas-minus\" viewBox=\"0 0 448 512\" xmlns=\"http:\/\/www.w3.org\/2000\/svg\"><path d=\"M416 208H32c-17.67 0-32 14.33-32 32v32c0 17.67 14.33 32 32 32h384c17.67 0 32-14.33 32-32v-32c0-17.67-14.33-32-32-32z\"><\/path><\/svg><\/span><span class=\"eael-accordion-tab-title\">Leer m\u00e1s<\/span><\/div><div id=\"elementor-tab-content-6041\" class=\"eael-accordion-content clearfix\" data-tab=\"1\" aria-labelledby=\"leer-ms\"><p>Siguiendo el legado del Comandante Eterno, Hugo Ch\u00e1vez, nuestro Presidente Nicol\u00e1s Maduro, a\u00f1o tras a\u00f1o, trabaja incansablemente para enaltecer el esfuerzo y la dedicaci\u00f3n de todos nuestros maestros. El Gobierno Bolivariano est\u00e1 comprometido con el fortalecimiento de las escuelas y el sistema educativo, reconociendo que son los maestros quienes construyen y forman a los semilleros de la patria.<\/p><p>En este d\u00eda tan especial, queremos resaltar el invaluable aporte de nuestros educadores, quienes d\u00eda a d\u00eda, con su vocaci\u00f3n y compromiso, moldean el futuro de nuestra naci\u00f3n. La educaci\u00f3n es la base del progreso, y nuestros maestros son los art\u00edfices de este noble proceso.<\/p><p>Desde el Servicio Aut\u00f3nomo de Contralor\u00eda Sanitaria, extendemos nuestras m\u00e1s sinceras felicitaciones a todos los maestros a lo largo del territorio nacional. Agradecemos profundamente su inquebrantable vocaci\u00f3n y dedicaci\u00f3n diaria, que inspiran y transforman vidas.<\/p><p>Reiteramos nuestro compromiso de seguir apoyando y fortaleciendo el sistema educativo, asegurando que nuestros maestros cuenten con los recursos y el reconocimiento que merecen.<\/p><p>\u00a1Juntos por Cada Latido!<\/p><\/div>\n                <\/div><\/div>\t\t<\/div>\n\t\t\t\t<\/div>\n\t\t\t\t<\/div>\n\t\t<div class=\"elementor-element elementor-element-888b3ad e-con-full e-flex e-con e-child\" data-id=\"888b3ad\" data-element_type=\"container\">\n\t\t\t\t<div class=\"elementor-element elementor-element-2a5bd73 elementor-widget elementor-widget-image\" data-id=\"2a5bd73\" data-element_type=\"widget\" data-widget_type=\"image.default\">\n\t\t\t\t<div class=\"elementor-widget-container\">\n\t\t\t\t\t\t\t\t\t\t\t\t\t<img loading=\"lazy\" decoding=\"async\" width=\"512\" height=\"276\" src=\"http:\/\/www.sacs.gob.ve\/site\/wp-content\/uploads\/2025\/01\/NOTICIA15ENERO.jpeg\" class=\"attachment-1536x1536 size-1536x1536 wp-image-16311\" alt=\"\" srcset=\"http:\/\/www.sacs.gob.ve\/site\/wp-content\/uploads\/2025\/01\/NOTICIA15ENERO.jpeg 512w, http:\/\/www.sacs.gob.ve\/site\/wp-content\/uploads\/2025\/01\/NOTICIA15ENERO-300x162.jpeg 300w\" sizes=\"(max-width: 512px) 100vw, 512px\" \/>\t\t\t\t\t\t\t\t\t\t\t\t\t<\/div>\n\t\t\t\t<\/div>\n\t\t\t\t<\/div>\n\t\t\t\t<\/div>\n\t\t<div class=\"elementor-element elementor-element-953fbfb e-con-full e-flex e-con e-parent\" data-id=\"953fbfb\" data-element_type=\"container\">\n\t\t<div class=\"elementor-element elementor-element-21ebd44 e-con-full e-flex e-con e-child\" data-id=\"21ebd44\" data-element_type=\"container\">\n\t\t\t\t<div class=\"elementor-element elementor-element-049bf96 elementor-widget elementor-widget-heading\" data-id=\"049bf96\" data-element_type=\"widget\" data-widget_type=\"heading.default\">\n\t\t\t\t<div class=\"elementor-widget-container\">\n\t\t\t<h3 class=\"elementor-heading-title elementor-size-default\"><span style=\"font-size: 24px;\">Venezuela se une al D\u00eda Mundial contra la Depresi\u00f3n: Un llamado a la concientizaci\u00f3n sobre la salud mental.<\/span><\/h3>\t\t<\/div>\n\t\t\t\t<\/div>\n\t\t\t\t<div class=\"elementor-element elementor-element-6b95469 elementor-widget elementor-widget-text-editor\" data-id=\"6b95469\" data-element_type=\"widget\" data-widget_type=\"text-editor.default\">\n\t\t\t\t<div class=\"elementor-widget-container\">\n\t\t\t\t\t\t\t<p>Este lunes 13 de enero de 2025, se celebra en Venezuela y en el resto del mundo el D\u00eda Mundial contra la Depresi\u00f3n, una enfermedad que afecta a m\u00e1s de 300 millones de personas cada a\u00f1o, seg\u00fan cifras de la Organizaci\u00f3n Mundial de la Salud (OMS).<\/p><p>La OMS define la depresi\u00f3n como un trastorno mental que influye en el estado de \u00e1nimo, el pensamiento, el comportamiento y la funci\u00f3n f\u00edsica. Se caracteriza por s\u00edntomas como tristeza, p\u00e9rdida de inter\u00e9s, cambios en el apetito y el sue\u00f1o, fatiga, sentimientos de culpa y dificultades en la concentraci\u00f3n.<\/p>\t\t\t\t\t\t<\/div>\n\t\t\t\t<\/div>\n\t\t\t\t<div class=\"elementor-element elementor-element-d7e4497 elementor-widget elementor-widget-eael-adv-accordion\" data-id=\"d7e4497\" data-element_type=\"widget\" data-widget_type=\"eael-adv-accordion.default\">\n\t\t\t\t<div class=\"elementor-widget-container\">\n\t\t\t        <div class=\"eael-adv-accordion\" id=\"eael-adv-accordion-d7e4497\" data-scroll-on-click=\"no\" data-scroll-speed=\"300\" data-accordion-id=\"d7e4497\" data-accordion-type=\"accordion\" data-toogle-speed=\"300\">\n    <div class=\"eael-accordion-list\">\n                <div id=\"leer-ms\" class=\"elementor-tab-title eael-accordion-header\" tabindex=\"0\" data-tab=\"1\" aria-controls=\"elementor-tab-content-2261\"><span class=\"eael-advanced-accordion-icon-closed\"><svg aria-hidden=\"true\" class=\"fa-accordion-icon e-font-icon-svg e-fas-plus\" viewBox=\"0 0 448 512\" xmlns=\"http:\/\/www.w3.org\/2000\/svg\"><path d=\"M416 208H272V64c0-17.67-14.33-32-32-32h-32c-17.67 0-32 14.33-32 32v144H32c-17.67 0-32 14.33-32 32v32c0 17.67 14.33 32 32 32h144v144c0 17.67 14.33 32 32 32h32c17.67 0 32-14.33 32-32V304h144c17.67 0 32-14.33 32-32v-32c0-17.67-14.33-32-32-32z\"><\/path><\/svg><\/span><span class=\"eael-advanced-accordion-icon-opened\"><svg aria-hidden=\"true\" class=\"fa-accordion-icon e-font-icon-svg e-fas-minus\" viewBox=\"0 0 448 512\" xmlns=\"http:\/\/www.w3.org\/2000\/svg\"><path d=\"M416 208H32c-17.67 0-32 14.33-32 32v32c0 17.67 14.33 32 32 32h384c17.67 0 32-14.33 32-32v-32c0-17.67-14.33-32-32-32z\"><\/path><\/svg><\/span><span class=\"eael-accordion-tab-title\">Leer m\u00e1s<\/span><\/div><div id=\"elementor-tab-content-2261\" class=\"eael-accordion-content clearfix\" data-tab=\"1\" aria-labelledby=\"leer-ms\"><p><span style=\"font-family: var(--global-body-font-family);\">En Venezuela, el gobierno del Presidente Nicol\u00e1s Maduro, a trav\u00e9s de la Ministra del Poder Popular para la Salud, Magaly Guti\u00e9rrez, y el Ministerio del Poder Popular para la Salud, se encarga de promover y concientizar al pueblo venezolano sobre la importancia de mantener una buena salud mental para prevenir esta enfermedad.<\/span><\/p><p>\u00a0<\/p><p><span style=\"font-family: var(--global-body-font-family);\">Desde el Servicio Aut\u00f3nomo de Contralor\u00eda Sanitaria, reconocemos la labor de todos los psiquiatras y psicologos de nuestra patria, quienes d\u00eda a d\u00eda trabajan incansablemente por la salud mental del pueblo venezolano.\u00a1Juntos por Cada Latido!<\/span><\/p><\/div>\n                <\/div><\/div>\t\t<\/div>\n\t\t\t\t<\/div>\n\t\t\t\t<\/div>\n\t\t<div class=\"elementor-element elementor-element-faa5188 e-con-full e-flex e-con e-child\" data-id=\"faa5188\" data-element_type=\"container\">\n\t\t\t\t<div class=\"elementor-element elementor-element-64bf349 elementor-widget elementor-widget-image\" data-id=\"64bf349\" data-element_type=\"widget\" data-widget_type=\"image.default\">\n\t\t\t\t<div class=\"elementor-widget-container\">\n\t\t\t\t\t\t\t\t\t\t\t\t\t<img loading=\"lazy\" decoding=\"async\" width=\"1080\" height=\"810\" src=\"http:\/\/www.sacs.gob.ve\/site\/wp-content\/uploads\/2025\/01\/NOTICIA-13ENERO.jpeg\" class=\"attachment-1536x1536 size-1536x1536 wp-image-16307\" alt=\"\" srcset=\"http:\/\/www.sacs.gob.ve\/site\/wp-content\/uploads\/2025\/01\/NOTICIA-13ENERO.jpeg 1080w, http:\/\/www.sacs.gob.ve\/site\/wp-content\/uploads\/2025\/01\/NOTICIA-13ENERO-300x225.jpeg 300w, http:\/\/www.sacs.gob.ve\/site\/wp-content\/uploads\/2025\/01\/NOTICIA-13ENERO-1024x768.jpeg 1024w, http:\/\/www.sacs.gob.ve\/site\/wp-content\/uploads\/2025\/01\/NOTICIA-13ENERO-768x576.jpeg 768w\" sizes=\"(max-width: 1080px) 100vw, 1080px\" \/>\t\t\t\t\t\t\t\t\t\t\t\t\t<\/div>\n\t\t\t\t<\/div>\n\t\t\t\t<\/div>\n\t\t\t\t<\/div>\n\t\t<div class=\"elementor-element elementor-element-3e85a21 e-con-full e-flex e-con e-parent\" data-id=\"3e85a21\" data-element_type=\"container\">\n\t\t<div class=\"elementor-element elementor-element-8f41abd e-con-full e-flex e-con e-child\" data-id=\"8f41abd\" data-element_type=\"container\">\n\t\t\t\t<div class=\"elementor-element elementor-element-c9f792f elementor-widget elementor-widget-heading\" data-id=\"c9f792f\" data-element_type=\"widget\" data-widget_type=\"heading.default\">\n\t\t\t\t<div class=\"elementor-widget-container\">\n\t\t\t<h3 class=\"elementor-heading-title elementor-size-default\"><span style=\"font-size: 24px;\">D\u00eda Mundial de la Pesca<\/span><\/h3>\t\t<\/div>\n\t\t\t\t<\/div>\n\t\t\t\t<div class=\"elementor-element elementor-element-ab1213d elementor-widget elementor-widget-text-editor\" data-id=\"ab1213d\" data-element_type=\"widget\" data-widget_type=\"text-editor.default\">\n\t\t\t\t<div class=\"elementor-widget-container\">\n\t\t\t\t\t\t\t<p>En Venezuela, el sector pesquero es fundamental para la econom\u00eda y la alimentaci\u00f3n nacional, gracias a los m\u00e1s de 2.300 kil\u00f3metros de costas y la vasta hidrograf\u00eda que rodea nuestro territorio. Esta producci\u00f3n pesquera abarca una amplia variedad de especies y proporciona empleo directo a miles de pescadores.<\/p>\t\t\t\t\t\t<\/div>\n\t\t\t\t<\/div>\n\t\t\t\t<div class=\"elementor-element elementor-element-34d624a elementor-widget elementor-widget-eael-adv-accordion\" data-id=\"34d624a\" data-element_type=\"widget\" data-widget_type=\"eael-adv-accordion.default\">\n\t\t\t\t<div class=\"elementor-widget-container\">\n\t\t\t        <div class=\"eael-adv-accordion\" id=\"eael-adv-accordion-34d624a\" data-scroll-on-click=\"no\" data-scroll-speed=\"300\" data-accordion-id=\"34d624a\" data-accordion-type=\"accordion\" data-toogle-speed=\"300\">\n    <div class=\"eael-accordion-list\">\n                <div id=\"leer-ms\" class=\"elementor-tab-title eael-accordion-header\" tabindex=\"0\" data-tab=\"1\" aria-controls=\"elementor-tab-content-5541\"><span class=\"eael-advanced-accordion-icon-closed\"><svg aria-hidden=\"true\" class=\"fa-accordion-icon e-font-icon-svg e-fas-plus\" viewBox=\"0 0 448 512\" xmlns=\"http:\/\/www.w3.org\/2000\/svg\"><path d=\"M416 208H272V64c0-17.67-14.33-32-32-32h-32c-17.67 0-32 14.33-32 32v144H32c-17.67 0-32 14.33-32 32v32c0 17.67 14.33 32 32 32h144v144c0 17.67 14.33 32 32 32h32c17.67 0 32-14.33 32-32V304h144c17.67 0 32-14.33 32-32v-32c0-17.67-14.33-32-32-32z\"><\/path><\/svg><\/span><span class=\"eael-advanced-accordion-icon-opened\"><svg aria-hidden=\"true\" class=\"fa-accordion-icon e-font-icon-svg e-fas-minus\" viewBox=\"0 0 448 512\" xmlns=\"http:\/\/www.w3.org\/2000\/svg\"><path d=\"M416 208H32c-17.67 0-32 14.33-32 32v32c0 17.67 14.33 32 32 32h384c17.67 0 32-14.33 32-32v-32c0-17.67-14.33-32-32-32z\"><\/path><\/svg><\/span><span class=\"eael-accordion-tab-title\">Leer m\u00e1s<\/span><\/div><div id=\"elementor-tab-content-5541\" class=\"eael-accordion-content clearfix\" data-tab=\"1\" aria-labelledby=\"leer-ms\"><p>La industria camaronera venezolana es particularmente relevante, con un crecimiento sostenido que fortalece la econom\u00eda nacional. Gracias a las pol\u00edticas del Gobierno Bolivariano y la colaboraci\u00f3n con el sector empresarial privado, se ha logrado la exportaci\u00f3n de numerosas especies a diversos destinos internacionales.<\/p><p>\u00a0<\/p><p>Siguiendo la visi\u00f3n del Comandante Eterno Hugo Ch\u00e1vez y bajo el liderazgo del Presidente Nicol\u00e1s Maduro, se ha impulsado y apoyado esta honorable labor realizada por nuestros pesqueros en todo el pa\u00eds. El Gobierno Bolivariano y el Servicio Aut\u00f3nomo de Contralor\u00eda Sanitaria se comprometen a seguir fortaleciendo este importante sector.<\/p><p>\u00a0<\/p><p>En el Servicio Aut\u00f3nomo de Contralor\u00eda Sanitaria, celebramos esta efem\u00e9ride y reafirmamos nuestro apoyo al sector pesquero que enaltece la actividad alimenticia en el pa\u00eds.<\/p><p>\u00a0<\/p><p>\u00a1Juntos por Cada Latido!<\/p><\/div>\n                <\/div><\/div>\t\t<\/div>\n\t\t\t\t<\/div>\n\t\t\t\t<\/div>\n\t\t<div class=\"elementor-element elementor-element-39c2474 e-con-full e-flex e-con e-child\" data-id=\"39c2474\" data-element_type=\"container\">\n\t\t\t\t<div class=\"elementor-element elementor-element-cb51df8 elementor-widget elementor-widget-image\" data-id=\"cb51df8\" data-element_type=\"widget\" data-widget_type=\"image.default\">\n\t\t\t\t<div class=\"elementor-widget-container\">\n\t\t\t\t\t\t\t\t\t\t\t\t\t<img loading=\"lazy\" decoding=\"async\" width=\"1280\" height=\"853\" src=\"http:\/\/www.sacs.gob.ve\/site\/wp-content\/uploads\/2024\/11\/noticia21nov.jpeg\" class=\"attachment-1536x1536 size-1536x1536 wp-image-16270\" alt=\"\" srcset=\"http:\/\/www.sacs.gob.ve\/site\/wp-content\/uploads\/2024\/11\/noticia21nov.jpeg 1280w, http:\/\/www.sacs.gob.ve\/site\/wp-content\/uploads\/2024\/11\/noticia21nov-300x200.jpeg 300w, http:\/\/www.sacs.gob.ve\/site\/wp-content\/uploads\/2024\/11\/noticia21nov-1024x682.jpeg 1024w, http:\/\/www.sacs.gob.ve\/site\/wp-content\/uploads\/2024\/11\/noticia21nov-768x512.jpeg 768w\" sizes=\"(max-width: 1280px) 100vw, 1280px\" \/>\t\t\t\t\t\t\t\t\t\t\t\t\t<\/div>\n\t\t\t\t<\/div>\n\t\t\t\t<\/div>\n\t\t\t\t<\/div>\n\t\t<div class=\"elementor-element elementor-element-6a3feb1 e-con-full e-flex e-con e-parent\" data-id=\"6a3feb1\" data-element_type=\"container\">\n\t\t<div class=\"elementor-element elementor-element-3c7e1fe e-con-full e-flex e-con e-child\" data-id=\"3c7e1fe\" data-element_type=\"container\">\n\t\t\t\t<div class=\"elementor-element elementor-element-16fb768 elementor-widget elementor-widget-heading\" data-id=\"16fb768\" data-element_type=\"widget\" data-widget_type=\"heading.default\">\n\t\t\t\t<div class=\"elementor-widget-container\">\n\t\t\t<h3 class=\"elementor-heading-title elementor-size-default\"><span style=\"font-size: 24px;\">D\u00eda Mundial contra la Diabetes<\/span><\/h3>\t\t<\/div>\n\t\t\t\t<\/div>\n\t\t\t\t<div class=\"elementor-element elementor-element-771a32b elementor-widget elementor-widget-text-editor\" data-id=\"771a32b\" data-element_type=\"widget\" data-widget_type=\"text-editor.default\">\n\t\t\t\t<div class=\"elementor-widget-container\">\n\t\t\t\t\t\t\t<p>El D\u00eda Mundial contra la Diabetes fue instaurado en 1991 por la Federaci\u00f3n Internacional de Diabetes (FID) y la Organizaci\u00f3n Mundial de la Salud (OMS), con el objetivo de crear conciencia sobre una enfermedad que estaba en aumento alarmante. Esta fecha, el 14 de noviembre, fue escogida en conmemoraci\u00f3n al nacimiento de Frederick Banting, quien junto a Charles Best, descubri\u00f3 la insulina en octubre de 1921, un avance fundamental para el tratamiento de la diabetes.<\/p>\t\t\t\t\t\t<\/div>\n\t\t\t\t<\/div>\n\t\t\t\t<div class=\"elementor-element elementor-element-2376e08 elementor-widget elementor-widget-eael-adv-accordion\" data-id=\"2376e08\" data-element_type=\"widget\" data-widget_type=\"eael-adv-accordion.default\">\n\t\t\t\t<div class=\"elementor-widget-container\">\n\t\t\t        <div class=\"eael-adv-accordion\" id=\"eael-adv-accordion-2376e08\" data-scroll-on-click=\"no\" data-scroll-speed=\"300\" data-accordion-id=\"2376e08\" data-accordion-type=\"accordion\" data-toogle-speed=\"300\">\n    <div class=\"eael-accordion-list\">\n                <div id=\"leer-ms\" class=\"elementor-tab-title eael-accordion-header\" tabindex=\"0\" data-tab=\"1\" aria-controls=\"elementor-tab-content-3711\"><span class=\"eael-advanced-accordion-icon-closed\"><svg aria-hidden=\"true\" class=\"fa-accordion-icon e-font-icon-svg e-fas-plus\" viewBox=\"0 0 448 512\" xmlns=\"http:\/\/www.w3.org\/2000\/svg\"><path d=\"M416 208H272V64c0-17.67-14.33-32-32-32h-32c-17.67 0-32 14.33-32 32v144H32c-17.67 0-32 14.33-32 32v32c0 17.67 14.33 32 32 32h144v144c0 17.67 14.33 32 32 32h32c17.67 0 32-14.33 32-32V304h144c17.67 0 32-14.33 32-32v-32c0-17.67-14.33-32-32-32z\"><\/path><\/svg><\/span><span class=\"eael-advanced-accordion-icon-opened\"><svg aria-hidden=\"true\" class=\"fa-accordion-icon e-font-icon-svg e-fas-minus\" viewBox=\"0 0 448 512\" xmlns=\"http:\/\/www.w3.org\/2000\/svg\"><path d=\"M416 208H32c-17.67 0-32 14.33-32 32v32c0 17.67 14.33 32 32 32h384c17.67 0 32-14.33 32-32v-32c0-17.67-14.33-32-32-32z\"><\/path><\/svg><\/span><span class=\"eael-accordion-tab-title\">Leer m\u00e1s<\/span><\/div><div id=\"elementor-tab-content-3711\" class=\"eael-accordion-content clearfix\" data-tab=\"1\" aria-labelledby=\"leer-ms\"><p>En Venezuela, el Ejecutivo Nacional, bajo el liderazgo del Presidente Nicol\u00e1s Maduro, ha demostrado un firme compromiso en la lucha contra la diabetes. Gracias al Convenio Rusia-Venezuela, y a trav\u00e9s del Centro Nacional de Diabetes en conjunto con el Ministerio del Poder Popular para la Salud, se ha garantizado el suministro de las dosis de insulina requeridas para los pacientes con esta enfermedad. Este esfuerzo refleja el compromiso del gobierno venezolano en asegurar que todos los ciudadanos tengan acceso a los tratamientos necesarios para una vida saludable.<\/p><p>El Servicio Aut\u00f3nomo de Contralor\u00eda Sanitaria sigue la ruta de trabajo marcada por el Presidente Nicol\u00e1s Maduro y la Ministra del Poder Popular para la Salud, Magaly Guti\u00e9rrez Vi\u00f1a, para mantener un control sanitario de primer nivel al servicio del pueblo venezolano. En este D\u00eda Mundial contra la Diabetes, reafirmamos nuestro compromiso con la salud y el bienestar de nuestra naci\u00f3n, trabajando incansablemente para prevenir y tratar esta enfermedad.<\/p><p>\u00a1Juntos por cada latido, seguimos avanzando hacia una Venezuela m\u00e1s sana y fuerte!<\/p><p>El SACS, en su calidad de ente regulador del pa\u00eds, ejerce una vigilancia rigurosa y un control sanitario exhaustivo sobre todos los establecimientos, procesos y productos alimenticios que son consumidos por el pueblo venezolano. Nuestro compromiso institucional se traduce en acciones concretas que garantizan que la alimentaci\u00f3n, en todas sus dimensiones, sea inocua y cumpla con los m\u00e1s altos est\u00e1ndares de seguridad.<br \/>Hoy, reafirmamos nuestro compromiso con la poblaci\u00f3n venezolana por medio de una gesti\u00f3n eficiente que no solo aboga por el adecuado registro sanitario de los establecimientos alimenticios, sino que tambi\u00e9n fomenta una cultura de prevenci\u00f3n y responsabilidad en el manejo de los alimentos. La inocuidad alimentaria es un pilar fundamental para la salud p\u00fablica y el bienestar de nuestra gente, y en este sentido, el SACS asumir\u00e1 un rol proactivo en el fortalecimiento de las normas vigentes.<br \/>Nuestro objetivo es claro: garantizar que cada alimento que llegue a la mesa de los venezolanos est\u00e9 libre de contaminantes y enfermedades, promoviendo as\u00ed una alimentaci\u00f3n que no solo sea suficiente, sino tambi\u00e9n segura y nutritiva. En esta jornada especial, hacemos un llamado a todos los ciudadanos, productores y comerciantes para que se unan a nuestra misi\u00f3n de asegurar un futuro alimentario sostenible y seguro para todos.<br \/>Desde el Servicio Aut\u00f3nomo de Contralor\u00eda Sanitaria, trabajamos incansablemente en pos de la salud y la dignidad del pueblo de Venezuela, y en el D\u00eda Mundial de la Alimentaci\u00f3n, renovamos nuestra promesa de servicio y nuestro compromiso con la inocuidad. Juntos, podemos construir un pa\u00eds donde cada alimento sea sin\u00f3nimo de salud y bienestar.<\/p><\/div>\n                <\/div><\/div>\t\t<\/div>\n\t\t\t\t<\/div>\n\t\t\t\t<\/div>\n\t\t<div class=\"elementor-element elementor-element-2deefef e-con-full e-flex e-con e-child\" data-id=\"2deefef\" data-element_type=\"container\">\n\t\t\t\t<div class=\"elementor-element elementor-element-0250181 elementor-widget elementor-widget-image\" data-id=\"0250181\" data-element_type=\"widget\" data-widget_type=\"image.default\">\n\t\t\t\t<div class=\"elementor-widget-container\">\n\t\t\t\t\t\t\t\t\t\t\t\t\t<img loading=\"lazy\" decoding=\"async\" width=\"1280\" height=\"960\" src=\"http:\/\/www.sacs.gob.ve\/site\/wp-content\/uploads\/2024\/11\/noticia14nov.jpeg\" class=\"attachment-1536x1536 size-1536x1536 wp-image-16236\" alt=\"\" srcset=\"http:\/\/www.sacs.gob.ve\/site\/wp-content\/uploads\/2024\/11\/noticia14nov.jpeg 1280w, http:\/\/www.sacs.gob.ve\/site\/wp-content\/uploads\/2024\/11\/noticia14nov-300x225.jpeg 300w, http:\/\/www.sacs.gob.ve\/site\/wp-content\/uploads\/2024\/11\/noticia14nov-1024x768.jpeg 1024w, http:\/\/www.sacs.gob.ve\/site\/wp-content\/uploads\/2024\/11\/noticia14nov-768x576.jpeg 768w\" sizes=\"(max-width: 1280px) 100vw, 1280px\" \/>\t\t\t\t\t\t\t\t\t\t\t\t\t<\/div>\n\t\t\t\t<\/div>\n\t\t\t\t<\/div>\n\t\t\t\t<\/div>\n\t\t<div class=\"elementor-element elementor-element-13ae253 e-con-full e-flex e-con e-parent\" data-id=\"13ae253\" data-element_type=\"container\">\n\t\t<div class=\"elementor-element elementor-element-4a3db4a e-con-full e-flex e-con e-child\" data-id=\"4a3db4a\" data-element_type=\"container\">\n\t\t\t\t<div class=\"elementor-element elementor-element-e793397 elementor-widget elementor-widget-heading\" data-id=\"e793397\" data-element_type=\"widget\" data-widget_type=\"heading.default\">\n\t\t\t\t<div class=\"elementor-widget-container\">\n\t\t\t<h3 class=\"elementor-heading-title elementor-size-default\"><span style=\"font-size: 24px;\">El Servicio Aut\u00f3nomo de Contralor\u00eda Sanitaria Reafirma su Compromiso con la Seguridad Alimentaria en el D\u00eda Mundial de la Alimentaci\u00f3n<\/span><\/h3>\t\t<\/div>\n\t\t\t\t<\/div>\n\t\t\t\t<div class=\"elementor-element elementor-element-749847b elementor-widget elementor-widget-text-editor\" data-id=\"749847b\" data-element_type=\"widget\" data-widget_type=\"text-editor.default\">\n\t\t\t\t<div class=\"elementor-widget-container\">\n\t\t\t\t\t\t\t<p>Caracas, 16 de octubre &#8211; En el marco de la conmemoraci\u00f3n del D\u00eda Mundial de la Alimentaci\u00f3n, establecido por la Organizaci\u00f3n de las Naciones Unidas para la Agricultura y la Alimentaci\u00f3n (FAO), el Servicio Aut\u00f3nomo de Contralor\u00eda Sanitaria (SACS) reafirma su papel fundamental en la promoci\u00f3n de la inocuidad alimentaria y el fortalecimiento del cumplimiento normativo en todos los aspectos relacionados con la alimentaci\u00f3n en Venezuela.<\/p>\t\t\t\t\t\t<\/div>\n\t\t\t\t<\/div>\n\t\t\t\t<div class=\"elementor-element elementor-element-c60032a elementor-widget elementor-widget-eael-adv-accordion\" data-id=\"c60032a\" data-element_type=\"widget\" data-widget_type=\"eael-adv-accordion.default\">\n\t\t\t\t<div class=\"elementor-widget-container\">\n\t\t\t        <div class=\"eael-adv-accordion\" id=\"eael-adv-accordion-c60032a\" data-scroll-on-click=\"no\" data-scroll-speed=\"300\" data-accordion-id=\"c60032a\" data-accordion-type=\"accordion\" data-toogle-speed=\"300\">\n    <div class=\"eael-accordion-list\">\n                <div id=\"leer-ms\" class=\"elementor-tab-title eael-accordion-header\" tabindex=\"0\" data-tab=\"1\" aria-controls=\"elementor-tab-content-2071\"><span class=\"eael-advanced-accordion-icon-closed\"><svg aria-hidden=\"true\" class=\"fa-accordion-icon e-font-icon-svg e-fas-plus\" viewBox=\"0 0 448 512\" xmlns=\"http:\/\/www.w3.org\/2000\/svg\"><path d=\"M416 208H272V64c0-17.67-14.33-32-32-32h-32c-17.67 0-32 14.33-32 32v144H32c-17.67 0-32 14.33-32 32v32c0 17.67 14.33 32 32 32h144v144c0 17.67 14.33 32 32 32h32c17.67 0 32-14.33 32-32V304h144c17.67 0 32-14.33 32-32v-32c0-17.67-14.33-32-32-32z\"><\/path><\/svg><\/span><span class=\"eael-advanced-accordion-icon-opened\"><svg aria-hidden=\"true\" class=\"fa-accordion-icon e-font-icon-svg e-fas-minus\" viewBox=\"0 0 448 512\" xmlns=\"http:\/\/www.w3.org\/2000\/svg\"><path d=\"M416 208H32c-17.67 0-32 14.33-32 32v32c0 17.67 14.33 32 32 32h384c17.67 0 32-14.33 32-32v-32c0-17.67-14.33-32-32-32z\"><\/path><\/svg><\/span><span class=\"eael-accordion-tab-title\">Leer m\u00e1s<\/span><\/div><div id=\"elementor-tab-content-2071\" class=\"eael-accordion-content clearfix\" data-tab=\"1\" aria-labelledby=\"leer-ms\"><p>Desde su proclamaci\u00f3n en 1979, el D\u00eda Mundial de la Alimentaci\u00f3n nos convoca a reflexionar sobre la importancia de asegurar no solo la disponibilidad de alimentos, sino tambi\u00e9n su calidad y seguridad. La FAO, con su misi\u00f3n de erradicar el hambre y promover pr\u00e1cticas alimentarias sostenibles, nos urge a todos a trabajar en conjunto para construir un futuro donde cada persona tenga acceso a una alimentaci\u00f3n sana y balanceada.<\/p><p>\u00a0<\/p><p>El SACS, en su calidad de ente regulador del pa\u00eds, ejerce una vigilancia rigurosa y un control sanitario exhaustivo sobre todos los establecimientos, procesos y productos alimenticios que son consumidos por el pueblo venezolano. Nuestro compromiso institucional se traduce en acciones concretas que garantizan que la alimentaci\u00f3n, en todas sus dimensiones, sea inocua y cumpla con los m\u00e1s altos est\u00e1ndares de seguridad.<br \/>Hoy, reafirmamos nuestro compromiso con la poblaci\u00f3n venezolana por medio de una gesti\u00f3n eficiente que no solo aboga por el adecuado registro sanitario de los establecimientos alimenticios, sino que tambi\u00e9n fomenta una cultura de prevenci\u00f3n y responsabilidad en el manejo de los alimentos. La inocuidad alimentaria es un pilar fundamental para la salud p\u00fablica y el bienestar de nuestra gente, y en este sentido, el SACS asumir\u00e1 un rol proactivo en el fortalecimiento de las normas vigentes.<br \/>Nuestro objetivo es claro: garantizar que cada alimento que llegue a la mesa de los venezolanos est\u00e9 libre de contaminantes y enfermedades, promoviendo as\u00ed una alimentaci\u00f3n que no solo sea suficiente, sino tambi\u00e9n segura y nutritiva. En esta jornada especial, hacemos un llamado a todos los ciudadanos, productores y comerciantes para que se unan a nuestra misi\u00f3n de asegurar un futuro alimentario sostenible y seguro para todos.<br \/>Desde el Servicio Aut\u00f3nomo de Contralor\u00eda Sanitaria, trabajamos incansablemente en pos de la salud y la dignidad del pueblo de Venezuela, y en el D\u00eda Mundial de la Alimentaci\u00f3n, renovamos nuestra promesa de servicio y nuestro compromiso con la inocuidad. Juntos, podemos construir un pa\u00eds donde cada alimento sea sin\u00f3nimo de salud y bienestar.<\/p><\/div>\n                <\/div><\/div>\t\t<\/div>\n\t\t\t\t<\/div>\n\t\t\t\t<\/div>\n\t\t<div class=\"elementor-element elementor-element-af33aa3 e-con-full e-flex e-con e-child\" data-id=\"af33aa3\" data-element_type=\"container\">\n\t\t\t\t<div class=\"elementor-element elementor-element-616a521 elementor-widget elementor-widget-image\" data-id=\"616a521\" data-element_type=\"widget\" data-widget_type=\"image.default\">\n\t\t\t\t<div class=\"elementor-widget-container\">\n\t\t\t\t\t\t\t\t\t\t\t\t\t<img loading=\"lazy\" decoding=\"async\" width=\"412\" height=\"296\" src=\"http:\/\/www.sacs.gob.ve\/site\/wp-content\/uploads\/2024\/10\/siembrachavez.jpeg\" class=\"attachment-1536x1536 size-1536x1536 wp-image-15889\" alt=\"\" srcset=\"http:\/\/www.sacs.gob.ve\/site\/wp-content\/uploads\/2024\/10\/siembrachavez.jpeg 412w, http:\/\/www.sacs.gob.ve\/site\/wp-content\/uploads\/2024\/10\/siembrachavez-300x216.jpeg 300w\" sizes=\"(max-width: 412px) 100vw, 412px\" \/>\t\t\t\t\t\t\t\t\t\t\t\t\t<\/div>\n\t\t\t\t<\/div>\n\t\t\t\t<\/div>\n\t\t\t\t<\/div>\n\t\t<div class=\"elementor-element elementor-element-2a908de e-con-full e-flex e-con e-parent\" data-id=\"2a908de\" data-element_type=\"container\">\n\t\t<div class=\"elementor-element elementor-element-e875592 e-con-full e-flex e-con e-child\" data-id=\"e875592\" data-element_type=\"container\">\n\t\t\t\t<div class=\"elementor-element elementor-element-90b982a elementor-widget elementor-widget-heading\" data-id=\"90b982a\" data-element_type=\"widget\" data-widget_type=\"heading.default\">\n\t\t\t\t<div class=\"elementor-widget-container\">\n\t\t\t<h3 class=\"elementor-heading-title elementor-size-default\"><span style=\"font-size: 24px;\">Aniversario de la Creaci\u00f3n del Instituto Venezolanos de Seguros Sociales<\/span><\/h3>\t\t<\/div>\n\t\t\t\t<\/div>\n\t\t\t\t<div class=\"elementor-element elementor-element-207c80b elementor-widget elementor-widget-text-editor\" data-id=\"207c80b\" data-element_type=\"widget\" data-widget_type=\"text-editor.default\">\n\t\t\t\t<div class=\"elementor-widget-container\">\n\t\t\t\t\t\t\t<p>Hoy, 9 de octubre, conmemoramos un hito trascendental en la historia de nuestra naci\u00f3n: el inicio de actividades del Instituto Venezolano de los Seguros Sociales (IVSS) en 1944. Esta instituci\u00f3n p\u00fablica, pilar fundamental de nuestra patria, ha sido garante de la aplicaci\u00f3n del R\u00e9gimen de los Seguros Sociales, protegiendo a cada venezolano y venezolana en momentos de necesidad.<\/p><p>El IVSS, con su misi\u00f3n de brindar protecci\u00f3n integral en contingencias como maternidad, vejez, sobrevivencia, enfermedad, accidentes, incapacidad, invalidez, retiro, cesant\u00eda o paro forzoso, ha sido un baluarte de seguridad y confianza para nuestro pueblo. Su labor, siempre enmarcada en la legalidad, refleja el compromiso inquebrantable con la justicia social y el bienestar colectivo.<\/p><p>Desde el Servicio Aut\u00f3nomo de Contralor\u00eda Sanitaria (SACS), celebramos con profundo orgullo y gratitud el invaluable servicio prestado por el IVSS. Esta instituci\u00f3n, que encarna los valores de Responsabilidad, \u00c9tica, Integridad y, sobre todo, Lealtad con el pueblo venezolano, es un ejemplo de dedicaci\u00f3n y compromiso patri\u00f3tico.<\/p><p>En este d\u00eda especial, reafirmamos nuestro compromiso con la salud y el bienestar de todos los venezolanos, trabajando juntos por un futuro m\u00e1s justo y equitativo. \u00a1Viva el IVSS y viva Venezuela!<\/p><p>Por una patria m\u00e1s saludable y solidaria, seguimos adelante.<\/p>\t\t\t\t\t\t<\/div>\n\t\t\t\t<\/div>\n\t\t\t\t<\/div>\n\t\t<div class=\"elementor-element elementor-element-4289c5e e-con-full e-flex e-con e-child\" data-id=\"4289c5e\" data-element_type=\"container\">\n\t\t\t\t<div class=\"elementor-element elementor-element-acf67b9 elementor-widget elementor-widget-image\" data-id=\"acf67b9\" data-element_type=\"widget\" data-widget_type=\"image.default\">\n\t\t\t\t<div class=\"elementor-widget-container\">\n\t\t\t\t\t\t\t\t\t\t\t\t\t<img loading=\"lazy\" decoding=\"async\" width=\"800\" height=\"800\" src=\"http:\/\/www.sacs.gob.ve\/site\/wp-content\/uploads\/2024\/10\/80anosivss.jpeg\" class=\"attachment-1536x1536 size-1536x1536 wp-image-15851\" alt=\"\" srcset=\"http:\/\/www.sacs.gob.ve\/site\/wp-content\/uploads\/2024\/10\/80anosivss.jpeg 800w, http:\/\/www.sacs.gob.ve\/site\/wp-content\/uploads\/2024\/10\/80anosivss-300x300.jpeg 300w, http:\/\/www.sacs.gob.ve\/site\/wp-content\/uploads\/2024\/10\/80anosivss-150x150.jpeg 150w, http:\/\/www.sacs.gob.ve\/site\/wp-content\/uploads\/2024\/10\/80anosivss-768x768.jpeg 768w\" sizes=\"(max-width: 800px) 100vw, 800px\" \/>\t\t\t\t\t\t\t\t\t\t\t\t\t<\/div>\n\t\t\t\t<\/div>\n\t\t\t\t<\/div>\n\t\t\t\t<\/div>\n\t\t<div class=\"elementor-element elementor-element-b7219f9 e-con-full e-flex e-con e-parent\" data-id=\"b7219f9\" data-element_type=\"container\">\n\t\t<div class=\"elementor-element elementor-element-1f7cc50 e-con-full e-flex e-con e-child\" data-id=\"1f7cc50\" data-element_type=\"container\">\n\t\t\t\t<div class=\"elementor-element elementor-element-1199eed elementor-widget elementor-widget-heading\" data-id=\"1199eed\" data-element_type=\"widget\" data-widget_type=\"heading.default\">\n\t\t\t\t<div class=\"elementor-widget-container\">\n\t\t\t<h3 class=\"elementor-heading-title elementor-size-default\"><span style=\"font-size: 24px;\">Cierre de Campa\u00f1a del Comandante Hugo Rafael Ch\u00e1vez Fr\u00edas<\/span><\/h3>\t\t<\/div>\n\t\t\t\t<\/div>\n\t\t\t\t<div class=\"elementor-element elementor-element-f797373 elementor-widget elementor-widget-text-editor\" data-id=\"f797373\" data-element_type=\"widget\" data-widget_type=\"text-editor.default\">\n\t\t\t\t<div class=\"elementor-widget-container\">\n\t\t\t\t\t\t\t<p>Caracas, 04 de octubre de 2024 &#8211; Hoy, con profundo respeto y admiraci\u00f3n, conmemoramos el duod\u00e9cimo aniversario del hist\u00f3rico Cierre de Campa\u00f1a electoral del Comandante Hugo Rafael Ch\u00e1vez Fr\u00edas. Este evento no solo reafirm\u00f3 su liderazgo como Presidente de la Rep\u00fablica Bolivariana de Venezuela, sino que tambi\u00e9n qued\u00f3 grabado en la memoria colectiva por la impresionante lluvia que acompa\u00f1\u00f3 sus palabras, simbolizando la bendici\u00f3n y el respaldo del pueblo venezolano.<\/p><p>En aquel memorable 4 de octubre, el Comandante Eterno, Hugo Ch\u00e1vez, se dirigi\u00f3 a una multitud de m\u00e1s de tres millones de personas que llenaron siete avenidas de la capital. Con su inquebrantable esp\u00edritu y carisma, proclam\u00f3: \u201cHemos sido ba\u00f1ados por el agua bendita del cordonazo de San Francisco. Aqu\u00ed est\u00e1 Ch\u00e1vez de pie, con ustedes\u201d. Estas palabras resonaron profundamente, consolidando su conexi\u00f3n con el pueblo y su compromiso con la Revoluci\u00f3n Bolivariana.<\/p><p>Desde el Servicio Aut\u00f3nomo de Contralor\u00eda Sanitaria (SACS), rendimos homenaje a esta fecha emblem\u00e1tica, reafirmando nuestro compromiso con el legado del Comandante Hugo Ch\u00e1vez. Hoy m\u00e1s que nunca, la fuerza laboral del SACS sigue adelante con la misi\u00f3n de garantizar una patria independiente y soberana, inspirados por los ideales y la visi\u00f3n de nuestro l\u00edder eterno.<\/p><p>Doce a\u00f1os despu\u00e9s, seguimos transitando los caminos de la justicia social, la equidad y la soberan\u00eda nacional, siempre guiados por el ejemplo y la ense\u00f1anza del Comandante Ch\u00e1vez. Su legado vive en cada acci\u00f3n y en cada esfuerzo por construir una Venezuela m\u00e1s justa y digna para todos.<\/p>\t\t\t\t\t\t<\/div>\n\t\t\t\t<\/div>\n\t\t\t\t<\/div>\n\t\t<div class=\"elementor-element elementor-element-4ebc7e2 e-con-full e-flex e-con e-child\" data-id=\"4ebc7e2\" data-element_type=\"container\">\n\t\t\t\t<div class=\"elementor-element elementor-element-0dee369 gallery-spacing-custom elementor-widget__width-inherit elementor-widget elementor-widget-image-gallery\" data-id=\"0dee369\" data-element_type=\"widget\" data-widget_type=\"image-gallery.default\">\n\t\t\t\t<div class=\"elementor-widget-container\">\n\t\t\t\t\t<div class=\"elementor-image-gallery\">\n\t\t\t<div id='gallery-1' class='gallery galleryid-5222 gallery-columns-1 gallery-size-large'><figure class='gallery-item'>\n\t\t\t<div class='gallery-icon landscape'>\n\t\t\t\t<a data-elementor-open-lightbox=\"yes\" data-elementor-lightbox-slideshow=\"0dee369\" data-elementor-lightbox-title=\"noti4oct2\" data-e-action-hash=\"#elementor-action%3Aaction%3Dlightbox%26settings%3DeyJpZCI6MTU2NDgsInVybCI6Imh0dHA6XC9cL3d3dy5zYWNzLmdvYi52ZVwvc2l0ZVwvd3AtY29udGVudFwvdXBsb2Fkc1wvMjAyNFwvMTBcL25vdGk0b2N0Mi5qcGciLCJzbGlkZXNob3ciOiIwZGVlMzY5In0%3D\" href='http:\/\/www.sacs.gob.ve\/site\/wp-content\/uploads\/2024\/10\/noti4oct2.jpg'><img loading=\"lazy\" decoding=\"async\" width=\"1024\" height=\"648\" src=\"http:\/\/www.sacs.gob.ve\/site\/wp-content\/uploads\/2024\/10\/noti4oct2-1024x648.jpg\" class=\"attachment-large size-large\" alt=\"\" srcset=\"http:\/\/www.sacs.gob.ve\/site\/wp-content\/uploads\/2024\/10\/noti4oct2-1024x648.jpg 1024w, http:\/\/www.sacs.gob.ve\/site\/wp-content\/uploads\/2024\/10\/noti4oct2-300x190.jpg 300w, http:\/\/www.sacs.gob.ve\/site\/wp-content\/uploads\/2024\/10\/noti4oct2-768x486.jpg 768w, http:\/\/www.sacs.gob.ve\/site\/wp-content\/uploads\/2024\/10\/noti4oct2-1536x972.jpg 1536w, http:\/\/www.sacs.gob.ve\/site\/wp-content\/uploads\/2024\/10\/noti4oct2-2048x1296.jpg 2048w\" sizes=\"(max-width: 1024px) 100vw, 1024px\" \/><\/a>\n\t\t\t<\/div><\/figure><figure class='gallery-item'>\n\t\t\t<div class='gallery-icon landscape'>\n\t\t\t\t<a data-elementor-open-lightbox=\"yes\" data-elementor-lightbox-slideshow=\"0dee369\" data-elementor-lightbox-title=\"noti4oct3\" data-e-action-hash=\"#elementor-action%3Aaction%3Dlightbox%26settings%3DeyJpZCI6MTU2NDcsInVybCI6Imh0dHA6XC9cL3d3dy5zYWNzLmdvYi52ZVwvc2l0ZVwvd3AtY29udGVudFwvdXBsb2Fkc1wvMjAyNFwvMTBcL25vdGk0b2N0My0xLmpwZyIsInNsaWRlc2hvdyI6IjBkZWUzNjkifQ%3D%3D\" href='http:\/\/www.sacs.gob.ve\/site\/wp-content\/uploads\/2024\/10\/noti4oct3-1.jpg'><img loading=\"lazy\" decoding=\"async\" width=\"1024\" height=\"648\" src=\"http:\/\/www.sacs.gob.ve\/site\/wp-content\/uploads\/2024\/10\/noti4oct3-1-1024x648.jpg\" class=\"attachment-large size-large\" alt=\"\" srcset=\"http:\/\/www.sacs.gob.ve\/site\/wp-content\/uploads\/2024\/10\/noti4oct3-1-1024x648.jpg 1024w, http:\/\/www.sacs.gob.ve\/site\/wp-content\/uploads\/2024\/10\/noti4oct3-1-300x190.jpg 300w, http:\/\/www.sacs.gob.ve\/site\/wp-content\/uploads\/2024\/10\/noti4oct3-1-768x486.jpg 768w, http:\/\/www.sacs.gob.ve\/site\/wp-content\/uploads\/2024\/10\/noti4oct3-1-1536x972.jpg 1536w, http:\/\/www.sacs.gob.ve\/site\/wp-content\/uploads\/2024\/10\/noti4oct3-1-2048x1296.jpg 2048w\" sizes=\"(max-width: 1024px) 100vw, 1024px\" \/><\/a>\n\t\t\t<\/div><\/figure><figure class='gallery-item'>\n\t\t\t<div class='gallery-icon landscape'>\n\t\t\t\t<a data-elementor-open-lightbox=\"yes\" data-elementor-lightbox-slideshow=\"0dee369\" data-elementor-lightbox-title=\"noti4oct1\" data-e-action-hash=\"#elementor-action%3Aaction%3Dlightbox%26settings%3DeyJpZCI6MTU2NDUsInVybCI6Imh0dHA6XC9cL3d3dy5zYWNzLmdvYi52ZVwvc2l0ZVwvd3AtY29udGVudFwvdXBsb2Fkc1wvMjAyNFwvMTBcL25vdGk0b2N0MS5qcGciLCJzbGlkZXNob3ciOiIwZGVlMzY5In0%3D\" href='http:\/\/www.sacs.gob.ve\/site\/wp-content\/uploads\/2024\/10\/noti4oct1.jpg'><img loading=\"lazy\" decoding=\"async\" width=\"1024\" height=\"648\" src=\"http:\/\/www.sacs.gob.ve\/site\/wp-content\/uploads\/2024\/10\/noti4oct1-1024x648.jpg\" class=\"attachment-large size-large\" alt=\"\" srcset=\"http:\/\/www.sacs.gob.ve\/site\/wp-content\/uploads\/2024\/10\/noti4oct1-1024x648.jpg 1024w, http:\/\/www.sacs.gob.ve\/site\/wp-content\/uploads\/2024\/10\/noti4oct1-300x190.jpg 300w, http:\/\/www.sacs.gob.ve\/site\/wp-content\/uploads\/2024\/10\/noti4oct1-768x486.jpg 768w, http:\/\/www.sacs.gob.ve\/site\/wp-content\/uploads\/2024\/10\/noti4oct1-1536x972.jpg 1536w, http:\/\/www.sacs.gob.ve\/site\/wp-content\/uploads\/2024\/10\/noti4oct1-2048x1296.jpg 2048w\" sizes=\"(max-width: 1024px) 100vw, 1024px\" \/><\/a>\n\t\t\t<\/div><\/figure>\n\t\t<\/div>\n\t\t<\/div>\n\t\t\t\t<\/div>\n\t\t\t\t<\/div>\n\t\t\t\t<\/div>\n\t\t\t\t<\/div>\n\t\t<div class=\"elementor-element elementor-element-483ed7c e-con-full e-flex e-con e-parent\" data-id=\"483ed7c\" data-element_type=\"container\">\n\t\t<div class=\"elementor-element elementor-element-1f42f5b e-con-full e-flex e-con e-child\" data-id=\"1f42f5b\" data-element_type=\"container\">\n\t\t\t\t<div class=\"elementor-element elementor-element-f6be9f4 elementor-widget elementor-widget-heading\" data-id=\"f6be9f4\" data-element_type=\"widget\" data-widget_type=\"heading.default\">\n\t\t\t\t<div class=\"elementor-widget-container\">\n\t\t\t<h3 class=\"elementor-heading-title elementor-size-default\"><span style=\"font-size: 24px;\">Brillo Navide\u00f1o en el Coraz\u00f3n del Cardiol\u00f3gico Infantil <\/span><\/h3>\t\t<\/div>\n\t\t\t\t<\/div>\n\t\t\t\t<div class=\"elementor-element elementor-element-040591d elementor-widget elementor-widget-text-editor\" data-id=\"040591d\" data-element_type=\"widget\" data-widget_type=\"text-editor.default\">\n\t\t\t\t<div class=\"elementor-widget-container\">\n\t\t\t\t\t\t\t<p>Con gran emoci\u00f3n y en un acto cargado de amor y solidaridad, se festej\u00f3 el inicio de la navidad con la visita especial del Servicio Aut\u00f3nomo de Contralor\u00eda Sanitaria (S.A.C.S.), bajo la direcci\u00f3n de nuestra comprometida directora general, Marlis D\u00edaz, al hospital Cardiol\u00f3gico Infantil Latinoamericano Dr. Gilberto Rodr\u00edguez Ochoa.<\/p><p>En un acto cargado de generosidad y esp\u00edritu navide\u00f1o, los trabajadores y trabajadoras del S.A.C.S. desplegaron una parranda llena de alegr\u00eda y color por los pasillos de este prestigioso nosocomio. La m\u00fasica festiva y las tradicionales canciones navide\u00f1as resonaron en cada rinc\u00f3n, iluminando los corazones de pacientes, familias y personal m\u00e9dico, enfermeras, administrativo y obrero.<\/p><p>Este hermoso gesto solidario, en sinton\u00eda con la declaraci\u00f3n del presidente Nicol\u00e1s Maduro Moros de dar inicio a la Navidad desde octubre, responde al firme prop\u00f3sito de llevar esperanza, felicidad y amor a todos los rincones de nuestra querida naci\u00f3n. Bajo la gu\u00eda de la ministra de Salud, Dra. Magaly Guti\u00e9rrez Vi\u00f1a, el MPPS y sus entes adscritos se unen en un mensaje de paz, alegr\u00eda, esperanza y fe, fortaleciendo los lazos de solidaridad y cooperaci\u00f3n en esta \u00e9poca tan especial.<\/p><p>En un ambiente de fraternidad y armon\u00eda, el S.A.C.S. reafirma su compromiso con la salud y el bienestar de los m\u00e1s peque\u00f1os, demostrando que juntos podemos construir un mundo m\u00e1s humano y lleno de amor. Que estas muestras de cari\u00f1o y solidaridad en estas fiestas nos recuerden siempre la importancia de compartir y cuidar del pr\u00f3jimo. \u00a1Que la luz de la Navidad brille en cada coraz\u00f3n!<\/p>\t\t\t\t\t\t<\/div>\n\t\t\t\t<\/div>\n\t\t\t\t<\/div>\n\t\t<div class=\"elementor-element elementor-element-2717ada e-con-full e-flex e-con e-child\" data-id=\"2717ada\" data-element_type=\"container\">\n\t\t\t\t<div class=\"elementor-element elementor-element-ccbf71d gallery-spacing-custom elementor-widget__width-inherit elementor-widget elementor-widget-image-gallery\" data-id=\"ccbf71d\" data-element_type=\"widget\" data-widget_type=\"image-gallery.default\">\n\t\t\t\t<div class=\"elementor-widget-container\">\n\t\t\t\t\t<div class=\"elementor-image-gallery\">\n\t\t\t<div id='gallery-2' class='gallery galleryid-5222 gallery-columns-2 gallery-size-large'><figure class='gallery-item'>\n\t\t\t<div class='gallery-icon landscape'>\n\t\t\t\t<a data-elementor-open-lightbox=\"yes\" data-elementor-lightbox-slideshow=\"ccbf71d\" data-elementor-lightbox-title=\"NOTI2\" data-e-action-hash=\"#elementor-action%3Aaction%3Dlightbox%26settings%3DeyJpZCI6MTU2MzUsInVybCI6Imh0dHA6XC9cL3d3dy5zYWNzLmdvYi52ZVwvc2l0ZVwvd3AtY29udGVudFwvdXBsb2Fkc1wvMjAyNFwvMTBcL05PVEkyLmpwZWciLCJzbGlkZXNob3ciOiJjY2JmNzFkIn0%3D\" href='http:\/\/www.sacs.gob.ve\/site\/wp-content\/uploads\/2024\/10\/NOTI2.jpeg'><img loading=\"lazy\" decoding=\"async\" width=\"1024\" height=\"768\" src=\"http:\/\/www.sacs.gob.ve\/site\/wp-content\/uploads\/2024\/10\/NOTI2-1024x768.jpeg\" class=\"attachment-large size-large\" alt=\"\" srcset=\"http:\/\/www.sacs.gob.ve\/site\/wp-content\/uploads\/2024\/10\/NOTI2-1024x768.jpeg 1024w, http:\/\/www.sacs.gob.ve\/site\/wp-content\/uploads\/2024\/10\/NOTI2-300x225.jpeg 300w, http:\/\/www.sacs.gob.ve\/site\/wp-content\/uploads\/2024\/10\/NOTI2-768x576.jpeg 768w, http:\/\/www.sacs.gob.ve\/site\/wp-content\/uploads\/2024\/10\/NOTI2.jpeg 1280w\" sizes=\"(max-width: 1024px) 100vw, 1024px\" \/><\/a>\n\t\t\t<\/div><\/figure><figure class='gallery-item'>\n\t\t\t<div class='gallery-icon landscape'>\n\t\t\t\t<a data-elementor-open-lightbox=\"yes\" data-elementor-lightbox-slideshow=\"ccbf71d\" data-elementor-lightbox-title=\"NOTI4\" data-e-action-hash=\"#elementor-action%3Aaction%3Dlightbox%26settings%3DeyJpZCI6MTU2MzQsInVybCI6Imh0dHA6XC9cL3d3dy5zYWNzLmdvYi52ZVwvc2l0ZVwvd3AtY29udGVudFwvdXBsb2Fkc1wvMjAyNFwvMTBcL05PVEk0LmpwZWciLCJzbGlkZXNob3ciOiJjY2JmNzFkIn0%3D\" href='http:\/\/www.sacs.gob.ve\/site\/wp-content\/uploads\/2024\/10\/NOTI4.jpeg'><img loading=\"lazy\" decoding=\"async\" width=\"1024\" height=\"768\" src=\"http:\/\/www.sacs.gob.ve\/site\/wp-content\/uploads\/2024\/10\/NOTI4-1024x768.jpeg\" class=\"attachment-large size-large\" alt=\"\" srcset=\"http:\/\/www.sacs.gob.ve\/site\/wp-content\/uploads\/2024\/10\/NOTI4-1024x768.jpeg 1024w, http:\/\/www.sacs.gob.ve\/site\/wp-content\/uploads\/2024\/10\/NOTI4-300x225.jpeg 300w, http:\/\/www.sacs.gob.ve\/site\/wp-content\/uploads\/2024\/10\/NOTI4-768x576.jpeg 768w, http:\/\/www.sacs.gob.ve\/site\/wp-content\/uploads\/2024\/10\/NOTI4.jpeg 1280w\" sizes=\"(max-width: 1024px) 100vw, 1024px\" \/><\/a>\n\t\t\t<\/div><\/figure><figure class='gallery-item'>\n\t\t\t<div class='gallery-icon landscape'>\n\t\t\t\t<a data-elementor-open-lightbox=\"yes\" data-elementor-lightbox-slideshow=\"ccbf71d\" data-elementor-lightbox-title=\"NOTI3\" data-e-action-hash=\"#elementor-action%3Aaction%3Dlightbox%26settings%3DeyJpZCI6MTU2MzMsInVybCI6Imh0dHA6XC9cL3d3dy5zYWNzLmdvYi52ZVwvc2l0ZVwvd3AtY29udGVudFwvdXBsb2Fkc1wvMjAyNFwvMTBcL05PVEkzLTEuanBlZyIsInNsaWRlc2hvdyI6ImNjYmY3MWQifQ%3D%3D\" href='http:\/\/www.sacs.gob.ve\/site\/wp-content\/uploads\/2024\/10\/NOTI3-1.jpeg'><img loading=\"lazy\" decoding=\"async\" width=\"1024\" height=\"768\" src=\"http:\/\/www.sacs.gob.ve\/site\/wp-content\/uploads\/2024\/10\/NOTI3-1-1024x768.jpeg\" class=\"attachment-large size-large\" alt=\"\" srcset=\"http:\/\/www.sacs.gob.ve\/site\/wp-content\/uploads\/2024\/10\/NOTI3-1-1024x768.jpeg 1024w, http:\/\/www.sacs.gob.ve\/site\/wp-content\/uploads\/2024\/10\/NOTI3-1-300x225.jpeg 300w, http:\/\/www.sacs.gob.ve\/site\/wp-content\/uploads\/2024\/10\/NOTI3-1-768x576.jpeg 768w, http:\/\/www.sacs.gob.ve\/site\/wp-content\/uploads\/2024\/10\/NOTI3-1.jpeg 1280w\" sizes=\"(max-width: 1024px) 100vw, 1024px\" \/><\/a>\n\t\t\t<\/div><\/figure><figure class='gallery-item'>\n\t\t\t<div class='gallery-icon landscape'>\n\t\t\t\t<a data-elementor-open-lightbox=\"yes\" data-elementor-lightbox-slideshow=\"ccbf71d\" data-elementor-lightbox-title=\"NOTI1\" data-e-action-hash=\"#elementor-action%3Aaction%3Dlightbox%26settings%3DeyJpZCI6MTU2MjksInVybCI6Imh0dHA6XC9cL3d3dy5zYWNzLmdvYi52ZVwvc2l0ZVwvd3AtY29udGVudFwvdXBsb2Fkc1wvMjAyNFwvMTBcL05PVEkxLmpwZWciLCJzbGlkZXNob3ciOiJjY2JmNzFkIn0%3D\" href='http:\/\/www.sacs.gob.ve\/site\/wp-content\/uploads\/2024\/10\/NOTI1.jpeg'><img loading=\"lazy\" decoding=\"async\" width=\"1024\" height=\"682\" src=\"http:\/\/www.sacs.gob.ve\/site\/wp-content\/uploads\/2024\/10\/NOTI1-1024x682.jpeg\" class=\"attachment-large size-large\" alt=\"\" srcset=\"http:\/\/www.sacs.gob.ve\/site\/wp-content\/uploads\/2024\/10\/NOTI1-1024x682.jpeg 1024w, http:\/\/www.sacs.gob.ve\/site\/wp-content\/uploads\/2024\/10\/NOTI1-300x200.jpeg 300w, http:\/\/www.sacs.gob.ve\/site\/wp-content\/uploads\/2024\/10\/NOTI1-768x512.jpeg 768w, http:\/\/www.sacs.gob.ve\/site\/wp-content\/uploads\/2024\/10\/NOTI1.jpeg 1280w\" sizes=\"(max-width: 1024px) 100vw, 1024px\" \/><\/a>\n\t\t\t<\/div><\/figure><figure class='gallery-item'>\n\t\t\t<div class='gallery-icon landscape'>\n\t\t\t\t<a data-elementor-open-lightbox=\"yes\" data-elementor-lightbox-slideshow=\"ccbf71d\" data-elementor-lightbox-title=\"NOTI5\" data-e-action-hash=\"#elementor-action%3Aaction%3Dlightbox%26settings%3DeyJpZCI6MTU2MzIsInVybCI6Imh0dHA6XC9cL3d3dy5zYWNzLmdvYi52ZVwvc2l0ZVwvd3AtY29udGVudFwvdXBsb2Fkc1wvMjAyNFwvMTBcL05PVEk1LTEuanBlZyIsInNsaWRlc2hvdyI6ImNjYmY3MWQifQ%3D%3D\" href='http:\/\/www.sacs.gob.ve\/site\/wp-content\/uploads\/2024\/10\/NOTI5-1.jpeg'><img loading=\"lazy\" decoding=\"async\" width=\"1024\" height=\"687\" src=\"http:\/\/www.sacs.gob.ve\/site\/wp-content\/uploads\/2024\/10\/NOTI5-1-1024x687.jpeg\" class=\"attachment-large size-large\" alt=\"\" srcset=\"http:\/\/www.sacs.gob.ve\/site\/wp-content\/uploads\/2024\/10\/NOTI5-1-1024x687.jpeg 1024w, http:\/\/www.sacs.gob.ve\/site\/wp-content\/uploads\/2024\/10\/NOTI5-1-300x200.jpeg 300w, http:\/\/www.sacs.gob.ve\/site\/wp-content\/uploads\/2024\/10\/NOTI5-1-768x515.jpeg 768w, http:\/\/www.sacs.gob.ve\/site\/wp-content\/uploads\/2024\/10\/NOTI5-1.jpeg 1280w\" sizes=\"(max-width: 1024px) 100vw, 1024px\" \/><\/a>\n\t\t\t<\/div><\/figure>\n\t\t<\/div>\n\t\t<\/div>\n\t\t\t\t<\/div>\n\t\t\t\t<\/div>\n\t\t\t\t<\/div>\n\t\t\t\t<\/div>\n\t\t<div class=\"elementor-element elementor-element-f66f74b e-con-full e-flex e-con e-parent\" data-id=\"f66f74b\" data-element_type=\"container\">\n\t\t<div class=\"elementor-element elementor-element-f9b3f29 e-con-full e-flex e-con e-child\" data-id=\"f9b3f29\" data-element_type=\"container\">\n\t\t\t\t<div class=\"elementor-element elementor-element-2639710 elementor-widget elementor-widget-heading\" data-id=\"2639710\" data-element_type=\"widget\" data-widget_type=\"heading.default\">\n\t\t\t\t<div class=\"elementor-widget-container\">\n\t\t\t<h3 class=\"elementor-heading-title elementor-size-default\"><span style=\"font-size: 24px;\">El Servicio Aut\u00f3nomo de Contralor\u00eda Sanitaria felicita a las secretarias en su d\u00eda <\/span><\/h3>\t\t<\/div>\n\t\t\t\t<\/div>\n\t\t\t\t<div class=\"elementor-element elementor-element-7e05f21 elementor-widget elementor-widget-text-editor\" data-id=\"7e05f21\" data-element_type=\"widget\" data-widget_type=\"text-editor.default\">\n\t\t\t\t<div class=\"elementor-widget-container\">\n\t\t\t\t\t\t\t<p>El Servicio Aut\u00f3nomo de Contralor\u00eda Sanitaria se complace en extender un afectuoso saludo a todas las secretarias de Venezuela en su d\u00eda, reconociendo y valorando el incansable trabajo que desempe\u00f1an en nuestra instituci\u00f3n. En el marco de esta celebraci\u00f3n, queremos expresar nuestro profundo agradecimiento por la labor cotidiana y fundamental que realizan, contribuyendo de manera significativa al funcionamiento eficiente de nuestro organismo.<\/p><p>Los y las secretarias son piezas clave en el engranaje de cualquier instituci\u00f3n, desplegando sus habilidades organizativas, su compromiso y su dedicaci\u00f3n para garantizar el desarrollo exitoso de las labores administrativas. En el Servicio Aut\u00f3nomo de Contralor\u00eda Sanitaria, valoramos su importante rol en la gesti\u00f3n diaria, siendo pilares fundamentales en la coordinaci\u00f3n y ejecuci\u00f3n de m\u00faltiples tareas que impactan directamente en la eficiencia y efectividad de nuestra labor.<\/p><p>En este d\u00eda especial, queremos hacerles llegar nuestro reconocimiento por su profesionalismo, lealtad y esfuerzo constante. Su compromiso con la excelencia y su capacidad para enfrentar desaf\u00edos con dedicaci\u00f3n son cualidades que enaltecen su labor y fortalecen nuestro equipo de trabajo.<\/p><p>Desde el SACS, reiteramos nuestro apoyo incondicional a todas las secretarias, destacando su valiosa contribuci\u00f3n al progreso y desarrollo de nuestra instituci\u00f3n. Felicitaciones en su d\u00eda, y que sigan cosechando \u00e9xitos en cada tarea que emprendan.<\/p>\t\t\t\t\t\t<\/div>\n\t\t\t\t<\/div>\n\t\t\t\t<\/div>\n\t\t<div class=\"elementor-element elementor-element-ea86b3c e-con-full e-flex e-con e-child\" data-id=\"ea86b3c\" data-element_type=\"container\">\n\t\t\t\t<div class=\"elementor-element elementor-element-98a4d0a elementor-widget elementor-widget-image\" data-id=\"98a4d0a\" data-element_type=\"widget\" data-widget_type=\"image.default\">\n\t\t\t\t<div class=\"elementor-widget-container\">\n\t\t\t\t\t\t\t\t\t\t\t\t\t<img loading=\"lazy\" decoding=\"async\" width=\"2560\" height=\"2560\" src=\"http:\/\/www.sacs.gob.ve\/site\/wp-content\/uploads\/2024\/09\/Sacs_Secretaria.jpg\" class=\"attachment-full size-full wp-image-15609\" alt=\"\" srcset=\"http:\/\/www.sacs.gob.ve\/site\/wp-content\/uploads\/2024\/09\/Sacs_Secretaria.jpg 2560w, http:\/\/www.sacs.gob.ve\/site\/wp-content\/uploads\/2024\/09\/Sacs_Secretaria-300x300.jpg 300w, http:\/\/www.sacs.gob.ve\/site\/wp-content\/uploads\/2024\/09\/Sacs_Secretaria-1024x1024.jpg 1024w, http:\/\/www.sacs.gob.ve\/site\/wp-content\/uploads\/2024\/09\/Sacs_Secretaria-150x150.jpg 150w, http:\/\/www.sacs.gob.ve\/site\/wp-content\/uploads\/2024\/09\/Sacs_Secretaria-768x768.jpg 768w, http:\/\/www.sacs.gob.ve\/site\/wp-content\/uploads\/2024\/09\/Sacs_Secretaria-1536x1536.jpg 1536w, http:\/\/www.sacs.gob.ve\/site\/wp-content\/uploads\/2024\/09\/Sacs_Secretaria-2048x2048.jpg 2048w, http:\/\/www.sacs.gob.ve\/site\/wp-content\/uploads\/2024\/09\/elementor\/thumbs\/Sacs_Secretaria-quvpeygj8shoe8cgkhiibcbuk7u2y1o7byum7owbyg.jpg 500w\" sizes=\"(max-width: 2560px) 100vw, 2560px\" \/>\t\t\t\t\t\t\t\t\t\t\t\t\t<\/div>\n\t\t\t\t<\/div>\n\t\t\t\t<\/div>\n\t\t\t\t<\/div>\n\t\t\t\t<section class=\"elementor-section elementor-top-section elementor-element elementor-element-6a6008e elementor-section-full_width elementor-section-height-default elementor-section-height-default\" data-id=\"6a6008e\" data-element_type=\"section\">\n\t\t\t\t\t\t<div class=\"elementor-container elementor-column-gap-default\">\n\t\t\t\t\t<div class=\"elementor-column elementor-col-50 elementor-top-column elementor-element elementor-element-f0cca8e\" data-id=\"f0cca8e\" data-element_type=\"column\" data-settings=\"{&quot;background_background&quot;:&quot;classic&quot;}\">\n\t\t\t<div class=\"elementor-widget-wrap elementor-element-populated\">\n\t\t\t\t\t\t<div class=\"elementor-element elementor-element-03d5c3f eael-fg-hoverer-content-align-left elementor-widget elementor-widget-eael-filterable-gallery\" data-id=\"03d5c3f\" data-element_type=\"widget\" data-settings=\"{&quot;photo_gallery&quot;:&quot;yes&quot;,&quot;pagination&quot;:&quot;false&quot;}\" data-widget_type=\"eael-filterable-gallery.default\">\n\t\t\t\t<div class=\"elementor-widget-container\">\n\t\t\t<style id=\"eael-fg-inline-css-03d5c3f\">@media only screen and (max-width: 2399px) {\n\t\t\t\t\t.elementor-element.elementor-element-03d5c3f .eael-filterable-gallery-item-wrap {\n\t\t\t\t\t        width: 50%;\n\t\t\t\t\t    }\n\t\t\t\t\t}@media only screen and (max-width: 1024px) {\n\t\t\t\t\t.elementor-element.elementor-element-03d5c3f  .eael-filterable-gallery-item-wrap {\n\t\t\t\t\t        width: 50%;\n\t\t\t\t\t    }\n\t\t\t\t\t}@media only screen and (max-width: 767px) {\n\t\t\t\t\t.elementor-element.elementor-element-03d5c3f  .eael-filterable-gallery-item-wrap {\n\t\t\t\t\t        width: 100%;\n\t\t\t\t\t    }\n\t\t\t\t\t}<\/style>        <div id=\"eael-filter-gallery-wrapper-03d5c3f\" class=\"eael-filter-gallery-wrapper\" data-layout-mode=\"hoverer\" data-breakpoints=\"{&quot;mobile&quot;:{&quot;label&quot;:&quot;Mobile Portrait&quot;,&quot;value&quot;:767,&quot;default_value&quot;:767,&quot;direction&quot;:&quot;max&quot;,&quot;is_enabled&quot;:true},&quot;mobile_extra&quot;:{&quot;label&quot;:&quot;Mobile Landscape&quot;,&quot;value&quot;:880,&quot;default_value&quot;:880,&quot;direction&quot;:&quot;max&quot;,&quot;is_enabled&quot;:false},&quot;tablet&quot;:{&quot;label&quot;:&quot;Tablet Portrait&quot;,&quot;value&quot;:1024,&quot;default_value&quot;:1024,&quot;direction&quot;:&quot;max&quot;,&quot;is_enabled&quot;:true},&quot;tablet_extra&quot;:{&quot;label&quot;:&quot;Tablet Landscape&quot;,&quot;value&quot;:1200,&quot;default_value&quot;:1200,&quot;direction&quot;:&quot;max&quot;,&quot;is_enabled&quot;:false},&quot;laptop&quot;:{&quot;label&quot;:&quot;Port\\u00e1til&quot;,&quot;value&quot;:1366,&quot;default_value&quot;:1366,&quot;direction&quot;:&quot;max&quot;,&quot;is_enabled&quot;:false},&quot;widescreen&quot;:{&quot;label&quot;:&quot;Pantalla grande&quot;,&quot;value&quot;:2400,&quot;default_value&quot;:2400,&quot;direction&quot;:&quot;min&quot;,&quot;is_enabled&quot;:false}}\" data-default_control_key=\"0\" data-custom_default_control=\"1\">\n            \n            \n            <div class=\"eael-filter-gallery-container eael-filter-gallery-grid\" data-images-per-page=\"\" data-total-gallery-items=\"2\" data-nomore-item-text=\"\" data-settings=\"{&quot;grid_style&quot;:&quot;grid&quot;,&quot;popup&quot;:&quot;none&quot;,&quot;duration&quot;:500,&quot;gallery_enabled&quot;:&quot;yes&quot;,&quot;video_gallery_yt_privacy&quot;:&quot;&quot;,&quot;control_all_text&quot;:null,&quot;post_id&quot;:5222,&quot;widget_id&quot;:&quot;03d5c3f&quot;}\" data-search-all=\"\" data-gallery-items=\"[&quot;\\u003Cdiv class=\\u0022eael-filterable-gallery-item-wrap\\u0022\\u003E\\n\\t\\t\\t\\t\\u003Cdiv class=\\u0022eael-gallery-grid-item\\u0022\\u003E\\u003Cdiv class=\\u0022gallery-item-thumbnail-wrap\\u0022\\u003E\\u003Cimg src=\\u0022http:\\\/\\\/www.sacs.gob.ve\\\/site\\\/wp-content\\\/uploads\\\/2024\\\/05\\\/WhatsApp-Image-2024-04-30-at-12.12.56-PM.jpeg\\u0022 data-lazy-src=\\u0022http:\\\/\\\/www.sacs.gob.ve\\\/site\\\/wp-content\\\/uploads\\\/2024\\\/05\\\/WhatsApp-Image-2024-04-30-at-12.12.56-PM.jpeg\\u0022 alt=\\u0022\\u0022 class=\\u0022gallery-item-thumbnail\\u0022\\u003E\\u003C\\\/div\\u003E\\u003Cdiv class=\\u0022gallery-item-caption-wrap caption-style-hoverer eael-none\\u0022\\u003E\\u003Cdiv class=\\u0022gallery-item-hoverer-bg\\u0022\\u003E\\u003C\\\/div\\u003E\\u003Cdiv class=\\u0022gallery-item-caption-over\\u0022\\u003E\\u003C\\\/div\\u003E\\u003C\\\/div\\u003E\\u003C\\\/div\\u003E\\u003C\\\/div\\u003E&quot;,&quot;\\u003Cdiv class=\\u0022eael-filterable-gallery-item-wrap\\u0022\\u003E\\n\\t\\t\\t\\t\\u003Cdiv class=\\u0022eael-gallery-grid-item\\u0022\\u003E\\u003Cdiv class=\\u0022gallery-item-thumbnail-wrap\\u0022\\u003E\\u003Cimg src=\\u0022http:\\\/\\\/www.sacs.gob.ve\\\/site\\\/wp-content\\\/uploads\\\/2024\\\/05\\\/WhatsApp-Image-2024-04-30-at-12.12.55-PM.jpeg\\u0022 data-lazy-src=\\u0022http:\\\/\\\/www.sacs.gob.ve\\\/site\\\/wp-content\\\/uploads\\\/2024\\\/05\\\/WhatsApp-Image-2024-04-30-at-12.12.55-PM.jpeg\\u0022 alt=\\u0022\\u0022 class=\\u0022gallery-item-thumbnail\\u0022\\u003E\\u003C\\\/div\\u003E\\u003Cdiv class=\\u0022gallery-item-caption-wrap caption-style-hoverer eael-none\\u0022\\u003E\\u003Cdiv class=\\u0022gallery-item-hoverer-bg\\u0022\\u003E\\u003C\\\/div\\u003E\\u003Cdiv class=\\u0022gallery-item-caption-over\\u0022\\u003E\\u003C\\\/div\\u003E\\u003C\\\/div\\u003E\\u003C\\\/div\\u003E\\u003C\\\/div\\u003E&quot;]\" data-init-show=\"2\">\n                <div class=\"eael-filterable-gallery-item-wrap\">\n\t\t\t\t<div class=\"eael-gallery-grid-item\"><div class=\"gallery-item-thumbnail-wrap\"><img decoding=\"async\" src=\"http:\/\/www.sacs.gob.ve\/site\/wp-content\/uploads\/2024\/05\/WhatsApp-Image-2024-04-30-at-12.12.56-PM.jpeg\" alt=\"\" class=\"gallery-item-thumbnail\"><\/div><div class=\"gallery-item-caption-wrap caption-style-hoverer eael-none\"><div class=\"gallery-item-hoverer-bg\"><\/div><div class=\"gallery-item-caption-over\"><\/div><\/div><\/div><\/div><div class=\"eael-filterable-gallery-item-wrap\">\n\t\t\t\t<div class=\"eael-gallery-grid-item\"><div class=\"gallery-item-thumbnail-wrap\"><img decoding=\"async\" src=\"http:\/\/www.sacs.gob.ve\/site\/wp-content\/uploads\/2024\/05\/WhatsApp-Image-2024-04-30-at-12.12.55-PM.jpeg\" alt=\"\" class=\"gallery-item-thumbnail\"><\/div><div class=\"gallery-item-caption-wrap caption-style-hoverer eael-none\"><div class=\"gallery-item-hoverer-bg\"><\/div><div class=\"gallery-item-caption-over\"><\/div><\/div><\/div><\/div>            <\/div>\n            \n                    <\/div>\n        \n        \t\t<\/div>\n\t\t\t\t<\/div>\n\t\t\t\t<div class=\"elementor-element elementor-element-4149f00 elementor-widget elementor-widget-heading\" data-id=\"4149f00\" data-element_type=\"widget\" data-widget_type=\"heading.default\">\n\t\t\t\t<div class=\"elementor-widget-container\">\n\t\t\t<h3 class=\"elementor-heading-title elementor-size-default\"><strong>SACS enaltece a la clase trabajadora<\/strong><\/h3>\t\t<\/div>\n\t\t\t\t<\/div>\n\t\t\t\t<div class=\"elementor-element elementor-element-423f756 elementor-widget elementor-widget-text-editor\" data-id=\"423f756\" data-element_type=\"widget\" data-widget_type=\"text-editor.default\">\n\t\t\t\t<div class=\"elementor-widget-container\">\n\t\t\t\t\t\t\t<p>El D\u00eda de las y los Trabajadores, es una lucha reivindicativa por la Clase Obrera como esencia del proyecto socialista, una fuerza laboral consciente, responsable,\u00a0 comprometida en la erradicaci\u00f3n del capitalismo, defendiendo los intereses del pueblo y la Revoluci\u00f3n.<\/p>\t\t\t\t\t\t<\/div>\n\t\t\t\t<\/div>\n\t\t\t\t\t<\/div>\n\t\t<\/div>\n\t\t\t\t<div class=\"elementor-column elementor-col-50 elementor-top-column elementor-element elementor-element-e003cd2\" data-id=\"e003cd2\" data-element_type=\"column\">\n\t\t\t<div class=\"elementor-widget-wrap elementor-element-populated\">\n\t\t\t\t\t\t<div class=\"elementor-element elementor-element-f093406 eael-fg-hoverer-content-align-left elementor-widget elementor-widget-eael-filterable-gallery\" data-id=\"f093406\" data-element_type=\"widget\" data-settings=\"{&quot;photo_gallery&quot;:&quot;yes&quot;,&quot;pagination&quot;:&quot;false&quot;}\" data-widget_type=\"eael-filterable-gallery.default\">\n\t\t\t\t<div class=\"elementor-widget-container\">\n\t\t\t<style id=\"eael-fg-inline-css-f093406\">@media only screen and (max-width: 2399px) {\n\t\t\t\t\t.elementor-element.elementor-element-f093406 .eael-filterable-gallery-item-wrap {\n\t\t\t\t\t        width: 50%;\n\t\t\t\t\t    }\n\t\t\t\t\t}@media only screen and (max-width: 1024px) {\n\t\t\t\t\t.elementor-element.elementor-element-f093406  .eael-filterable-gallery-item-wrap {\n\t\t\t\t\t        width: 50%;\n\t\t\t\t\t    }\n\t\t\t\t\t}@media only screen and (max-width: 767px) {\n\t\t\t\t\t.elementor-element.elementor-element-f093406  .eael-filterable-gallery-item-wrap {\n\t\t\t\t\t        width: 100%;\n\t\t\t\t\t    }\n\t\t\t\t\t}<\/style>        <div id=\"eael-filter-gallery-wrapper-f093406\" class=\"eael-filter-gallery-wrapper\" data-layout-mode=\"hoverer\" data-breakpoints=\"{&quot;mobile&quot;:{&quot;label&quot;:&quot;Mobile Portrait&quot;,&quot;value&quot;:767,&quot;default_value&quot;:767,&quot;direction&quot;:&quot;max&quot;,&quot;is_enabled&quot;:true},&quot;mobile_extra&quot;:{&quot;label&quot;:&quot;Mobile Landscape&quot;,&quot;value&quot;:880,&quot;default_value&quot;:880,&quot;direction&quot;:&quot;max&quot;,&quot;is_enabled&quot;:false},&quot;tablet&quot;:{&quot;label&quot;:&quot;Tablet Portrait&quot;,&quot;value&quot;:1024,&quot;default_value&quot;:1024,&quot;direction&quot;:&quot;max&quot;,&quot;is_enabled&quot;:true},&quot;tablet_extra&quot;:{&quot;label&quot;:&quot;Tablet Landscape&quot;,&quot;value&quot;:1200,&quot;default_value&quot;:1200,&quot;direction&quot;:&quot;max&quot;,&quot;is_enabled&quot;:false},&quot;laptop&quot;:{&quot;label&quot;:&quot;Port\\u00e1til&quot;,&quot;value&quot;:1366,&quot;default_value&quot;:1366,&quot;direction&quot;:&quot;max&quot;,&quot;is_enabled&quot;:false},&quot;widescreen&quot;:{&quot;label&quot;:&quot;Pantalla grande&quot;,&quot;value&quot;:2400,&quot;default_value&quot;:2400,&quot;direction&quot;:&quot;min&quot;,&quot;is_enabled&quot;:false}}\" data-default_control_key=\"0\" data-custom_default_control=\"1\">\n            \n            \n            <div class=\"eael-filter-gallery-container eael-filter-gallery-grid\" data-images-per-page=\"\" data-total-gallery-items=\"2\" data-nomore-item-text=\"\" data-settings=\"{&quot;grid_style&quot;:&quot;grid&quot;,&quot;popup&quot;:&quot;none&quot;,&quot;duration&quot;:500,&quot;gallery_enabled&quot;:&quot;yes&quot;,&quot;video_gallery_yt_privacy&quot;:&quot;&quot;,&quot;control_all_text&quot;:null,&quot;post_id&quot;:5222,&quot;widget_id&quot;:&quot;f093406&quot;}\" data-search-all=\"\" data-gallery-items=\"[&quot;\\u003Cdiv class=\\u0022eael-filterable-gallery-item-wrap\\u0022\\u003E\\n\\t\\t\\t\\t\\u003Cdiv class=\\u0022eael-gallery-grid-item\\u0022\\u003E\\u003Cdiv class=\\u0022gallery-item-thumbnail-wrap\\u0022\\u003E\\u003Cimg src=\\u0022http:\\\/\\\/www.sacs.gob.ve\\\/site\\\/wp-content\\\/uploads\\\/2024\\\/04\\\/chavez.jpeg\\u0022 data-lazy-src=\\u0022http:\\\/\\\/www.sacs.gob.ve\\\/site\\\/wp-content\\\/uploads\\\/2024\\\/04\\\/chavez.jpeg\\u0022 alt=\\u0022\\u0022 class=\\u0022gallery-item-thumbnail\\u0022\\u003E\\u003C\\\/div\\u003E\\u003Cdiv class=\\u0022gallery-item-caption-wrap caption-style-hoverer eael-none\\u0022\\u003E\\u003Cdiv class=\\u0022gallery-item-hoverer-bg\\u0022\\u003E\\u003C\\\/div\\u003E\\u003Cdiv class=\\u0022gallery-item-caption-over\\u0022\\u003E\\u003C\\\/div\\u003E\\u003C\\\/div\\u003E\\u003C\\\/div\\u003E\\u003C\\\/div\\u003E&quot;,&quot;\\u003Cdiv class=\\u0022eael-filterable-gallery-item-wrap\\u0022\\u003E\\n\\t\\t\\t\\t\\u003Cdiv class=\\u0022eael-gallery-grid-item\\u0022\\u003E\\u003Cdiv class=\\u0022gallery-item-thumbnail-wrap\\u0022\\u003E\\u003Cimg src=\\u0022http:\\\/\\\/www.sacs.gob.ve\\\/site\\\/wp-content\\\/uploads\\\/2024\\\/04\\\/chavez2.jpeg\\u0022 data-lazy-src=\\u0022http:\\\/\\\/www.sacs.gob.ve\\\/site\\\/wp-content\\\/uploads\\\/2024\\\/04\\\/chavez2.jpeg\\u0022 alt=\\u0022\\u0022 class=\\u0022gallery-item-thumbnail\\u0022\\u003E\\u003C\\\/div\\u003E\\u003Cdiv class=\\u0022gallery-item-caption-wrap caption-style-hoverer eael-none\\u0022\\u003E\\u003Cdiv class=\\u0022gallery-item-hoverer-bg\\u0022\\u003E\\u003C\\\/div\\u003E\\u003Cdiv class=\\u0022gallery-item-caption-over\\u0022\\u003E\\u003C\\\/div\\u003E\\u003C\\\/div\\u003E\\u003C\\\/div\\u003E\\u003C\\\/div\\u003E&quot;]\" data-init-show=\"2\">\n                <div class=\"eael-filterable-gallery-item-wrap\">\n\t\t\t\t<div class=\"eael-gallery-grid-item\"><div class=\"gallery-item-thumbnail-wrap\"><img decoding=\"async\" src=\"http:\/\/www.sacs.gob.ve\/site\/wp-content\/uploads\/2024\/04\/chavez.jpeg\" alt=\"\" class=\"gallery-item-thumbnail\"><\/div><div class=\"gallery-item-caption-wrap caption-style-hoverer eael-none\"><div class=\"gallery-item-hoverer-bg\"><\/div><div class=\"gallery-item-caption-over\"><\/div><\/div><\/div><\/div><div class=\"eael-filterable-gallery-item-wrap\">\n\t\t\t\t<div class=\"eael-gallery-grid-item\"><div class=\"gallery-item-thumbnail-wrap\"><img decoding=\"async\" src=\"http:\/\/www.sacs.gob.ve\/site\/wp-content\/uploads\/2024\/04\/chavez2.jpeg\" alt=\"\" class=\"gallery-item-thumbnail\"><\/div><div class=\"gallery-item-caption-wrap caption-style-hoverer eael-none\"><div class=\"gallery-item-hoverer-bg\"><\/div><div class=\"gallery-item-caption-over\"><\/div><\/div><\/div><\/div>            <\/div>\n            \n                    <\/div>\n        \n        \t\t<\/div>\n\t\t\t\t<\/div>\n\t\t\t\t<div class=\"elementor-element elementor-element-e9900d0 elementor-widget elementor-widget-heading\" data-id=\"e9900d0\" data-element_type=\"widget\" data-widget_type=\"heading.default\">\n\t\t\t\t<div class=\"elementor-widget-container\">\n\t\t\t<h3 class=\"elementor-heading-title elementor-size-default\"><strong>25 a\u00f1os desde que el pueblo venezolano dijo \"s\u00ed\" en su primer Refer\u00e9ndum Consultivo<\/strong><\/h3>\t\t<\/div>\n\t\t\t\t<\/div>\n\t\t\t\t<div class=\"elementor-element elementor-element-56f6239 elementor-widget elementor-widget-text-editor\" data-id=\"56f6239\" data-element_type=\"widget\" data-widget_type=\"text-editor.default\">\n\t\t\t\t<div class=\"elementor-widget-container\">\n\t\t\t\t\t\t\t<p>El 2 de febrero se conmemoran 25 a\u00f1os desde que el Comandante Hugo Ch\u00e1vez convoc\u00f3 a una Asamblea Nacional Constituyente, marcando un hito en la historia de Venezuela. Posteriormente, el 25 de abril se llev\u00f3 a cabo el primer Refer\u00e9ndum Consultivo en el pa\u00eds, en el que el pueblo venezolano expres\u00f3 su apoyo con 3 millones 630 mil 998 votos (87,75%).<\/p>\t\t\t\t\t\t<\/div>\n\t\t\t\t<\/div>\n\t\t\t\t\t<\/div>\n\t\t<\/div>\n\t\t\t\t\t<\/div>\n\t\t<\/section>\n\t\t\t\t<section class=\"elementor-section elementor-top-section elementor-element elementor-element-aa65fb6 elementor-section-full_width elementor-section-height-default elementor-section-height-default\" data-id=\"aa65fb6\" data-element_type=\"section\">\n\t\t\t\t\t\t<div class=\"elementor-container elementor-column-gap-default\">\n\t\t\t\t\t<div class=\"elementor-column elementor-col-50 elementor-top-column elementor-element elementor-element-8676413\" data-id=\"8676413\" data-element_type=\"column\">\n\t\t\t<div class=\"elementor-widget-wrap elementor-element-populated\">\n\t\t\t\t\t\t<div class=\"elementor-element elementor-element-bbae0a2 elementor-widget elementor-widget-eael-adv-accordion\" data-id=\"bbae0a2\" data-element_type=\"widget\" data-widget_type=\"eael-adv-accordion.default\">\n\t\t\t\t<div class=\"elementor-widget-container\">\n\t\t\t        <div class=\"eael-adv-accordion\" id=\"eael-adv-accordion-bbae0a2\" data-scroll-on-click=\"no\" data-scroll-speed=\"300\" data-accordion-id=\"bbae0a2\" data-accordion-type=\"accordion\" data-toogle-speed=\"300\">\n    <div class=\"eael-accordion-list\">\n                <div id=\"leer-ms\" class=\"elementor-tab-title eael-accordion-header\" tabindex=\"0\" data-tab=\"1\" aria-controls=\"elementor-tab-content-1961\"><span class=\"eael-advanced-accordion-icon-closed\"><svg aria-hidden=\"true\" class=\"fa-accordion-icon e-font-icon-svg e-fas-plus\" viewBox=\"0 0 448 512\" xmlns=\"http:\/\/www.w3.org\/2000\/svg\"><path d=\"M416 208H272V64c0-17.67-14.33-32-32-32h-32c-17.67 0-32 14.33-32 32v144H32c-17.67 0-32 14.33-32 32v32c0 17.67 14.33 32 32 32h144v144c0 17.67 14.33 32 32 32h32c17.67 0 32-14.33 32-32V304h144c17.67 0 32-14.33 32-32v-32c0-17.67-14.33-32-32-32z\"><\/path><\/svg><\/span><span class=\"eael-advanced-accordion-icon-opened\"><svg aria-hidden=\"true\" class=\"fa-accordion-icon e-font-icon-svg e-fas-minus\" viewBox=\"0 0 448 512\" xmlns=\"http:\/\/www.w3.org\/2000\/svg\"><path d=\"M416 208H32c-17.67 0-32 14.33-32 32v32c0 17.67 14.33 32 32 32h384c17.67 0 32-14.33 32-32v-32c0-17.67-14.33-32-32-32z\"><\/path><\/svg><\/span><span class=\"eael-accordion-tab-title\">Leer m\u00e1s<\/span><\/div><div id=\"elementor-tab-content-1961\" class=\"eael-accordion-content clearfix\" data-tab=\"1\" aria-labelledby=\"leer-ms\"><p>En Venezuela, con el trabajo incansable del Comandante y l\u00edder de Am\u00e9rica Latina Hugo Ch\u00e1vez, se han implementado pol\u00edticas sociales que han beneficiado a millones de venezolanos, promoviendo la inclusi\u00f3n social, la redistribuci\u00f3n de la riqueza y la soberan\u00eda nacional. Su legado sigue vivo en la lucha por la justicia y la equidad en Venezuela y en toda la regi\u00f3n, &#8220;Los trabajadores son la verdadera fuerza de la patria y su fuerza laboral es la que construye el futuro de Venezuela. \u00a1Sigamos avanzando juntos en la construcci\u00f3n de una sociedad m\u00e1s inclusiva y pr\u00f3spera para todos!&#8221; as\u00ed lo expres\u00f3 en una concentraci\u00f3n de trabajadores en el Estadio Ol\u00edmpico de la UCV, el 5 de julio de 2012.<br \/><br \/>Es as\u00ed, como el Gobierno Bolivariano, liderado por el presidente de la Rep\u00fablica, Nicol\u00e1s Maduro, y la ministra del Poder Popular para la Salud, Dra. Magaly Guti\u00e9rrez, junto al Servicio Aut\u00f3nomo de Contralor\u00eda Sanitaria, felicitan el compromiso a quienes se dedican a contribuir con el bienestar de las y los venezolanos.<\/p><p>Felicitamos a toda su fuerza laboral integrada por farmac\u00e9uticos, Inspectores de salud p\u00fablica, abogados, periodistas, analistas, asistentes, estad\u00edsticos, ingenieros, qu\u00edmicos y obreros que forman parte el buen funcionamiento de nuestra instituci\u00f3n. Juntos formamos la consolidaci\u00f3n de un sistema de salud p\u00fablico y universal que garantiza el bienestar y protecci\u00f3n de la poblaci\u00f3n venezolana.<\/p><p>\u00a1Juntos por cada latido!<\/p><\/div>\n                <\/div><\/div>\t\t<\/div>\n\t\t\t\t<\/div>\n\t\t\t\t\t<\/div>\n\t\t<\/div>\n\t\t\t\t<div class=\"elementor-column elementor-col-50 elementor-top-column elementor-element elementor-element-71f114f\" data-id=\"71f114f\" data-element_type=\"column\">\n\t\t\t<div class=\"elementor-widget-wrap elementor-element-populated\">\n\t\t\t\t\t\t<div class=\"elementor-element elementor-element-50a5635 elementor-widget elementor-widget-eael-adv-accordion\" data-id=\"50a5635\" data-element_type=\"widget\" data-widget_type=\"eael-adv-accordion.default\">\n\t\t\t\t<div class=\"elementor-widget-container\">\n\t\t\t        <div class=\"eael-adv-accordion\" id=\"eael-adv-accordion-50a5635\" data-scroll-on-click=\"no\" data-scroll-speed=\"300\" data-accordion-id=\"50a5635\" data-accordion-type=\"accordion\" data-toogle-speed=\"300\">\n    <div class=\"eael-accordion-list\">\n                <div id=\"leer-ms\" class=\"elementor-tab-title eael-accordion-header\" tabindex=\"0\" data-tab=\"1\" aria-controls=\"elementor-tab-content-8451\"><span class=\"eael-advanced-accordion-icon-closed\"><svg aria-hidden=\"true\" class=\"fa-accordion-icon e-font-icon-svg e-fas-plus\" viewBox=\"0 0 448 512\" xmlns=\"http:\/\/www.w3.org\/2000\/svg\"><path d=\"M416 208H272V64c0-17.67-14.33-32-32-32h-32c-17.67 0-32 14.33-32 32v144H32c-17.67 0-32 14.33-32 32v32c0 17.67 14.33 32 32 32h144v144c0 17.67 14.33 32 32 32h32c17.67 0 32-14.33 32-32V304h144c17.67 0 32-14.33 32-32v-32c0-17.67-14.33-32-32-32z\"><\/path><\/svg><\/span><span class=\"eael-advanced-accordion-icon-opened\"><svg aria-hidden=\"true\" class=\"fa-accordion-icon e-font-icon-svg e-fas-minus\" viewBox=\"0 0 448 512\" xmlns=\"http:\/\/www.w3.org\/2000\/svg\"><path d=\"M416 208H32c-17.67 0-32 14.33-32 32v32c0 17.67 14.33 32 32 32h384c17.67 0 32-14.33 32-32v-32c0-17.67-14.33-32-32-32z\"><\/path><\/svg><\/span><span class=\"eael-accordion-tab-title\">Leer m\u00e1s<\/span><\/div><div id=\"elementor-tab-content-8451\" class=\"eael-accordion-content clearfix\" data-tab=\"1\" aria-labelledby=\"leer-ms\"><p>Este evento signific\u00f3 el segundo triunfo del Gobierno Bolivariano, mostrando el respaldo popular a las transformaciones democr\u00e1ticas propuestas por el Cmdte. Ch\u00e1vez. Tras las elecciones para designar a los miembros de la Asamblea Nacional Constituyente, se elabor\u00f3 una nueva Carta Magna que introdujo cambios significativos en el sistema pol\u00edtico del pa\u00eds. Entre ellos, destacan la transici\u00f3n de una democracia representativa a participativa y protag\u00f3nica, el reconocimiento de los pueblos ind\u00edgenas y afrodescendientes, y la soberan\u00eda sobre los recursos naturales de la naci\u00f3n.<\/p><p>\u00a0<\/p><p>Desde el Servicio Aut\u00f3nomo de Contralor\u00eda Sanitaria, manifestamos nuestro total respaldo al Presidente Nicol\u00e1s Maduro, quien contin\u00faa el legado de Cmdte. Hugo Ch\u00e1vez en la defensa de los intereses del pueblo venezolano. Juntos, seguiremos trabajando por la construcci\u00f3n de una Rep\u00fablica Bolivariana soberana y pr\u00f3spera.<\/p><p>\u00a0<\/p><p>En este sentido, el Ministerio del Poder Popular para la Salud, a cargo de la Ministra Magaly Guti\u00e9rrez, reafirma su compromiso con la salud y el bienestar de todos los ciudadanos venezolanos. Durante estos 25 a\u00f1os de Revoluci\u00f3n Bolivariana, se han implementado pol\u00edticas p\u00fablicas en materia de salud que han permitido mejorar la calidad de vida de la poblaci\u00f3n, garantizando el acceso a servicios m\u00e9dicos de calidad y gratuitos.<\/p><p>\u00a0<\/p><p>Adem\u00e1s, se han fortalecido programas de prevenci\u00f3n y control de enfermedades, se han rehabilitado nuevos hospitales y centros de atenci\u00f3n m\u00e9dica, y se han impulsado pol\u00edticas de distribuci\u00f3n equitativa de medicamentos y suministros m\u00e9dicos. Todo ello enmarcado en el compromiso del Gobierno Bolivariano de garantizar el derecho a la salud como un derecho fundamental de todos los venezolanos.<\/p><p>\u00a0<\/p><p>Desde el Servicio Aut\u00f3nomo de Contralor\u00eda Sanitaria, continuaremos trabajando de la mano del Presidente Nicol\u00e1s Maduro, en la consolidaci\u00f3n de un sistema de salud p\u00fablico, universal y de calidad, que garantice el bienestar y la protecci\u00f3n de la poblaci\u00f3n venezolana.<\/p><p>\u00a0<\/p><p>Juntos, seguiremos avanzando en la construcci\u00f3n de una sociedad m\u00e1s justa, igualitaria y pr\u00f3spera para todos los ciudadanos. \u00a1Viva la Revoluci\u00f3n Bolivariana! \u00a1Viva Venezuela!<\/p><\/div>\n                <\/div><\/div>\t\t<\/div>\n\t\t\t\t<\/div>\n\t\t\t\t\t<\/div>\n\t\t<\/div>\n\t\t\t\t\t<\/div>\n\t\t<\/section>\n\t\t\t\t<\/div>\n\t\t","protected":false},"excerpt":{"rendered":"<p>SACS EXPRESA CONDOLENCIAS POR EL FALLECIMIENTO DE NANCY ELENA BRICE\u00d1O DE FERN\u00c1NDEZ (Caracas, 29 de marzo de 2026).\u2013 El Servicio Aut\u00f3nomo de Contralor\u00eda Sanitaria (SACS) emiti\u00f3 este domingo un comunicado oficial para expresar su profundo pesar ante el fallecimiento de la ciudadana Nancy Elena Brice\u00f1o de Fern\u00e1ndez, hermana de la Dra. Esperanza Brice\u00f1o Godoy, actualmente&#8230;<\/p>\n","protected":false},"author":1,"featured_media":0,"parent":0,"menu_order":0,"comment_status":"closed","ping_status":"closed","template":"","meta":{"_kadence_starter_templates_imported_post":false,"_kad_post_transparent":"","_kad_post_title":"hide","_kad_post_layout":"fullwidth","_kad_post_sidebar_id":"","_kad_post_content_style":"unboxed","_kad_post_vertical_padding":"hide","_kad_post_feature":"hide","_kad_post_feature_position":"","_kad_post_header":false,"_kad_post_footer":false,"footnotes":""},"class_list":["post-5222","page","type-page","status-publish","hentry"],"_links":{"self":[{"href":"http:\/\/www.sacs.gob.ve\/site\/wp-json\/wp\/v2\/pages\/5222","targetHints":{"allow":["GET"]}}],"collection":[{"href":"http:\/\/www.sacs.gob.ve\/site\/wp-json\/wp\/v2\/pages"}],"about":[{"href":"http:\/\/www.sacs.gob.ve\/site\/wp-json\/wp\/v2\/types\/page"}],"author":[{"embeddable":true,"href":"http:\/\/www.sacs.gob.ve\/site\/wp-json\/wp\/v2\/users\/1"}],"replies":[{"embeddable":true,"href":"http:\/\/www.sacs.gob.ve\/site\/wp-json\/wp\/v2\/comments?post=5222"}],"version-history":[{"count":194,"href":"http:\/\/www.sacs.gob.ve\/site\/wp-json\/wp\/v2\/pages\/5222\/revisions"}],"predecessor-version":[{"id":17935,"href":"http:\/\/www.sacs.gob.ve\/site\/wp-json\/wp\/v2\/pages\/5222\/revisions\/17935"}],"wp:attachment":[{"href":"http:\/\/www.sacs.gob.ve\/site\/wp-json\/wp\/v2\/media?parent=5222"}],"curies":[{"name":"wp","href":"https:\/\/api.w.org\/{rel}","templated":true}]}}